{"id":751005,"date":"2025-08-28T04:36:41","date_gmt":"2025-08-28T01:36:41","guid":{"rendered":"https:\/\/roveyayinevi.com.tr\/index.php\/urun\/yesil-siyaset-toplu-yazilar-2021\/"},"modified":"2026-04-16T03:04:05","modified_gmt":"2026-04-16T00:04:05","slug":"yesil-siyaset-toplu-yazilar-2021","status":"publish","type":"product","link":"https:\/\/roveyayinevi.com.tr\/index.php\/urun\/yesil-siyaset-toplu-yazilar-2021\/","title":{"rendered":"Ye\u015fil Siyaset Toplu Yaz\u0131lar-2021"},"content":{"rendered":"<p>K\u00fcresel \u0131s\u0131nma ve iklim de\u011fi\u015fikli\u011finin krize d\u00f6n\u00fc\u015ft\u00fc\u011f\u00fc g\u00fcn\u00fcm\u00fczde, kapitalizmin ya\u015fad\u0131\u011f\u0131 k\u00fcresel bunal\u0131m\u0131n etkileri ile b\u00fct\u00fcn d\u00fcnyada \u00e7\u00f6z\u00fcm bekleyen \u00f6nemli sosyal ve ekonomik sorunlar var. Yeni payla\u015f\u0131m hevesleri ile yap\u0131lan jeopolitik hesaplar\u0131n i\u00e7inde iklim krizine ba\u011fl\u0131 gelecek planlar\u0131n\u0131n oldu\u011funa da hi\u00e7 \u015f\u00fcphe yok. Bu ko\u015fullar i\u00e7inde geleneksel sa\u011f ya da sol siyasi ak\u0131mlar, problemlerin \u00e7\u00f6z\u00fcm\u00fcnde yetersiz kal\u0131yor; de\u011fi\u015fen d\u00fcnya ko\u015fullar\u0131na cevap veremiyorlar. Tek kutuplu d\u00fcnyada emperyal g\u00fc\u00e7 \u00e7eki\u015fmeleri ve yeni hesaplar\u0131n yaratt\u0131\u011f\u0131 sars\u0131nt\u0131lar, sadece iklim kriziyle m\u00fccadeleyi olumsuz etkilemekle kalm\u0131yor, ayn\u0131 zamanda toplumsal sorunlar\u0131n \u00e7\u00f6z\u00fcm\u00fcnde mevcut siyasi ak\u0131mlar\u0131 da daha dar bir alana s\u0131k\u0131\u015ft\u0131r\u0131yor. Di\u011fer yandan ko\u015fullar\u0131n korkuya itti\u011fi ve umut arayan insanlar\u0131n pop\u00fclist, tepkisel s\u00f6ylemlerin etkisi ile otoriteye y\u00f6nelmeleri bir tehlike olarak b\u00fcy\u00fcyor. K\u0131saca d\u00fcnyada ekonomik krizin a\u011f\u0131rl\u0131\u011f\u0131 alt\u0131nda b\u00fcy\u00fcyen siyasi bir krizin belirtileri de art\u0131yor, hatta yava\u015f yava\u015f sava\u015f r\u00fczg\u00e2rlar\u0131 d\u00fcnyay\u0131 sarmaya ba\u015fl\u0131yor. Tam bu noktada, \u00f6zellikle Avrupa ba\u015fta olmak \u00fczere ye\u015fil siyasetin bir umut olarak y\u00fckselmeye ba\u015flamas\u0131 bir tesad\u00fcf de\u011fil. G\u00f6r\u00fc\u015f ve d\u00fc\u015f\u00fcnceleri ile toplumsal, ekonomik ve ekolojik sorunlar\u0131n \u00e7\u00f6z\u00fcm\u00fc i\u00e7in yeniden umut do\u011furuyor. Ancak de\u011fi\u015fim yaratacak g\u00fc\u00e7te bir siyasi hareketin ba\u015far\u0131 ve geli\u015fmesi d\u00fc\u015f\u00fcncelerinin toplumda benimsenmesine ba\u011fl\u0131 elbette. Fakat bunu sa\u011flayabilmesi i\u00e7in ba\u015fta d\u00fc\u015f\u00fcnsel kaynaklar\u0131n\u0131n ve \u00fcretkenli\u011finin buna yeterli d\u00fczeyde olmas\u0131, g\u00f6r\u00fc\u015flerinin kar\u015f\u0131tlar\u0131 ile olan ideolojik m\u00fccadeleyi kazand\u0131racak g\u00fc\u00e7te olmas\u0131 gerekir. Bu ba\u011flamda \u00fclkemizde de ye\u015fil siyaseti besleyecek bir birikim sa\u011flanmas\u0131n\u0131n b\u00fcy\u00fck \u00f6nemi var. H\u00e2len dijital ortamda yay\u0131mlanan \u201cYe\u015fil Siyaset Dergisi\u201d bu yolda \u00fc\u00e7\u00fcnc\u00fc y\u0131l\u0131na girdi. \u015eimdi o \u00fcnl\u00fc masal s\u00f6ylemindeki gibi: \u201cAz gittik uz gittik\u201d bir de arkam\u0131za bak\u0131p ald\u0131\u011f\u0131m\u0131z yola bakmak istedik; bir arpa boyu mu yoksa daha m\u0131 \u00e7ok. B\u00f6ylece Ye\u015fil Siyaset dergisinin, 2021\u2019de yay\u0131mlanan makalelerini bir araya getiren bu kitap ortaya \u00e7\u0131kt\u0131. Bir ilk ad\u0131m olan bu kitap ve devam\u0131n\u0131 getirerek \u00fclkemizde ye\u015fil hareketin haf\u0131zas\u0131 i\u00e7in bir eksikli\u011fin doldurulmas\u0131na \u00f6nemli katk\u0131 sa\u011flayacakt\u0131r. Gerisi bu hareketin haf\u0131zas\u0131nda alaca\u011f\u0131 bu yer ile okurlar\u0131n takdirine kalm\u0131\u015f. <\/p>\n","protected":false},"excerpt":{"rendered":"<p>K\u00fcresel \u0131s\u0131nma ve iklim de\u011fi\u015fikli\u011finin krize d\u00f6n\u00fc\u015ft\u00fc\u011f\u00fc g\u00fcn\u00fcm\u00fczde, kapitalizmin ya\u015fad\u0131\u011f\u0131 k\u00fcresel bunal\u0131m\u0131n etkileri ile b\u00fct\u00fcn d\u00fcnyada \u00e7\u00f6z\u00fcm bekleyen \u00f6nemli sosyal ve ekonomik sorunlar var. Yeni payla\u015f\u0131m<span class=\"excerpt-hellip\"> [\u2026]<\/span><\/p>\n","protected":false},"featured_media":0,"template":"","meta":{"_monsterinsights_skip_tracking":false,"_monsterinsights_sitenote_active":false,"_monsterinsights_sitenote_note":"","_monsterinsights_sitenote_category":0},"product_brand":[],"product_cat":[13059,12337],"product_tag":[],"class_list":{"0":"post-751005","1":"product","2":"type-product","3":"status-publish","5":"product_cat-diger-politika-siyaset","6":"product_cat-politika-siyaset","7":"pa_cilt-ciltsiz","8":"pa_tur-kitap","9":"pa_yayinevi-yeni-insan-yayinlari","10":"pa_yazar-kolektif","12":"first","13":"instock","14":"sale","15":"shipping-taxable","16":"purchasable","17":"product-type-simple"},"_links":{"self":[{"href":"https:\/\/roveyayinevi.com.tr\/index.php\/wp-json\/wp\/v2\/product\/751005","targetHints":{"allow":["GET"]}}],"collection":[{"href":"https:\/\/roveyayinevi.com.tr\/index.php\/wp-json\/wp\/v2\/product"}],"about":[{"href":"https:\/\/roveyayinevi.com.tr\/index.php\/wp-json\/wp\/v2\/types\/product"}],"wp:attachment":[{"href":"https:\/\/roveyayinevi.com.tr\/index.php\/wp-json\/wp\/v2\/media?parent=751005"}],"wp:term":[{"taxonomy":"product_brand","embeddable":true,"href":"https:\/\/roveyayinevi.com.tr\/index.php\/wp-json\/wp\/v2\/product_brand?post=751005"},{"taxonomy":"product_cat","embeddable":true,"href":"https:\/\/roveyayinevi.com.tr\/index.php\/wp-json\/wp\/v2\/product_cat?post=751005"},{"taxonomy":"product_tag","embeddable":true,"href":"https:\/\/roveyayinevi.com.tr\/index.php\/wp-json\/wp\/v2\/product_tag?post=751005"}],"curies":[{"name":"wp","href":"https:\/\/api.w.org\/{rel}","templated":true}]}}