{"id":750906,"date":"2025-08-28T04:33:51","date_gmt":"2025-08-28T01:33:51","guid":{"rendered":"https:\/\/roveyayinevi.com.tr\/index.php\/urun\/fatihin-entelektuel-portresi\/"},"modified":"2026-04-16T03:04:03","modified_gmt":"2026-04-16T00:04:03","slug":"fatihin-entelektuel-portresi","status":"publish","type":"product","link":"https:\/\/roveyayinevi.com.tr\/index.php\/urun\/fatihin-entelektuel-portresi\/","title":{"rendered":"Fatih&#8217;in Entelekt\u00fcel Portresi"},"content":{"rendered":"<p>Fatih Sultan Mehmed, 1453 y\u0131l\u0131nda \u0130stanbul\u2019u fethetti\u011finde kurmak istedi\u011fi d\u00fcnya imparatorlu\u011funun ba\u015fkentini ayn\u0131 zamanda bir k\u00fclt\u00fcr merkezi haline getirmeyi ama\u00e7l\u0131yordu. \u00c7ok gen\u00e7 ya\u015fta Do\u011fu ve Bat\u0131 k\u00fclt\u00fcr\u00fcne h\u00e2kim olan Fatih, bir yandan \u0130sl\u00e2m bir yandan da eski Yunan ve Roma\u2019n\u0131n k\u00fclt\u00fcr miras\u0131yla yak\u0131ndan ilgileniyordu. Her g\u00fcn B\u00fcy\u00fck \u0130skender\u2019in hayat\u0131n\u0131 dinleyen, d\u00f6nemin ulemas\u0131n\u0131n din\u00ee konularda yapt\u0131\u011f\u0131 sohbetlere kat\u0131lan, k\u00fct\u00fcphanesi i\u00e7in \u0130lyada Destan\u0131\u2019n\u0131n bir n\u00fcshas\u0131n\u0131 haz\u0131rlatan, \u201cdin ve felsefe m\u00fcnasebetleri\u201d konusundaki \u00f6nemli iki \u00e2liminden birer eser yazmalar\u0131n\u0131 isteyen ayn\u0131 Fatih\u2019tir. Topkap\u0131 Saray\u0131\u2019nda kurdu\u011fu k\u00fct\u00fcphanede \u0130sl\u00e2m dininin ve k\u00fclt\u00fcr\u00fcn\u00fcn en \u00f6nemli kaynaklar\u0131 yan\u0131nda Grek\u00e7e, Latince, Ermenice, S\u00fcryanice, \u0130talyanca ve \u0130branice yaz\u0131lm\u0131\u015f yazma eserler de mevcuttu. Prof. Dr. \u0130smail E. Er\u00fcnsal, Fatih\u2019in Entelekt\u00fcel Portresi\u2019nde hi\u00e7bir Osmanl\u0131 padi\u015fah\u0131 ile k\u0131yaslanamayacak bu b\u00fcy\u00fck h\u00fck\u00fcmdara, ilgilerini, meraklar\u0131n\u0131 ve k\u00fct\u00fcphanelerini merkeze alarak yak\u0131ndan bakmay\u0131 deniyor.<\/p>\n","protected":false},"excerpt":{"rendered":"<p>Fatih Sultan Mehmed, 1453 y\u0131l\u0131nda \u0130stanbul\u2019u fethetti\u011finde kurmak istedi\u011fi d\u00fcnya imparatorlu\u011funun ba\u015fkentini ayn\u0131 zamanda bir k\u00fclt\u00fcr merkezi haline getirmeyi ama\u00e7l\u0131yordu. \u00c7ok gen\u00e7 ya\u015fta Do\u011fu ve Bat\u0131<span class=\"excerpt-hellip\"> [\u2026]<\/span><\/p>\n","protected":false},"featured_media":0,"template":"","meta":{"_monsterinsights_skip_tracking":false,"_monsterinsights_sitenote_active":false,"_monsterinsights_sitenote_note":"","_monsterinsights_sitenote_category":0},"product_brand":[],"product_cat":[12312,12304],"product_tag":[],"class_list":{"0":"post-750906","1":"product","2":"type-product","3":"status-publish","5":"product_cat-diger","6":"product_cat-tarih","7":"pa_cilt-ciltsiz","8":"pa_tur-kitap","9":"pa_yayinevi-timas-yayinlari","10":"pa_yazar-halil-solak-ismail-e-erunsal","12":"first","13":"instock","14":"sale","15":"shipping-taxable","16":"purchasable","17":"product-type-simple"},"_links":{"self":[{"href":"https:\/\/roveyayinevi.com.tr\/index.php\/wp-json\/wp\/v2\/product\/750906","targetHints":{"allow":["GET"]}}],"collection":[{"href":"https:\/\/roveyayinevi.com.tr\/index.php\/wp-json\/wp\/v2\/product"}],"about":[{"href":"https:\/\/roveyayinevi.com.tr\/index.php\/wp-json\/wp\/v2\/types\/product"}],"wp:attachment":[{"href":"https:\/\/roveyayinevi.com.tr\/index.php\/wp-json\/wp\/v2\/media?parent=750906"}],"wp:term":[{"taxonomy":"product_brand","embeddable":true,"href":"https:\/\/roveyayinevi.com.tr\/index.php\/wp-json\/wp\/v2\/product_brand?post=750906"},{"taxonomy":"product_cat","embeddable":true,"href":"https:\/\/roveyayinevi.com.tr\/index.php\/wp-json\/wp\/v2\/product_cat?post=750906"},{"taxonomy":"product_tag","embeddable":true,"href":"https:\/\/roveyayinevi.com.tr\/index.php\/wp-json\/wp\/v2\/product_tag?post=750906"}],"curies":[{"name":"wp","href":"https:\/\/api.w.org\/{rel}","templated":true}]}}