{"id":750838,"date":"2025-08-28T04:32:00","date_gmt":"2025-08-28T01:32:00","guid":{"rendered":"https:\/\/roveyayinevi.com.tr\/index.php\/urun\/uluslar-ve-alanlararasi-bakisla-salginlar-tarihi\/"},"modified":"2026-04-16T03:04:01","modified_gmt":"2026-04-16T00:04:01","slug":"uluslar-ve-alanlararasi-bakisla-salginlar-tarihi","status":"publish","type":"product","link":"https:\/\/roveyayinevi.com.tr\/index.php\/urun\/uluslar-ve-alanlararasi-bakisla-salginlar-tarihi\/","title":{"rendered":"Uluslar ve Alanlararas\u0131 Bak\u0131\u015fla Salg\u0131nlar Tarihi"},"content":{"rendered":"<p>Veba, kolera, \u00e7i\u00e7ek ve t\u00fcm di\u011ferleri\u2026 Salg\u0131n hastal\u0131klar d\u00fcnyay\u0131 globalle\u015fmeden \u00e7ok \u00f6nce de \u00e7ok defa sarm\u0131\u015ft\u0131r. Antikiteden moderniteye, mikrobiyoloji, epidemiyoloji ve enfeksiyon hastal\u0131klar\u0131 disiplinlerinin geli\u015fimine dek, insanlar anlayamad\u0131klar\u0131 enfeksi-y\u00f6z felaketlerle kar\u015f\u0131la\u015fman\u0131n \u00e7aresizli\u011fini ve korkusunu ya\u015fam\u0131\u015ft\u0131r. Salg\u0131nlar insano\u011f-lu i\u00e7in daima zorluklar ve yeni ba\u015flang\u0131\u00e7lar anlam\u0131na gelmi\u015f, toplumsal, siyasal, eko-nomik ve demografik etkileriyle insanl\u0131k tarihine y\u00f6n vermi\u015ftir. Bu etkiler gibi tarih boyunca salg\u0131n hastal\u0131klarla nas\u0131l m\u00fccadele edildi\u011fine dair bilgiler de son derece ilgin\u00e7-tir. Bu m\u00fccadeleler bilhassa, gribin dahi bir y\u0131lda y\u00fcz milyona yak\u0131n can alabilece\u011finin g\u00f6r\u00fcld\u00fc\u011f\u00fc 1918 grip pandemisinden sonra, XX. y\u00fczy\u0131l boyunca ger\u00e7ekle\u015fen medikal (prevantif, terap\u00f6tik, profilaktik) at\u0131l\u0131mlar ve kurumsal (D\u00fcnya Sa\u011fl\u0131k \u00d6rg\u00fct\u00fc vd.) ad\u0131mlar ile tezah\u00fcr etmi\u015ftir.  Geli\u015fen ayn\u0131 fark\u0131ndal\u0131k do\u011frultusunda salg\u0131nlar, ayn\u0131 d\u00f6nemde etik (triyaj, tay\u0131nlama), hukuk (hasta\/sa\u011fl\u0131k hizmeti tedarik\u00e7isi haklar\u0131, h\u00fck\u00fbmet ve mercilerin sorumluluklar\u0131) ve medya (konvansiyonel\/sosyal medyada prezantasyon, enformasyon, dezenformasyon) perspektiflerinden de \u00e7ok\u00e7a ele al\u0131n-m\u0131\u015ft\u0131r. Ne var ki bir as\u0131r sonra bug\u00fcn, bir ba\u015fka respiratuvar hastal\u0131k olarak COVID-19, eldeki t\u00fcm geli\u015fkin XXI. y\u00fczy\u0131l t\u0131p teknolojisine ve bilgisine kar\u015f\u0131n yedi milyona yak\u0131n can alarak, salg\u0131n hastal\u0131klar\u0131 bir kez daha insanl\u0131\u011f\u0131n ac\u0131 g\u00fcndemi haline getirmi\u015ftir.  Yine bu g\u00fcndem s\u0131ras\u0131nda, 2022\u2019nin Ekim ay\u0131nda, iki y\u00fcze yak\u0131n T\u00fcrk, Avrupal\u0131 ve Amerikan bilim insan\u0131n\u0131n i\u015ftiraki ve de Dicle \u00dcniversitesi\u2014\u0130stanbul \u00dcniversitesi\u2014T\u0131p Eti\u011fi, T\u0131p Hukuku, T\u0131p Tarihi Derne\u011fi (kurulu\u015f 2004) i\u015fbirli\u011fi ile, Uluslararas\u0131 Tarihsel, Yasal, Etik ve Medya Boyutlar\u0131yla Salg\u0131n Hastal\u0131klar Kongresi (Dicle \u00dcniversitesi\u2019nde) ger\u00e7ekle\u015fmi\u015ftir. COVID-19 atmosferinde ger\u00e7ekle\u015ftirdi\u011fimiz bu kongrenin hedefi, salg\u0131n hastal\u0131klara dair kolektif haf\u0131zadan b\u00fcy\u00fck \u00f6l\u00e7\u00fcde silinmi\u015f olan realiteleri yeniden dile getirmek, dahas\u0131, dile getirilebilecek yeni hususlara kulak vermek olmu\u015ftur. T\u00fcrkiye\u2019nin pek \u00e7ok \u00fcniversitesinden \u00e7ok k\u0131ymetli T\u00fcrk akademisyenlerin sunumlar\u0131, yan\u0131 s\u0131ra Dr. (PhD) Carlos Viesca (Uluslararas\u0131 T\u0131p Tarihi Derne\u011fi Asba\u015fkan\u0131), Prof. Dr. Jochen Taupitz (Mannheim \u00dcniversitesi, Hukuk Fak\u00fcltesi), Prof. Dr. hab. Jaroslaw Kita (Lodz \u00dcniversitesi, Felsefe ve Tarih Fak\u00fcltesi), Prof. Dr. hab. Robert Lipelt (Jan Grodek \u00dcni-versitesi, Sosyal Bilimler Fak\u00fcltesi), Prof. Dr. hab. Bozena Plonka-Syroka (Wroclaw T\u0131p \u00dcniversitesi, Eczac\u0131l\u0131k Fak\u00fcltesi) gibi yabanc\u0131 duayenlerin katk\u0131lar\u0131, ayr\u0131ca kamunun ve medyan\u0131n da b\u00fcy\u00fck ilgisiyle, bu hedefimize do\u011fru b\u00fcy\u00fck bir ad\u0131m atm\u0131\u015f oldu\u011fumuz kanaatindeyiz. \u0130smiyle m\u00fcsemma kongremizde, T\u00fcrkiye\u2019de ve ba\u015fka \u00fclkelerde ge\u00e7mi\u015f-te ya\u015fanm\u0131\u015f ve gelecekte ya\u015fanabilecek olan salg\u0131nlar, mezk\u00fbr tarih\u00ee k\u0131ssalardan g\u00fc-n\u00fcm\u00fcze \u00e7\u0131kar\u0131labilecek hisselerin yan\u0131 s\u0131ra, \u00e7ok \u00e7e\u015fitli hukuk, etik ve medya perspektif-lerinden de bak\u0131larak ele al\u0131nm\u0131\u015f, konu\u015fulmu\u015f, tart\u0131\u015f\u0131lm\u0131\u015ft\u0131r. Bu sene (2023) ise, salg\u0131n hastal\u0131klar temal\u0131 t\u00fcm bu sunum ve bilgileri, herkesin istifadesine arz ad\u0131na kitapla\u015f-t\u0131rmay\u0131 hedefledik. Bu hedefimiz de yay\u0131mlam\u0131\u015f oldu\u011fumuz iki (cilt) kitap ile ger\u00e7ek-le\u015fmi\u015f bulunmaktad\u0131r. Yine kitaplar\u0131m\u0131z\u0131n \u00f6n kapaklar\u0131, kongremizde en b\u00fcy\u00fck ya-banc\u0131 kat\u0131l\u0131mc\u0131 grubu ile temsil olunan Polonya ile T\u00fcrkiye aras\u0131ndaki dostluk ve bilim-sel i\u015fbirli\u011fini kutlamak iste\u011fiyle, ve edit\u00f6rlerimizden Dr. \u00d6\u011fr. \u00dcyesi M. Kemal Temel\u2019in (\u0130stanbul T\u0131p Fak\u00fcltesi, T\u0131p Tarihi ve Etik Anabilim Dal\u0131) giri\u015fimi ve muhatap Sanok Tarih M\u00fczesi\u2019nin de nazik izinleriyle, Leh ressam Zdzislaw Beksinski\u2019nin tablolar\u0131ndan biri ile tezyin edilmi\u015ftir. Mart ay\u0131nda bas\u0131lan kitaplar\u0131m\u0131z\u0131n, \u015eubat 2023\u2019te ger\u00e7ekle\u015fen ve on binlerce yurtta\u015f\u0131m\u0131z\u0131 yitirdi\u011fimiz G\u00fcney\u2014G\u00fcneydo\u011fu Anadolu deprem felake-tinden ileri gelen do\u011fal engellerden (ortak ac\u0131m\u0131z, alt \u00fcst olan program ve planlar\u0131m\u0131z, metinlerde yaln\u0131zca yap\u0131sal edit\u00f6rl\u00fck sa\u011flayabilmemiz vd.) olabildi\u011fince az etkilenmesi i\u00e7in elimizden gelen gayreti g\u00f6sterdi\u011fimizi de not d\u00fc\u015fmek isteriz. Her bilimsel bilgi \u015f\u00f6leninin ve metninin, Beksinski\u2019nin tablosundaki gibi, karanl\u0131kla-ra tutulan birer \u0131\u015f\u0131k oldu\u011fu d\u00fc\u015f\u00fcncesindeyiz ve s\u00f6z konusu kitaplar\u0131m\u0131zdan etik\u2013hukuk\u2013medya temal\u0131 ikincisini, bu d\u00fc\u015f\u00fcnce ve en iyi dileklerimizle t\u00fcm okurlara arz ederiz..<\/p>\n","protected":false},"excerpt":{"rendered":"<p>Veba, kolera, \u00e7i\u00e7ek ve t\u00fcm di\u011ferleri\u2026 Salg\u0131n hastal\u0131klar d\u00fcnyay\u0131 globalle\u015fmeden \u00e7ok \u00f6nce de \u00e7ok defa sarm\u0131\u015ft\u0131r. Antikiteden moderniteye, mikrobiyoloji, epidemiyoloji ve enfeksiyon hastal\u0131klar\u0131 disiplinlerinin geli\u015fimine dek,<span class=\"excerpt-hellip\"> [\u2026]<\/span><\/p>\n","protected":false},"featured_media":0,"template":"","meta":{"_monsterinsights_skip_tracking":false,"_monsterinsights_sitenote_active":false,"_monsterinsights_sitenote_note":"","_monsterinsights_sitenote_category":0},"product_brand":[],"product_cat":[13365],"product_tag":[],"class_list":{"0":"post-750838","1":"product","2":"type-product","3":"status-publish","5":"product_cat-saglik","6":"pa_cilt-ciltsiz","7":"pa_tur-kitap","8":"pa_yayinevi-platanus-publishing","9":"pa_yazar-kolektif","11":"first","12":"instock","13":"sale","14":"shipping-taxable","15":"purchasable","16":"product-type-simple"},"_links":{"self":[{"href":"https:\/\/roveyayinevi.com.tr\/index.php\/wp-json\/wp\/v2\/product\/750838","targetHints":{"allow":["GET"]}}],"collection":[{"href":"https:\/\/roveyayinevi.com.tr\/index.php\/wp-json\/wp\/v2\/product"}],"about":[{"href":"https:\/\/roveyayinevi.com.tr\/index.php\/wp-json\/wp\/v2\/types\/product"}],"wp:attachment":[{"href":"https:\/\/roveyayinevi.com.tr\/index.php\/wp-json\/wp\/v2\/media?parent=750838"}],"wp:term":[{"taxonomy":"product_brand","embeddable":true,"href":"https:\/\/roveyayinevi.com.tr\/index.php\/wp-json\/wp\/v2\/product_brand?post=750838"},{"taxonomy":"product_cat","embeddable":true,"href":"https:\/\/roveyayinevi.com.tr\/index.php\/wp-json\/wp\/v2\/product_cat?post=750838"},{"taxonomy":"product_tag","embeddable":true,"href":"https:\/\/roveyayinevi.com.tr\/index.php\/wp-json\/wp\/v2\/product_tag?post=750838"}],"curies":[{"name":"wp","href":"https:\/\/api.w.org\/{rel}","templated":true}]}}