{"id":750786,"date":"2025-08-28T04:30:01","date_gmt":"2025-08-28T01:30:01","guid":{"rendered":"https:\/\/roveyayinevi.com.tr\/index.php\/urun\/dunyayi-yeniden-efsunlamak\/"},"modified":"2026-04-16T03:04:00","modified_gmt":"2026-04-16T00:04:00","slug":"dunyayi-yeniden-efsunlamak","status":"publish","type":"product","link":"https:\/\/roveyayinevi.com.tr\/index.php\/urun\/dunyayi-yeniden-efsunlamak\/","title":{"rendered":"D\u00fcnyay\u0131 Yeniden Efsunlamak"},"content":{"rendered":"<p>Silvia Federici, Marx&#8217;\u0131n tan\u0131mlad\u0131\u011f\u0131 \u015fekliyle ilksel birikimin, k\u00f6yl\u00fcleri \u00fccrete tabi ve disipline edilmi\u015f bir proletarya ordusuna d\u00f6n\u00fc\u015ft\u00fcren arazi gasp\u0131n\u0131n, kapitalizmin ba\u015flang\u0131\u00e7taki de\u011fil s\u00fcre\u011fen bir \u00f6nko\u015fulu oldu\u011funu, bunun da toplumsal yeniden \u00fcretim alan\u0131nda kad\u0131nlar\u0131n ev i\u00e7i eme\u011finin s\u00f6m\u00fcr\u00fclmesiyle ta\u00e7land\u0131r\u0131ld\u0131\u011f\u0131n\u0131 ileri s\u00fcrerek, \u00f6zellikle 1970&#8217;lerde, feminist harekete \u00f6nemli bir ivme kazand\u0131rm\u0131\u015ft\u0131r. Kapitalizme y\u00f6nelik bu ele\u015ftiri \u00e7er\u00e7evesini hem teorik hem pratik d\u00fczeyde istikrarl\u0131 bir bi\u00e7imde s\u00fcrd\u00fcrerek g\u00fcn\u00fcm\u00fcze kadar ta\u015f\u0131yan Federici, D\u00fcnyay\u0131 Yeniden Efsunlamak&#8217;ta gezegenin d\u00f6rt bir yan\u0131nda ya\u015fanaduran yeni \u00e7itlemeler ve bu ba\u011flamda tart\u0131\u015f\u0131lan m\u00fc\u015fterekler meselesinde, k\u00fcresel kapitalist birikim s\u00fcrecinin, bor\u00e7land\u0131rma vas\u0131tas\u0131yla yeniden \u00fcretimin yeni bir finans kayna\u011f\u0131na d\u00f6n\u00fc\u015ft\u00fcr\u00fcld\u00fc\u011f\u00fc g\u00fcncel evresinin g\u00f6z ard\u0131 edilen boyutlar\u0131 \u00fczerinde \u0131srarla durarak, feminist perspektif ad\u0131na i\u00e7e d\u00f6n\u00fck ele\u015ftiriler de bar\u0131nd\u0131ran \u00e7ok katl\u0131 bir cephe a\u00e7\u0131yor.Kapitalizmin \u00e7itlemelere, yani \u00f6ncesinde kullan\u0131m hakk\u0131 \u00f6rfi kurallar kapsam\u0131nda topluluklara ait k\u0131l\u0131nan kaynaklar\u0131n zor kullan\u0131larak temell\u00fck edilmesine dayand\u0131\u011f\u0131n\u0131 savlayan Federici, buna kar\u015f\u0131 savunulmas\u0131 gereken &#8220;m\u00fc\u015ftereklerin&#8221; ortak m\u00fclkiyetten ziyade bir toplumsal ili\u015fkiler b\u00fct\u00fcn\u00fcne i\u015faret etti\u011finin alt\u0131n\u0131 \u00e7iziyor. Bu ili\u015fkilerin var etti\u011fi \u00f6zerkli\u011fin ise hayat\u0131n ve eme\u011fin mevcut kapitalist \u00f6rg\u00fctlenmesi kar\u015f\u0131s\u0131nda diren\u00e7 ve direni\u015f alanlar\u0131 a\u00e7t\u0131\u011f\u0131 tespitinden hareketle, yerli halklar\u0131n, sular\u0131na ve topraklar\u0131na g\u00f6z diken kapitalist d\u00fczene kar\u015f\u0131 verdi\u011fi m\u00fccadeleye dikkat \u00e7ekerken, s\u00f6z konusu ili\u015fkilerin daha e\u015fitlik\u00e7i ve \u00f6zg\u00fcrl\u00fck\u00e7\u00fc bir temelde yeniden in\u015fas\u0131nda toplumsal cinsiyetin \u00f6nemli bir kald\u0131ra\u00e7 g\u00f6revi g\u00f6rece\u011fini iddia ediyor.<\/p>\n","protected":false},"excerpt":{"rendered":"<p>Silvia Federici, Marx&#8217;\u0131n tan\u0131mlad\u0131\u011f\u0131 \u015fekliyle ilksel birikimin, k\u00f6yl\u00fcleri \u00fccrete tabi ve disipline edilmi\u015f bir proletarya ordusuna d\u00f6n\u00fc\u015ft\u00fcren arazi gasp\u0131n\u0131n, kapitalizmin ba\u015flang\u0131\u00e7taki de\u011fil s\u00fcre\u011fen bir \u00f6nko\u015fulu oldu\u011funu,<span class=\"excerpt-hellip\"> [\u2026]<\/span><\/p>\n","protected":false},"featured_media":0,"template":"","meta":{"_monsterinsights_skip_tracking":false,"_monsterinsights_sitenote_active":false,"_monsterinsights_sitenote_note":"","_monsterinsights_sitenote_category":0},"product_brand":[],"product_cat":[13059,12337],"product_tag":[],"class_list":{"0":"post-750786","1":"product","2":"type-product","3":"status-publish","5":"product_cat-diger-politika-siyaset","6":"product_cat-politika-siyaset","7":"pa_cilt-ciltsiz","8":"pa_tur-kitap","9":"pa_yayinevi-sel-yayincilik","10":"pa_yazar-silvia-federici","12":"first","13":"instock","14":"sale","15":"shipping-taxable","16":"purchasable","17":"product-type-simple"},"_links":{"self":[{"href":"https:\/\/roveyayinevi.com.tr\/index.php\/wp-json\/wp\/v2\/product\/750786","targetHints":{"allow":["GET"]}}],"collection":[{"href":"https:\/\/roveyayinevi.com.tr\/index.php\/wp-json\/wp\/v2\/product"}],"about":[{"href":"https:\/\/roveyayinevi.com.tr\/index.php\/wp-json\/wp\/v2\/types\/product"}],"wp:attachment":[{"href":"https:\/\/roveyayinevi.com.tr\/index.php\/wp-json\/wp\/v2\/media?parent=750786"}],"wp:term":[{"taxonomy":"product_brand","embeddable":true,"href":"https:\/\/roveyayinevi.com.tr\/index.php\/wp-json\/wp\/v2\/product_brand?post=750786"},{"taxonomy":"product_cat","embeddable":true,"href":"https:\/\/roveyayinevi.com.tr\/index.php\/wp-json\/wp\/v2\/product_cat?post=750786"},{"taxonomy":"product_tag","embeddable":true,"href":"https:\/\/roveyayinevi.com.tr\/index.php\/wp-json\/wp\/v2\/product_tag?post=750786"}],"curies":[{"name":"wp","href":"https:\/\/api.w.org\/{rel}","templated":true}]}}