{"id":750708,"date":"2025-08-28T04:28:12","date_gmt":"2025-08-28T01:28:12","guid":{"rendered":"https:\/\/roveyayinevi.com.tr\/index.php\/urun\/cumhuriyetin-100-gunu-inkilabin-ayak-sesleri\/"},"modified":"2026-04-16T03:03:58","modified_gmt":"2026-04-16T00:03:58","slug":"cumhuriyetin-100-gunu-inkilabin-ayak-sesleri","status":"publish","type":"product","link":"https:\/\/roveyayinevi.com.tr\/index.php\/urun\/cumhuriyetin-100-gunu-inkilabin-ayak-sesleri\/","title":{"rendered":"Cumhuriyetin 100 G\u00fcn\u00fc: \u0130nk\u0131lab\u0131n Ayak Sesleri"},"content":{"rendered":"<p>Anadolu\u2019ya ilk \u00e7\u0131kt\u0131\u011f\u0131 g\u00fcnden ba\u015flayarak, Mustafa Kemal\u2019in hangi engellerle kar\u015f\u0131la\u015ft\u0131\u011f\u0131n\u0131 hi\u00e7 d\u00fc\u015f\u00fcnd\u00fcn\u00fcz m\u00fc? Erzurum Kongresi\u2019ndeki delegelerin ona muhalefet etti\u011fini, Sivas Kongresi\u2019ne yeteri kadar insan\u0131n gelmedi\u011fini biliyor muydunuz? \u0130stanbul\u2019da son Osmanl\u0131 meclisi toplan\u0131rken Ankara\u2019da yapayaln\u0131z beklemek zorunda kalan bir aksiyon adam\u0131n\u0131n i\u00e7inde kopan f\u0131rt\u0131nalar\u0131 tahmin edebilir misiniz? TBMM\u2019nin Meclis-i Mebusan\u2019\u0131n devam\u0131 oldu\u011fundan haberdar m\u0131s\u0131n\u0131z? Peki ya, Milli M\u00fccadele\u2019nin mimarlar\u0131n\u0131n nihai zaferden sonra nas\u0131l birbirlerine d\u00fc\u015ft\u00fc\u011f\u00fcnden?   \u0130lan\u0131n\u0131n \u00fczerinden tam bir as\u0131r ge\u00e7ti. Ancak Cumhuriyet\u2019in kurulu\u015f d\u00f6nemi h\u00e2l\u00e2 anla\u015f\u0131lmay\u0131 ve ezbere sloganlardan kurtar\u0131lmay\u0131 bekliyor. Emrah Safa G\u00fcrkan, Cumhuriyet\u2019in d\u00f6n\u00fcm noktas\u0131 olan 100 g\u00fcn\u00fc kaleme al\u0131rken bilindik kabullerin \u00f6tesine ge\u00e7iyor. En yak\u0131n\u0131ndakiler taraf\u0131ndan defalarca yaln\u0131z b\u0131rak\u0131lan Mustafa Kemal\u2019in 600 y\u0131ll\u0131k m\u00fcesses nizam\u0131 nas\u0131l ince bir stratejiyle tasfiye etti\u011fini ortaya koyuyor.   Bu kitap, yorgun bir imparatorlu\u011fun y\u00fczlerce y\u0131ld\u0131r yapamad\u0131\u011f\u0131n\u0131 yapacak gen\u00e7 bir cumhuriyetin do\u011fu\u015funun hik\u00e2yesi\u2026 Aksayan planlar\u0131n, kaygan ittifaklar\u0131n, saklanan niyetlerin, ama en nihayetinde tart\u0131\u015fmas\u0131z bir zaferin \u00f6yk\u00fcs\u00fc\u2026   Emrah Safa G\u00fcrkan, Cumhuriyet&#8217;in 100 G\u00fcn\u00fc &#8211; \u0130nk\u0131lab\u0131n Ayak Sesleri ve Cumhuriyet&#8217;in 100 \u0130smi &#8211; B\u00fcy\u00fck Devrimin Portreleri\u2019nde bir \u015feyi kesin olarak g\u00f6rmemizi sa\u011fl\u0131yor: Bir b\u00fcy\u00fck liderin \u00f6nderli\u011finde gen\u00e7 ya\u015fl\u0131 binlerce insan\u0131n \u00e7abas\u0131yla yarat\u0131lan ve \u015fimdi bir as\u0131rl\u0131k \u00e7\u0131nar gibi k\u00f6k salan T\u00fcrkiye Cumhuriyeti\u2019ni var etmek, bir \u201cmucize\u201dden \u00e7ok daha fazlas\u0131n\u0131 gerektirmi\u015fti.    Ayak sesleri g\u00fcnbeg\u00fcn yakla\u015fan ink\u0131laplar\u0131 bir bir uygulamaya koyman\u0131n vakti i\u015fte nihayet gelmi\u015ftir. \u00d6n\u00fcm\u00fczdeki y\u0131llar harap bir \u00fclkenin, bitap bir toplumun ba\u015f d\u00f6nd\u00fcr\u00fcc\u00fc bir h\u0131zla de\u011fi\u015fmesine, modern T\u00fcrkiye\u2019nin ortaya \u00e7\u0131kmas\u0131na tan\u0131k olacakt\u0131r. Emrah Safa G\u00fcrkan <\/p>\n","protected":false},"excerpt":{"rendered":"<p>Anadolu\u2019ya ilk \u00e7\u0131kt\u0131\u011f\u0131 g\u00fcnden ba\u015flayarak, Mustafa Kemal\u2019in hangi engellerle kar\u015f\u0131la\u015ft\u0131\u011f\u0131n\u0131 hi\u00e7 d\u00fc\u015f\u00fcnd\u00fcn\u00fcz m\u00fc? Erzurum Kongresi\u2019ndeki delegelerin ona muhalefet etti\u011fini, Sivas Kongresi\u2019ne yeteri kadar insan\u0131n gelmedi\u011fini biliyor<span class=\"excerpt-hellip\"> [\u2026]<\/span><\/p>\n","protected":false},"featured_media":0,"template":"","meta":{"_monsterinsights_skip_tracking":false,"_monsterinsights_sitenote_active":false,"_monsterinsights_sitenote_note":"","_monsterinsights_sitenote_category":0},"product_brand":[],"product_cat":[12304,13493],"product_tag":[],"class_list":{"0":"post-750708","1":"product","2":"type-product","3":"status-publish","5":"product_cat-tarih","6":"product_cat-turkiye-ve-cumhuriyet-tarihi","7":"pa_cilt-ciltsiz","8":"pa_tur-kitap","9":"pa_yayinevi-mundi","10":"pa_yazar-emrah-safa-gurkan","12":"first","13":"instock","14":"sale","15":"shipping-taxable","16":"purchasable","17":"product-type-simple"},"_links":{"self":[{"href":"https:\/\/roveyayinevi.com.tr\/index.php\/wp-json\/wp\/v2\/product\/750708","targetHints":{"allow":["GET"]}}],"collection":[{"href":"https:\/\/roveyayinevi.com.tr\/index.php\/wp-json\/wp\/v2\/product"}],"about":[{"href":"https:\/\/roveyayinevi.com.tr\/index.php\/wp-json\/wp\/v2\/types\/product"}],"wp:attachment":[{"href":"https:\/\/roveyayinevi.com.tr\/index.php\/wp-json\/wp\/v2\/media?parent=750708"}],"wp:term":[{"taxonomy":"product_brand","embeddable":true,"href":"https:\/\/roveyayinevi.com.tr\/index.php\/wp-json\/wp\/v2\/product_brand?post=750708"},{"taxonomy":"product_cat","embeddable":true,"href":"https:\/\/roveyayinevi.com.tr\/index.php\/wp-json\/wp\/v2\/product_cat?post=750708"},{"taxonomy":"product_tag","embeddable":true,"href":"https:\/\/roveyayinevi.com.tr\/index.php\/wp-json\/wp\/v2\/product_tag?post=750708"}],"curies":[{"name":"wp","href":"https:\/\/api.w.org\/{rel}","templated":true}]}}