{"id":750707,"date":"2025-08-28T04:28:11","date_gmt":"2025-08-28T01:28:11","guid":{"rendered":"https:\/\/roveyayinevi.com.tr\/index.php\/urun\/cumhuriyetin-100-ismi-buyuk-devrimin-portreleri\/"},"modified":"2026-04-16T03:03:58","modified_gmt":"2026-04-16T00:03:58","slug":"cumhuriyetin-100-ismi-buyuk-devrimin-portreleri","status":"publish","type":"product","link":"https:\/\/roveyayinevi.com.tr\/index.php\/urun\/cumhuriyetin-100-ismi-buyuk-devrimin-portreleri\/","title":{"rendered":"Cumhuriyetin 100 \u0130smi: B\u00fcy\u00fck Devrimin Portreleri"},"content":{"rendered":"<p>Mustafa Kemal, kafas\u0131ndaki ink\u0131laplar\u0131 neden en yak\u0131n\u0131ndakilerden bile gizlemek zorunda kald\u0131? Enver Pa\u015fa ile aras\u0131ndaki rekabet Kurtulu\u015f Sava\u015f\u0131\u2019na nas\u0131l yans\u0131d\u0131? Olaylar farkl\u0131 geli\u015fseydi, Milli M\u00fccadele\u2019nin lideri ba\u015fkas\u0131 olabilir miydi? D\u00fc\u015fmana kar\u015f\u0131 direni\u015fi beraber ba\u015flatt\u0131\u011f\u0131 silah arkada\u015flar\u0131 neden birka\u00e7 sene i\u00e7inde Gazi\u2019ye muhalif oldu? Bir imparatorlu\u011fu y\u0131k\u0131p yerine bir cumhuriyet kuran bu istisnai nesli yaratan \u015fartlar nelerdi? Eski \u0130ttihat\u00e7\u0131lar Kurtulu\u015f Sava\u015f\u0131\u2019nda nas\u0131l bir rol oynad\u0131?   Bir devrimi m\u00fcmk\u00fcn k\u0131lanlar yaln\u0131zca ona taraftar olanlar m\u0131d\u0131r?    Bir yanda \u00f6mr\u00fc cepheden cepheye savrulmakla ge\u00e7enler, ba\u011f\u0131ms\u0131zl\u0131k ate\u015fini yakmak i\u00e7in kalemini konu\u015fturanlar, nutuklar\u0131yla kitleleri seferber edenler, ellerindeki her \u015feyi vatan\u0131n kurtulu\u015fu i\u00e7in feda etmekten \u00e7ekinmeyenler\u2026 \u00d6te yanda s\u00fcrekli yalpalayan m\u00fcteredditler, liyakatsiz muhterisler, vasat idare-i maslahat\u00e7\u0131lar\u2026 Emrah Safa G\u00fcrkan, kimi destek kimi k\u00f6stek olarak Cumhuriyet\u2019in kurulu\u015funda rol oynayan 100 ismi, onlar\u0131n hareketlerine y\u00f6n veren arka planlar\u0131yla kaleme al\u0131yor. Ezbere anlat\u0131lar\u0131n d\u0131\u015f\u0131na \u00e7\u0131kan bu portreler, ki\u015fileri oldu\u011fu kadar, o g\u00fcn\u00fcn \u015fartlar\u0131n\u0131 da anlamam\u0131z i\u00e7in bize yol g\u00f6steriyor.   Emrah Safa G\u00fcrkan, Cumhuriyet\u2019in 100 \u0130smi &#8211; B\u00fcy\u00fck Devrimin Portreleri ve Cumhuriyet\u2019in 100 G\u00fcn\u00fc &#8211; \u0130nk\u0131lab\u0131n Ayak Sesleri\u2019nde bir \u015feyi kesin olarak g\u00f6rmemizi sa\u011fl\u0131yor: Bir b\u00fcy\u00fck liderin \u00f6nderli\u011finde gen\u00e7 ya\u015fl\u0131 binlerce insan\u0131n \u00e7abas\u0131yla yarat\u0131lan ve \u015fimdi bir as\u0131rl\u0131k \u00e7\u0131nar gibi k\u00f6k salan T\u00fcrkiye Cumhuriyeti\u2019ni var etmek, bir \u201cmucize\u201dden \u00e7ok daha fazlas\u0131n\u0131 gerektirmi\u015fti.    Bu kitapta Nezihe Muhittin gibi kad\u0131n haklar\u0131 aktivistlerinden Mustafa Suphi gibi devrimci Bol\u015feviklere, Mehmet \u00c2kif gibi gelenek\u00e7i entelekt\u00fcellerden Ahmet A\u011fao\u011flu ve Yusuf Ak\u00e7ura gibi fikir adamlar\u0131na, Fuat K\u00f6pr\u00fcl\u00fc gibi biliminsanlar\u0131ndan Ahmet Emin gibi Columbia \u00dcniversitesi\u2019nde doktora yapm\u0131\u015f gazetecilere rast geleceksiniz.  Emrah Safa G\u00fcrkan <\/p>\n","protected":false},"excerpt":{"rendered":"<p>Mustafa Kemal, kafas\u0131ndaki ink\u0131laplar\u0131 neden en yak\u0131n\u0131ndakilerden bile gizlemek zorunda kald\u0131? Enver Pa\u015fa ile aras\u0131ndaki rekabet Kurtulu\u015f Sava\u015f\u0131\u2019na nas\u0131l yans\u0131d\u0131? Olaylar farkl\u0131 geli\u015fseydi, Milli M\u00fccadele\u2019nin lideri<span class=\"excerpt-hellip\"> [\u2026]<\/span><\/p>\n","protected":false},"featured_media":0,"template":"","meta":{"_monsterinsights_skip_tracking":false,"_monsterinsights_sitenote_active":false,"_monsterinsights_sitenote_note":"","_monsterinsights_sitenote_category":0},"product_brand":[],"product_cat":[12304,13493],"product_tag":[],"class_list":{"0":"post-750707","1":"product","2":"type-product","3":"status-publish","5":"product_cat-tarih","6":"product_cat-turkiye-ve-cumhuriyet-tarihi","7":"pa_cilt-ciltsiz","8":"pa_tur-kitap","9":"pa_yayinevi-mundi","10":"pa_yazar-emrah-safa-gurkan","12":"first","13":"instock","14":"sale","15":"shipping-taxable","16":"purchasable","17":"product-type-simple"},"_links":{"self":[{"href":"https:\/\/roveyayinevi.com.tr\/index.php\/wp-json\/wp\/v2\/product\/750707","targetHints":{"allow":["GET"]}}],"collection":[{"href":"https:\/\/roveyayinevi.com.tr\/index.php\/wp-json\/wp\/v2\/product"}],"about":[{"href":"https:\/\/roveyayinevi.com.tr\/index.php\/wp-json\/wp\/v2\/types\/product"}],"wp:attachment":[{"href":"https:\/\/roveyayinevi.com.tr\/index.php\/wp-json\/wp\/v2\/media?parent=750707"}],"wp:term":[{"taxonomy":"product_brand","embeddable":true,"href":"https:\/\/roveyayinevi.com.tr\/index.php\/wp-json\/wp\/v2\/product_brand?post=750707"},{"taxonomy":"product_cat","embeddable":true,"href":"https:\/\/roveyayinevi.com.tr\/index.php\/wp-json\/wp\/v2\/product_cat?post=750707"},{"taxonomy":"product_tag","embeddable":true,"href":"https:\/\/roveyayinevi.com.tr\/index.php\/wp-json\/wp\/v2\/product_tag?post=750707"}],"curies":[{"name":"wp","href":"https:\/\/api.w.org\/{rel}","templated":true}]}}