{"id":750576,"date":"2025-08-28T04:24:07","date_gmt":"2025-08-28T01:24:07","guid":{"rendered":"https:\/\/roveyayinevi.com.tr\/index.php\/urun\/cumhuriyet-siirlerleoykulerle\/"},"modified":"2026-04-16T03:03:55","modified_gmt":"2026-04-16T00:03:55","slug":"cumhuriyet-siirlerleoykulerle","status":"publish","type":"product","link":"https:\/\/roveyayinevi.com.tr\/index.php\/urun\/cumhuriyet-siirlerleoykulerle\/","title":{"rendered":"Cumhuriyet-\u015eiirlerle,\u00d6yk\u00fclerle"},"content":{"rendered":"<p>Demokrasinin, \u00f6zg\u00fcrl\u00fc\u011f\u00fcn, ayd\u0131nl\u0131\u011f\u0131m\u0131z\u0131n anahtar\u0131 Cumhuriyetimizin 100. y\u0131l\u0131n\u0131 kutlamak i\u00e7in yay\u0131nevimizin de\u011ferli yazarlar\u0131 bir araya geldi. Her biri, en k\u0131ymetli s\u00f6zc\u00fcklerini ve c\u00fcmlelerini, \u015fiirlere, \u00f6yk\u00fclere d\u00f6n\u00fc\u015ft\u00fcrd\u00fc. Yazarlar\u0131m\u0131z\u0131n \u015fiirleri ve \u00f6yk\u00fcleriyle yo\u011frulan bu kitapla birlikte \u00f6nderimiz Mustafa Kemal Atat\u00fcrk\u2019\u00fcn gelecek nesillere arma\u011fan\u0131 olan Cumhuriyetimizin 100. ya\u015f\u0131n\u0131 kutluyoruz. Ya\u015fas\u0131n cumhuriyet ! Daha nice y\u00fcz y\u0131llara\u2026   ***   Hep birlikte bir yemek pi\u015firdik sizlere. Ad\u0131: Cumhuriyet. Neler olmal\u0131 i\u00e7inde diye d\u00fc\u015f\u00fcnmeye ba\u015flad\u0131k. Malzemeleri belliydi asl\u0131nda\u2026 Bolca demokrasi ve e\u015fitlik, \u00e7ok\u00e7a ba\u011f\u0131ms\u0131zl\u0131k ve \u00f6zg\u00fcrl\u00fck&#8230; Devrimler ve yenilikler olmazsa olmazd\u0131. Milli egemenlik de ekledik i\u00e7ine. Ayd\u0131nl\u0131k ve \u00e7a\u011fda\u015fl\u0131k serpi\u015ftirdik biraz da. \u0130\u015fte sonunda yeme\u011fimiz haz\u0131r. Onur konu\u011fumuz \u00f6nderimiz Mustafa Kemal Atat\u00fcrk. Sizler de davetlisiniz elbette. Haydi a\u00e7\u0131n kitab\u0131n kapa\u011f\u0131n\u0131, her sayfas\u0131 \u00e7ok besleyici ve doyurucu. Her sayfas\u0131 mis gibi kokuyor. Her sayfas\u0131nda cumhuriyet tad\u0131 var.   <\/p>\n","protected":false},"excerpt":{"rendered":"<p>Demokrasinin, \u00f6zg\u00fcrl\u00fc\u011f\u00fcn, ayd\u0131nl\u0131\u011f\u0131m\u0131z\u0131n anahtar\u0131 Cumhuriyetimizin 100. y\u0131l\u0131n\u0131 kutlamak i\u00e7in yay\u0131nevimizin de\u011ferli yazarlar\u0131 bir araya geldi. Her biri, en k\u0131ymetli s\u00f6zc\u00fcklerini ve c\u00fcmlelerini, \u015fiirlere, \u00f6yk\u00fclere d\u00f6n\u00fc\u015ft\u00fcrd\u00fc. Yazarlar\u0131m\u0131z\u0131n<span class=\"excerpt-hellip\"> [\u2026]<\/span><\/p>\n","protected":false},"featured_media":0,"template":"","meta":{"_monsterinsights_skip_tracking":false,"_monsterinsights_sitenote_active":false,"_monsterinsights_sitenote_note":"","_monsterinsights_sitenote_category":0},"product_brand":[],"product_cat":[12274,12284],"product_tag":[],"class_list":{"0":"post-750576","1":"product","2":"type-product","3":"status-publish","5":"product_cat-cocuk-ve-genclik-kitaplari","6":"product_cat-hikayeler","7":"pa_cilt-ciltsiz","8":"pa_tur-kitap","9":"pa_yayinevi-elma-cocuk","10":"pa_yazar-kolektif","12":"first","13":"instock","14":"sale","15":"shipping-taxable","16":"purchasable","17":"product-type-simple"},"_links":{"self":[{"href":"https:\/\/roveyayinevi.com.tr\/index.php\/wp-json\/wp\/v2\/product\/750576","targetHints":{"allow":["GET"]}}],"collection":[{"href":"https:\/\/roveyayinevi.com.tr\/index.php\/wp-json\/wp\/v2\/product"}],"about":[{"href":"https:\/\/roveyayinevi.com.tr\/index.php\/wp-json\/wp\/v2\/types\/product"}],"wp:attachment":[{"href":"https:\/\/roveyayinevi.com.tr\/index.php\/wp-json\/wp\/v2\/media?parent=750576"}],"wp:term":[{"taxonomy":"product_brand","embeddable":true,"href":"https:\/\/roveyayinevi.com.tr\/index.php\/wp-json\/wp\/v2\/product_brand?post=750576"},{"taxonomy":"product_cat","embeddable":true,"href":"https:\/\/roveyayinevi.com.tr\/index.php\/wp-json\/wp\/v2\/product_cat?post=750576"},{"taxonomy":"product_tag","embeddable":true,"href":"https:\/\/roveyayinevi.com.tr\/index.php\/wp-json\/wp\/v2\/product_tag?post=750576"}],"curies":[{"name":"wp","href":"https:\/\/api.w.org\/{rel}","templated":true}]}}