{"id":750489,"date":"2025-08-28T04:21:56","date_gmt":"2025-08-28T01:21:56","guid":{"rendered":"https:\/\/roveyayinevi.com.tr\/index.php\/urun\/iktisat-ve-toplum-dergisi-150-sayi-secime-giderken-turkiye-ekonomisi\/"},"modified":"2026-04-16T03:03:42","modified_gmt":"2026-04-16T00:03:42","slug":"iktisat-ve-toplum-dergisi-150-sayi-secime-giderken-turkiye-ekonomisi","status":"publish","type":"product","link":"https:\/\/roveyayinevi.com.tr\/index.php\/urun\/iktisat-ve-toplum-dergisi-150-sayi-secime-giderken-turkiye-ekonomisi\/","title":{"rendered":"\u0130ktisat ve Toplum Dergisi 150. Say\u0131: Se\u00e7ime Giderken T\u00fcrkiye Ekonomisi"},"content":{"rendered":"<p>14 May\u0131s Se\u00e7imleri \u00d6ncesinde T\u00fcrkiye Ekonomisi \u2013 Osman Aydo\u011fu\u015f   T\u00fcrkiye\u2019de Ekonomik Oy Verme Davran\u0131\u015f\u0131 ve 2023 Se\u00e7imleri \u2013 \u00c7a\u011flar Eziko\u011flu   Deprem Fonu Uygulanmal\u0131 m\u0131? Nas\u0131l Uygulanmal\u0131? \u2013 Eren G\u00fcrer   ChatGPT ve \u0130ktisat E\u011fitimi \u2013 Devrim Dumluda\u011f   Osmanl\u0131\u2019ya (T\u00fcrkiye\u2019ye) \u201cAlman Tarih\u00e7i Okulu\u201d D\u00fc\u015f\u00fcncesinin Giri\u015fi ve Egemenli\u011fi: Milli \u0130ktisat Anlay\u0131\u015f\u0131 \u2013 Ercan Eren   T\u00fcrkiye\u2019de \u201cModern\u201d \u0130\u015fletme E\u011fitimine Y\u00f6neli\u015f ve \u0130\u015fletme \u0130ktisad\u0131 Enstit\u00fcs\u00fc\u2019n\u00fcn Kurulu\u015f Fikrinin Ortaya \u00c7\u0131k\u0131\u015f\u0131 \u2013 Akansel Yal\u00e7\u0131nkaya   Kad\u0131na \u015eiddet Konusunda Gelinen Nokta: \u015e\u00d6N\u0130M Verileriyle Bir Okuma \u2013 Avni \u00d6nder Hanedar, Ahsen Demirhan, Gizem Cansu G\u00fcmr\u00fck\u00e7\u00fc, Semiha \u00dcnkazan   Ger\u00e7ekle \u0130li\u015fkimizin \u0130zd\u00fc\u015f\u00fcm\u00fc Depremlerimiz \u2013 Ya\u015far Ta\u015fk\u0131n Ko\u00e7 R\u00f6portaj: Dr. Cengiz G\u00f6nc\u00fc \u2013 G\u00fcl\u00e7in Elif Y\u00fccel<\/p>\n","protected":false},"excerpt":{"rendered":"<p>14 May\u0131s Se\u00e7imleri \u00d6ncesinde T\u00fcrkiye Ekonomisi \u2013 Osman Aydo\u011fu\u015f T\u00fcrkiye\u2019de Ekonomik Oy Verme Davran\u0131\u015f\u0131 ve 2023 Se\u00e7imleri \u2013 \u00c7a\u011flar Eziko\u011flu Deprem Fonu Uygulanmal\u0131 m\u0131? Nas\u0131l Uygulanmal\u0131?<span class=\"excerpt-hellip\"> [\u2026]<\/span><\/p>\n","protected":false},"featured_media":0,"template":"","meta":{"_monsterinsights_skip_tracking":false,"_monsterinsights_sitenote_active":false,"_monsterinsights_sitenote_note":"","_monsterinsights_sitenote_category":0},"product_brand":[],"product_cat":[13527],"product_tag":[],"class_list":{"0":"post-750489","1":"product","2":"type-product","3":"status-publish","5":"product_cat-sureli-yayinlar","6":"pa_cilt-ciltsiz","7":"pa_tur-dergi","8":"pa_yayinevi-efil-yayinevi-dergi","9":"pa_yazar-kolektif","11":"first","12":"instock","13":"sale","14":"shipping-taxable","15":"purchasable","16":"product-type-simple"},"_links":{"self":[{"href":"https:\/\/roveyayinevi.com.tr\/index.php\/wp-json\/wp\/v2\/product\/750489","targetHints":{"allow":["GET"]}}],"collection":[{"href":"https:\/\/roveyayinevi.com.tr\/index.php\/wp-json\/wp\/v2\/product"}],"about":[{"href":"https:\/\/roveyayinevi.com.tr\/index.php\/wp-json\/wp\/v2\/types\/product"}],"wp:attachment":[{"href":"https:\/\/roveyayinevi.com.tr\/index.php\/wp-json\/wp\/v2\/media?parent=750489"}],"wp:term":[{"taxonomy":"product_brand","embeddable":true,"href":"https:\/\/roveyayinevi.com.tr\/index.php\/wp-json\/wp\/v2\/product_brand?post=750489"},{"taxonomy":"product_cat","embeddable":true,"href":"https:\/\/roveyayinevi.com.tr\/index.php\/wp-json\/wp\/v2\/product_cat?post=750489"},{"taxonomy":"product_tag","embeddable":true,"href":"https:\/\/roveyayinevi.com.tr\/index.php\/wp-json\/wp\/v2\/product_tag?post=750489"}],"curies":[{"name":"wp","href":"https:\/\/api.w.org\/{rel}","templated":true}]}}