{"id":750402,"date":"2025-08-28T04:19:48","date_gmt":"2025-08-28T01:19:48","guid":{"rendered":"https:\/\/roveyayinevi.com.tr\/index.php\/urun\/farkli-refah-rejimlerinde-goc-ve-sosyal-politika\/"},"modified":"2026-04-16T03:03:39","modified_gmt":"2026-04-16T00:03:39","slug":"farkli-refah-rejimlerinde-goc-ve-sosyal-politika","status":"publish","type":"product","link":"https:\/\/roveyayinevi.com.tr\/index.php\/urun\/farkli-refah-rejimlerinde-goc-ve-sosyal-politika\/","title":{"rendered":"Farkl\u0131 Refah Rejimlerinde G\u00f6\u00e7 ve Sosyal Politika"},"content":{"rendered":"<p>\u0130\u00e7indekiler     Birinci B\u00f6l\u00fcm G\u00f6\u00e7men Uyumuna Y\u00f6nelik Sosyal Politikalar: Almanya, Hollanda ve Japonya \u00d6rnekleri   \u0130kinci B\u00f6l\u00fcm G\u00f6\u00e7menlerin Sosyoekonomik Haklara Eri\u015fiminin \u00d6nemi   \u00dc\u00e7\u00fcnc\u00fc B\u00f6l\u00fcm G\u00f6\u00e7menlere Y\u00f6nelik Sosyal Hizmet Uygulamalar\u0131   D\u00f6rd\u00fcnc\u00fc B\u00f6l\u00fcm G\u00f6\u00e7\u00fcn Kad\u0131ns\u0131la\u015fmas\u0131 Kapsam\u0131nda Farkl\u0131 Refah Rejimlerinde G\u00f6\u00e7men Kad\u0131nlar   Be\u015finci B\u00f6l\u00fcm Avrupa Birli\u011fi\u2019nin Sosyal Politika Yakla\u015f\u0131mlar\u0131nda Sosyal D\u0131\u015flanma Pratikleri   Alt\u0131nc\u0131 B\u00f6l\u00fcm \u0130klim G\u00f6\u00e7\u00fc Kavram\u0131 ve Sosyal Politika \u0130li\u015fkisi: Se\u00e7ili \u00dclkelerin \u0130klim M\u00fcltecilerine Y\u00f6nelik Yakla\u015f\u0131mlar\u0131   Yedinci B\u00f6l\u00fcm T\u00fcrkiye\u2019deki Suriyeli \u00c7ocuklara Y\u00f6nelik E\u011fitim Politikalar\u0131   Sekizinci B\u00f6l\u00fcm Yabanc\u0131 G\u00f6\u00e7\u00fc ve Ekonomik B\u00fcy\u00fcme: Avrupa \u00dclkeleri \u00d6rne\u011fi   Dokuzuncu B\u00f6l\u00fcm K\u00fcresel G\u00f6\u00e7 E\u011filimleri: G\u00f6\u00e7 ve Kalk\u0131nma \u0130li\u015fkisinin \u00d6ne \u00c7\u0131k\u0131\u015f\u0131<\/p>\n","protected":false},"excerpt":{"rendered":"<p>\u0130\u00e7indekiler Birinci B\u00f6l\u00fcm G\u00f6\u00e7men Uyumuna Y\u00f6nelik Sosyal Politikalar: Almanya, Hollanda ve Japonya \u00d6rnekleri \u0130kinci B\u00f6l\u00fcm G\u00f6\u00e7menlerin Sosyoekonomik Haklara Eri\u015fiminin \u00d6nemi \u00dc\u00e7\u00fcnc\u00fc B\u00f6l\u00fcm G\u00f6\u00e7menlere Y\u00f6nelik Sosyal Hizmet<span class=\"excerpt-hellip\"> [\u2026]<\/span><\/p>\n","protected":false},"featured_media":0,"template":"","meta":{"_monsterinsights_skip_tracking":false,"_monsterinsights_sitenote_active":false,"_monsterinsights_sitenote_note":"","_monsterinsights_sitenote_category":0},"product_brand":[],"product_cat":[12573,12566],"product_tag":[],"class_list":{"0":"post-750402","1":"product","2":"type-product","3":"status-publish","5":"product_cat-akademik-kitaplar","6":"product_cat-egitim","7":"pa_cilt-ciltsiz","8":"pa_tur-kitap","9":"pa_yayinevi-gazi-kitabevi","10":"pa_yazar-kolektif","12":"first","13":"instock","14":"sale","15":"shipping-taxable","16":"purchasable","17":"product-type-simple"},"_links":{"self":[{"href":"https:\/\/roveyayinevi.com.tr\/index.php\/wp-json\/wp\/v2\/product\/750402","targetHints":{"allow":["GET"]}}],"collection":[{"href":"https:\/\/roveyayinevi.com.tr\/index.php\/wp-json\/wp\/v2\/product"}],"about":[{"href":"https:\/\/roveyayinevi.com.tr\/index.php\/wp-json\/wp\/v2\/types\/product"}],"wp:attachment":[{"href":"https:\/\/roveyayinevi.com.tr\/index.php\/wp-json\/wp\/v2\/media?parent=750402"}],"wp:term":[{"taxonomy":"product_brand","embeddable":true,"href":"https:\/\/roveyayinevi.com.tr\/index.php\/wp-json\/wp\/v2\/product_brand?post=750402"},{"taxonomy":"product_cat","embeddable":true,"href":"https:\/\/roveyayinevi.com.tr\/index.php\/wp-json\/wp\/v2\/product_cat?post=750402"},{"taxonomy":"product_tag","embeddable":true,"href":"https:\/\/roveyayinevi.com.tr\/index.php\/wp-json\/wp\/v2\/product_tag?post=750402"}],"curies":[{"name":"wp","href":"https:\/\/api.w.org\/{rel}","templated":true}]}}