{"id":750380,"date":"2025-08-28T04:19:22","date_gmt":"2025-08-28T01:19:22","guid":{"rendered":"https:\/\/roveyayinevi.com.tr\/index.php\/urun\/sosyal-beseri-ve-idari-bilimler-alaninda-uluslararasi-arastirmalar-cilt-1\/"},"modified":"2026-04-16T03:03:39","modified_gmt":"2026-04-16T00:03:39","slug":"sosyal-beseri-ve-idari-bilimler-alaninda-uluslararasi-arastirmalar-cilt-1","status":"publish","type":"product","link":"https:\/\/roveyayinevi.com.tr\/index.php\/urun\/sosyal-beseri-ve-idari-bilimler-alaninda-uluslararasi-arastirmalar-cilt-1\/","title":{"rendered":"Sosyal, Be\u015feri ve \u0130dari Bilimler Alan\u0131nda Uluslararas\u0131 Ara\u015ft\u0131rmalar Cilt 1"},"content":{"rendered":"<p>\u0130\u00e7indekiler B\u00d6L\u00dcM 1 &#8230;&#8230;&#8230;&#8230;&#8230;&#8230;&#8230;&#8230;&#8230;&#8230;&#8230;&#8230;&#8230;&#8230;&#8230;&#8230;&#8230;&#8230;&#8230;&#8230;&#8230;&#8230;&#8230;&#8230;&#8230;&#8230;&#8230;&#8230;&#8230;&#8230;&#8230;&#8230;&#8230;&#8230;&#8230;&#8230;&#8230;.. 9 \u0130\u015fletmelerde De\u011fi\u015fim Y\u00f6netimi Dr. \u00d6\u011fr. \u00dcyesi B\u00d6L\u00dcM 2 &#8230;&#8230;&#8230;&#8230;&#8230;&#8230;&#8230;&#8230;&#8230;&#8230;&#8230;&#8230;&#8230;&#8230;&#8230;&#8230;&#8230;&#8230;&#8230;&#8230;&#8230;&#8230;&#8230;&#8230;&#8230;&#8230;&#8230;&#8230;&#8230;&#8230;&#8230;&#8230;&#8230;&#8230;&#8230;&#8230;.. 29 Jean Baudrillard\u2019in Sim\u00fclasyon Evreni Doktora \u00d6\u011frencisi Dr. \u00d6\u011fr. \u00dcyesi B\u00d6L\u00dcM 3 &#8230;&#8230;&#8230;&#8230;&#8230;&#8230;&#8230;&#8230;&#8230;&#8230;&#8230;&#8230;&#8230;&#8230;&#8230;&#8230;&#8230;&#8230;&#8230;&#8230;&#8230;&#8230;&#8230;&#8230;&#8230;&#8230;&#8230;&#8230;&#8230;&#8230;&#8230;&#8230;&#8230;&#8230;&#8230;&#8230;.. 47 T\u00fcrk-Yunan M\u00fcbadelesi ve Bal\u0131kesir (Karesi \u0130sk\u00e2n M\u00fcd\u00fcriyeti Belgesine G\u00f6re Bal\u0131kesir\u2019de M\u00fcbadele 1923-1926) Dr. \u00d6\u011fr. \u00dcyesi B\u00d6L\u00dcM 4 &#8230;&#8230;&#8230;&#8230;&#8230;&#8230;&#8230;&#8230;&#8230;&#8230;&#8230;&#8230;&#8230;&#8230;&#8230;&#8230;&#8230;&#8230;&#8230;&#8230;&#8230;&#8230;&#8230;&#8230;&#8230;&#8230;&#8230;&#8230;&#8230;&#8230;&#8230;&#8230;&#8230;&#8230;&#8230;&#8230;.. 63 Engelli ve Ya\u015fl\u0131 Bireylerin Kurum Bak\u0131m Hizmetinden Yararlanma S\u00fcreci ve Kar\u0131ila\u015f\u0131lan Sorunlar: \u0130zmir Karaba\u011flar Shm B\u00d6L\u00dcM 5 &#8230;&#8230;&#8230;&#8230;&#8230;&#8230;&#8230;&#8230;&#8230;&#8230;&#8230;&#8230;&#8230;&#8230;&#8230;&#8230;&#8230;&#8230;&#8230;&#8230;&#8230;&#8230;&#8230;&#8230;&#8230;&#8230;&#8230;&#8230;&#8230;&#8230;&#8230;&#8230;&#8230;&#8230;&#8230;&#8230;.. 75 Kriz D\u00f6neminde Konaklama \u0130\u015fletmelerinde \u0130novasyonun \u00d6nemi: Covid 19 S\u00fcrecinde Adana \u00d6rne\u011fi B\u00d6L\u00dcM 6 &#8230;&#8230;&#8230;&#8230;&#8230;&#8230;&#8230;&#8230;&#8230;&#8230;&#8230;&#8230;&#8230;&#8230;&#8230;&#8230;&#8230;&#8230;&#8230;&#8230;&#8230;&#8230;&#8230;&#8230;&#8230;&#8230;&#8230;&#8230;&#8230;&#8230;&#8230;&#8230;&#8230;&#8230;&#8230;&#8230;.. 95 \u00c7\u00f6z\u00fcm Odakl\u0131 ve \u00d6yk\u00fcsel Aile Terapisi B\u00d6L\u00dcM 7 &#8230;&#8230;&#8230;&#8230;&#8230;&#8230;&#8230;&#8230;&#8230;&#8230;&#8230;&#8230;&#8230;&#8230;&#8230;&#8230;&#8230;&#8230;&#8230;&#8230;&#8230;&#8230;&#8230;&#8230;&#8230;&#8230;&#8230;&#8230;&#8230;&#8230;&#8230;&#8230;&#8230;&#8230;&#8230;&#8230; 117 Kurumsal \u0130maj ve Kurumsal \u0130tibarin Sadakat ile \u0130li\u015fkisi B\u00d6L\u00dcM 8&#8230;&#8230;&#8230;&#8230;&#8230;&#8230;&#8230;&#8230;&#8230;&#8230;&#8230;&#8230;&#8230;&#8230;&#8230;&#8230;&#8230;&#8230;&#8230;&#8230;&#8230;&#8230;&#8230;&#8230;&#8230;&#8230;&#8230;&#8230;&#8230;&#8230;&#8230;&#8230;&#8230;&#8230;&#8230;&#8230; 131 K\u00fcresel Rekabet Ortam\u0131nda Bili\u015fim Teknolojisinin Tedarik Zinciri Y\u00f6netimi \u00dczerine Etkileri(T\u00fcrkiye Otomotiv Sekt\u00f6r\u00fc Uygulamas\u0131) B\u00d6L\u00dcM 9&#8230;&#8230;&#8230;&#8230;&#8230;&#8230;&#8230;&#8230;&#8230;&#8230;&#8230;&#8230;&#8230;&#8230;&#8230;&#8230;&#8230;&#8230;&#8230;&#8230;&#8230;&#8230;&#8230;&#8230;&#8230;&#8230;&#8230;&#8230;&#8230;&#8230;&#8230;&#8230;&#8230;&#8230;&#8230;&#8230; 151 T\u00fcrkiye\u2019de Medikal Turizm Stratejileri, Yap\u0131lan Yat\u0131r\u0131mlar ve Kar\u015f\u0131la\u015f\u0131lan Sorunlar B\u00d6L\u00dcM 10 &#8230;&#8230;&#8230;&#8230;&#8230;&#8230;&#8230;&#8230;&#8230;&#8230;&#8230;&#8230;&#8230;&#8230;&#8230;&#8230;&#8230;&#8230;&#8230;&#8230;&#8230;&#8230;&#8230;&#8230;&#8230;&#8230;&#8230;&#8230;&#8230;&#8230;&#8230;&#8230;&#8230;&#8230;&#8230; 163 Islah Edici Rekreasyon: Cezaevleri \u00dczerine Kavramsal Bir Ara\u015f\u0131irma B\u00d6L\u00dcM 11 &#8230;&#8230;&#8230;&#8230;&#8230;&#8230;&#8230;&#8230;&#8230;&#8230;&#8230;&#8230;&#8230;&#8230;&#8230;&#8230;&#8230;&#8230;&#8230;&#8230;&#8230;&#8230;&#8230;&#8230;&#8230;&#8230;&#8230;&#8230;&#8230;&#8230;&#8230;&#8230;&#8230;&#8230;&#8230; 179 Nahcivan Devlet Hal\u0131 M\u00fczesii\u0130le Do\u011fu Karadeniz B\u00f6lgesi\u2019ndeki Heybelerin Teknik, Kompozisyon, Motif ve Renk \u00d6zellikleri B\u00d6L\u00dcM 12 &#8230;&#8230;&#8230;&#8230;&#8230;&#8230;&#8230;&#8230;&#8230;&#8230;&#8230;&#8230;&#8230;&#8230;&#8230;&#8230;&#8230;&#8230;&#8230;&#8230;&#8230;&#8230;&#8230;&#8230;&#8230;&#8230;&#8230;&#8230;&#8230;&#8230;&#8230;&#8230;&#8230;&#8230;&#8230; 209 Eski \u0130ngiliz Edebiyat\u0131nda S\u00f6zl\u00fc Gelenek B\u00d6L\u00dcM 13 &#8230;&#8230;&#8230;&#8230;&#8230;&#8230;&#8230;&#8230;&#8230;&#8230;&#8230;&#8230;&#8230;&#8230;&#8230;&#8230;&#8230;&#8230;&#8230;&#8230;&#8230;&#8230;&#8230;&#8230;&#8230;&#8230;&#8230;&#8230;&#8230;&#8230;&#8230;&#8230;&#8230;&#8230;&#8230; 223 Ula\u015fti\u0131ma ve Lojistik \u0130\u015fletmelerinin Misyon \u0130fadelerinin \u0130ncelenmesi \u2013 Capital 500 \u00d6rne\u011fi B\u00d6L\u00dcM 14 &#8230;&#8230;&#8230;&#8230;&#8230;&#8230;&#8230;&#8230;&#8230;&#8230;&#8230;&#8230;&#8230;&#8230;&#8230;&#8230;&#8230;&#8230;&#8230;&#8230;&#8230;&#8230;&#8230;&#8230;&#8230;&#8230;&#8230;&#8230;&#8230;&#8230;&#8230;&#8230;&#8230;&#8230;&#8230; 239 T\u00fcrkiye\u2019deki Gen\u00e7 \u0130\u015fsizler \u00dczerine Saha \u00c7al\u0131\u015fmas\u0131 B\u00d6L\u00dcM 15 &#8230;&#8230;&#8230;&#8230;&#8230;&#8230;&#8230;&#8230;&#8230;&#8230;&#8230;&#8230;&#8230;&#8230;&#8230;&#8230;&#8230;&#8230;&#8230;&#8230;&#8230;&#8230;&#8230;&#8230;&#8230;&#8230;&#8230;&#8230;&#8230;&#8230;&#8230;&#8230;&#8230;&#8230;&#8230; 275 Yapay Zek\u00e2 Ve Klinik Karar Destek Sistemlerinin Sa\u011fl\u0131k Sekt\u00f6r\u00fcndeki Yeri B\u00d6L\u00dcM 16 &#8230;&#8230;&#8230;&#8230;&#8230;&#8230;&#8230;&#8230;&#8230;&#8230;&#8230;&#8230;&#8230;&#8230;&#8230;&#8230;&#8230;&#8230;&#8230;&#8230;&#8230;&#8230;&#8230;&#8230;&#8230;&#8230;&#8230;&#8230;&#8230;&#8230;&#8230;&#8230;&#8230;&#8230;&#8230; 289 Ulusal G\u00fcvenlik &#8211; \u00c7evresel G\u00fcvenlik Ba\u011flam\u0131nda K\u00fcresel \u00c7evre Sorunlar\u0131n\u0131n \u00c7\u00f6z\u00fcm\u00fcnde S\u00fcrd\u00fcr\u00fclebilir G\u00fcvenlik Yakla\u015f\u0131m\u0131 B\u00d6L\u00dcM 17 &#8230;&#8230;&#8230;&#8230;&#8230;&#8230;&#8230;&#8230;&#8230;&#8230;&#8230;&#8230;&#8230;&#8230;&#8230;&#8230;&#8230;&#8230;&#8230;&#8230;&#8230;&#8230;&#8230;&#8230;&#8230;&#8230;&#8230;&#8230;&#8230;&#8230;&#8230;&#8230;&#8230;&#8230;&#8230; 317 Kalite Kavram\u0131na Kavramsal Bak\u0131\u015flar B\u00d6L\u00dcM 18 &#8230;&#8230;&#8230;&#8230;&#8230;&#8230;&#8230;&#8230;&#8230;&#8230;&#8230;&#8230;&#8230;&#8230;&#8230;&#8230;&#8230;&#8230;&#8230;&#8230;&#8230;&#8230;&#8230;&#8230;&#8230;&#8230;&#8230;&#8230;&#8230;&#8230;&#8230;&#8230;&#8230;&#8230;&#8230; 341 Georges-Olivier Ch\u00e2teaureynaud\u2019nun \u201cLa Belle Charbonni\u00e8re\u201d Adl\u0131 \u00d6yk\u00fcs\u00fcnde Fantastik Kuram Uygulay\u0131m\u0131 B\u00d6L\u00dcM 19 &#8230;&#8230;&#8230;&#8230;&#8230;&#8230;&#8230;&#8230;&#8230;&#8230;&#8230;&#8230;&#8230;&#8230;&#8230;&#8230;&#8230;&#8230;&#8230;&#8230;&#8230;&#8230;&#8230;&#8230;&#8230;&#8230;&#8230;&#8230;&#8230;&#8230;&#8230;&#8230;&#8230;&#8230;&#8230; 361 Paris Kald\u0131r\u0131mlar\u0131nda Bir Ritimanalist: Ahmet Hamdi Tanp\u0131nar B\u00d6L\u00dcM 20 &#8230;&#8230;&#8230;&#8230;&#8230;&#8230;&#8230;&#8230;&#8230;&#8230;&#8230;&#8230;&#8230;&#8230;&#8230;&#8230;&#8230;&#8230;&#8230;&#8230;&#8230;&#8230;&#8230;&#8230;&#8230;&#8230;&#8230;&#8230;&#8230;&#8230;&#8230;&#8230;&#8230;&#8230;&#8230; 377 Sa\u011fl\u0131k Turizminde Stratejik \u0130nsan Kaynaklar\u0131 Y\u00f6netiminin Rol\u00fc B\u00d6L\u00dcM 21 &#8230;&#8230;&#8230;&#8230;&#8230;&#8230;&#8230;&#8230;&#8230;&#8230;&#8230;&#8230;&#8230;&#8230;&#8230;&#8230;&#8230;&#8230;&#8230;&#8230;&#8230;&#8230;&#8230;&#8230;&#8230;&#8230;&#8230;&#8230;&#8230;&#8230;&#8230;&#8230;&#8230;&#8230;&#8230; 399 Sosyoloji Alan\u0131nda Yap\u0131lan ve Web Of Science\u2019da \u0130ndekslenen Sosyal De\u011fi\u015fim \u00c7al\u0131\u015fmalar\u0131n\u0131n Bibliyometrik Analizi B\u00d6L\u00dcM 22 &#8230;&#8230;&#8230;&#8230;&#8230;&#8230;&#8230;&#8230;&#8230;&#8230;&#8230;&#8230;&#8230;&#8230;&#8230;&#8230;&#8230;&#8230;&#8230;&#8230;&#8230;&#8230;&#8230;&#8230;&#8230;&#8230;&#8230;&#8230;&#8230;&#8230;&#8230;&#8230;&#8230;&#8230;&#8230; 423 Re\u015fat Nuri G\u00fcntekin\u2019in \u00c7aliku\u015fu Adl\u0131 Roman\u0131nda Deyimler B\u00d6L\u00dcM 23 &#8230;&#8230;&#8230;&#8230;&#8230;&#8230;&#8230;&#8230;&#8230;&#8230;&#8230;&#8230;&#8230;&#8230;&#8230;&#8230;&#8230;&#8230;&#8230;&#8230;&#8230;&#8230;&#8230;&#8230;&#8230;&#8230;&#8230;&#8230;&#8230;&#8230;&#8230;&#8230;&#8230;&#8230;&#8230; 463 Say\u0131 Simgecili\u011fi ve \u0130\u015flevleri Ba\u011flam\u0131nda \u00d6zbek T\u00fcrklerinin Masallarinda Say\u0131lar B\u00d6L\u00dcM 24 &#8230;&#8230;&#8230;&#8230;&#8230;&#8230;&#8230;&#8230;&#8230;&#8230;&#8230;&#8230;&#8230;&#8230;&#8230;&#8230;&#8230;&#8230;&#8230;&#8230;&#8230;&#8230;&#8230;&#8230;&#8230;&#8230;&#8230;&#8230;&#8230;&#8230;&#8230;&#8230;&#8230;&#8230;&#8230; 485 Yiyecek \u0130\u00e7ecek Faaliyetlerine \u0130statistiklerle Bak\u0131\u015f B\u00d6L\u00dcM 25 &#8230;&#8230;&#8230;&#8230;&#8230;&#8230;&#8230;&#8230;&#8230;&#8230;&#8230;&#8230;&#8230;&#8230;&#8230;&#8230;&#8230;&#8230;&#8230;&#8230;&#8230;&#8230;&#8230;&#8230;&#8230;&#8230;&#8230;&#8230;&#8230;&#8230;&#8230;&#8230;&#8230;&#8230;&#8230; 499 K\u00fcresel Kriz D\u00f6nemlerinde Marka G\u00fcveni ve Marka \u00d6zde\u015fle\u015fmesinin Slogan Hat\u0131rlama D\u00fczeyine Etkisi: Covid-19 S\u00fcrecinde Yay\u0131nlanan Reklam Sloganlar\u0131 \u00dczerine Bir Ara\u015ft\u0131rma B\u00d6L\u00dcM 26 &#8230;&#8230;&#8230;&#8230;&#8230;&#8230;&#8230;&#8230;&#8230;&#8230;&#8230;&#8230;&#8230;&#8230;&#8230;&#8230;&#8230;&#8230;&#8230;&#8230;&#8230;&#8230;&#8230;&#8230;&#8230;&#8230;&#8230;&#8230;&#8230;&#8230;&#8230;&#8230;&#8230;&#8230;&#8230; 534 Gerontolojik Perspektiften Ya\u015fl\u0131l\u0131k, G\u00f6\u00e7 ve Sosyal Hizmetler B\u00d6L\u00dcM 27 &#8230;&#8230;&#8230;&#8230;&#8230;&#8230;&#8230;&#8230;&#8230;&#8230;&#8230;&#8230;&#8230;&#8230;&#8230;&#8230;&#8230;&#8230;&#8230;&#8230;&#8230;&#8230;&#8230;&#8230;&#8230;&#8230;&#8230;&#8230;&#8230;&#8230;&#8230;&#8230;&#8230;&#8230;&#8230; 550 T\u00fcrk Kimli\u011fi ve K\u0131br\u0131s\u2019ta T\u00fcrk Kimli\u011finin Varolu\u015f S\u00fcreci (1955-1974) B\u00d6L\u00dcM 28 &#8230;&#8230;&#8230;&#8230;&#8230;&#8230;&#8230;&#8230;&#8230;&#8230;&#8230;&#8230;&#8230;&#8230;&#8230;&#8230;&#8230;&#8230;&#8230;&#8230;&#8230;&#8230;&#8230;&#8230;&#8230;&#8230;&#8230;&#8230;&#8230;&#8230;&#8230;&#8230;&#8230;&#8230;&#8230; 564 T\u00fcrkiye\u2019de Yeti\u015fkinlerde Sigara T\u00fcketim Talebinin Modellemesi: Tobit Modeli \u00d6rne\u011fi B\u00d6L\u00dcM 29 &#8230;&#8230;&#8230;&#8230;&#8230;&#8230;&#8230;&#8230;&#8230;&#8230;&#8230;&#8230;&#8230;&#8230;&#8230;&#8230;&#8230;&#8230;&#8230;&#8230;&#8230;&#8230;&#8230;&#8230;&#8230;&#8230;&#8230;&#8230;&#8230;&#8230;&#8230;&#8230;&#8230;&#8230;&#8230; 587 Ar\u0131 \u00dcr\u00fcnlerinin T\u00fcrk Mutfa\u011f\u0131nda Kullan\u0131m\u0131 B\u00d6L\u00dcM 30 &#8230;&#8230;&#8230;&#8230;&#8230;&#8230;&#8230;&#8230;&#8230;&#8230;&#8230;&#8230;&#8230;&#8230;&#8230;&#8230;&#8230;&#8230;&#8230;&#8230;&#8230;&#8230;&#8230;&#8230;&#8230;&#8230;&#8230;&#8230;&#8230;&#8230;&#8230;&#8230;&#8230;&#8230;&#8230; 607 Somut Olmayan K\u00fclt\u00fcrel Miras Olarak Halk Takvimi -\u015eeb-i Yelda\u2019dan Ruz-\u0131 Yelda\u2019ya &#8211; B\u00d6L\u00dcM 31 &#8230;&#8230;&#8230;&#8230;&#8230;&#8230;&#8230;&#8230;&#8230;&#8230;&#8230;&#8230;&#8230;&#8230;&#8230;&#8230;&#8230;&#8230;&#8230;&#8230;&#8230;&#8230;&#8230;&#8230;&#8230;&#8230;&#8230;&#8230;&#8230;&#8230;&#8230;&#8230;&#8230;&#8230;&#8230; 623 K\u00fclt\u00fcrel Co\u011frafyada Yer ve Mek\u00e2n Kavram\u0131 B\u00d6L\u00dcM 32 &#8230;&#8230;&#8230;&#8230;&#8230;&#8230;&#8230;&#8230;&#8230;&#8230;&#8230;&#8230;&#8230;&#8230;&#8230;&#8230;&#8230;&#8230;&#8230;&#8230;&#8230;&#8230;&#8230;&#8230;&#8230;&#8230;&#8230;&#8230;&#8230;&#8230;&#8230;&#8230;&#8230;&#8230;&#8230; 643 Paleoyangin G\u00f6stergeleri: Odun K\u00f6m\u00fcr\u00fc Kay\u0131tlar\u0131 B\u00d6L\u00dcM 33 &#8230;&#8230;&#8230;&#8230;&#8230;&#8230;&#8230;&#8230;&#8230;&#8230;&#8230;&#8230;&#8230;&#8230;&#8230;&#8230;&#8230;&#8230;&#8230;&#8230;&#8230;&#8230;&#8230;&#8230;&#8230;&#8230;&#8230;&#8230;&#8230;&#8230;&#8230;&#8230;&#8230;&#8230;&#8230; 659 Cumhuriyet\u2019ten G\u00fcn\u00fcm\u00fcze T\u00fct\u00fcn Tar\u0131m\u0131 ve G\u00f6\u00e7 \u0130li\u015fkisi: Ala\u00e7am (Samsun) \u00d6rne\u011fi B\u00d6L\u00dcM 34 &#8230;&#8230;&#8230;&#8230;&#8230;&#8230;&#8230;&#8230;&#8230;&#8230;&#8230;&#8230;&#8230;&#8230;&#8230;&#8230;&#8230;&#8230;&#8230;&#8230;&#8230;&#8230;&#8230;&#8230;&#8230;&#8230;&#8230;&#8230;&#8230;&#8230;&#8230;&#8230;&#8230;&#8230;&#8230; 677 Mesnevi Penceresinde Hz. Muhammed B\u00d6L\u00dcM 35 &#8230;&#8230;&#8230;&#8230;&#8230;&#8230;&#8230;&#8230;&#8230;&#8230;&#8230;&#8230;&#8230;&#8230;&#8230;&#8230;&#8230;&#8230;&#8230;&#8230;&#8230;&#8230;&#8230;&#8230;&#8230;&#8230;&#8230;&#8230;&#8230;&#8230;&#8230;&#8230;&#8230;&#8230;&#8230; 717 Y\u0131k\u0131c\u0131 Teknolojiler Uluslararas\u0131 Rekabette Kobi\u2019ler i\u00e7in Bir F\u0131rsat m\u0131? B\u00d6L\u00dcM 36 &#8230;&#8230;&#8230;&#8230;&#8230;&#8230;&#8230;&#8230;&#8230;&#8230;&#8230;&#8230;&#8230;&#8230;&#8230;&#8230;&#8230;&#8230;&#8230;&#8230;&#8230;&#8230;&#8230;&#8230;&#8230;&#8230;&#8230;&#8230;&#8230;&#8230;&#8230;&#8230;&#8230;&#8230;&#8230; 737 Turizmde Ekolojik S\u00fcrd\u00fcr\u00fclebilirlik ve Teknoloji \u0130li\u015fkisi B\u00d6L\u00dcM 37 &#8230;&#8230;&#8230;&#8230;&#8230;&#8230;&#8230;&#8230;&#8230;&#8230;&#8230;&#8230;&#8230;&#8230;&#8230;&#8230;&#8230;&#8230;&#8230;&#8230;&#8230;&#8230;&#8230;&#8230;&#8230;&#8230;&#8230;&#8230;&#8230;&#8230;&#8230;&#8230;&#8230;&#8230;&#8230; 759 T\u00fcrkiye\u2019de Deprem Sonrasi V-ve Arama Kurtarma S\u00fcrecinin Etkin Y\u00f6netimi ve Organizasyonu B\u00d6L\u00dcM 38 &#8230;&#8230;&#8230;&#8230;&#8230;&#8230;&#8230;&#8230;&#8230;&#8230;&#8230;&#8230;&#8230;&#8230;&#8230;&#8230;&#8230;&#8230;&#8230;&#8230;&#8230;&#8230;&#8230;&#8230;&#8230;&#8230;&#8230;&#8230;&#8230;&#8230;&#8230;&#8230;&#8230;&#8230;&#8230; 780 Fiziksel Geli\u015fim ve Ergenlik D\u00f6nemi B\u00d6L\u00dcM 39 &#8230;&#8230;&#8230;&#8230;&#8230;&#8230;&#8230;&#8230;&#8230;&#8230;&#8230;&#8230;&#8230;&#8230;&#8230;&#8230;&#8230;&#8230;&#8230;&#8230;&#8230;&#8230;&#8230;&#8230;&#8230;&#8230;&#8230;&#8230;&#8230;&#8230;&#8230;&#8230;&#8230;&#8230;&#8230; 805 K\u00fcresel Ticarette Zeytinya\u011f\u0131 Sekt\u00f6r\u00fc ve T\u00fcrkiye\u2019nin Yeri Elif B\u00d6L\u00dcM 40 &#8230;&#8230;&#8230;&#8230;&#8230;&#8230;&#8230;&#8230;&#8230;&#8230;&#8230;&#8230;&#8230;&#8230;&#8230;&#8230;&#8230;&#8230;&#8230;&#8230;&#8230;&#8230;&#8230;&#8230;&#8230;&#8230;&#8230;&#8230;&#8230;&#8230;&#8230;&#8230;&#8230;&#8230;&#8230; 829 Gerilla Halkla \u0130li\u015fkiler Uygulamalar\u0131 <\/p>\n","protected":false},"excerpt":{"rendered":"<p>\u0130\u00e7indekiler B\u00d6L\u00dcM 1 &#8230;&#8230;&#8230;&#8230;&#8230;&#8230;&#8230;&#8230;&#8230;&#8230;&#8230;&#8230;&#8230;&#8230;&#8230;&#8230;&#8230;&#8230;&#8230;&#8230;&#8230;&#8230;&#8230;&#8230;&#8230;&#8230;&#8230;&#8230;&#8230;&#8230;&#8230;&#8230;&#8230;&#8230;&#8230;&#8230;&#8230;.. 9 \u0130\u015fletmelerde De\u011fi\u015fim Y\u00f6netimi Dr. \u00d6\u011fr. \u00dcyesi B\u00d6L\u00dcM 2 &#8230;&#8230;&#8230;&#8230;&#8230;&#8230;&#8230;&#8230;&#8230;&#8230;&#8230;&#8230;&#8230;&#8230;&#8230;&#8230;&#8230;&#8230;&#8230;&#8230;&#8230;&#8230;&#8230;&#8230;&#8230;&#8230;&#8230;&#8230;&#8230;&#8230;&#8230;&#8230;&#8230;&#8230;&#8230;&#8230;.. 29 Jean Baudrillard\u2019in Sim\u00fclasyon Evreni Doktora \u00d6\u011frencisi Dr. \u00d6\u011fr. \u00dcyesi B\u00d6L\u00dcM 3<span class=\"excerpt-hellip\"> [\u2026]<\/span><\/p>\n","protected":false},"featured_media":0,"template":"","meta":{"_monsterinsights_skip_tracking":false,"_monsterinsights_sitenote_active":false,"_monsterinsights_sitenote_note":"","_monsterinsights_sitenote_category":0},"product_brand":[],"product_cat":[13005,40995],"product_tag":[],"class_list":{"0":"post-750380","1":"product","2":"type-product","3":"status-publish","5":"product_cat-bilim-muhendislik","6":"product_cat-sosyal-bilimler","7":"pa_cilt-ciltsiz","8":"pa_tur-kitap","9":"pa_yayinevi-platanus-publishing","10":"pa_yazar-kolektif","12":"first","13":"instock","14":"sale","15":"shipping-taxable","16":"purchasable","17":"product-type-simple"},"_links":{"self":[{"href":"https:\/\/roveyayinevi.com.tr\/index.php\/wp-json\/wp\/v2\/product\/750380","targetHints":{"allow":["GET"]}}],"collection":[{"href":"https:\/\/roveyayinevi.com.tr\/index.php\/wp-json\/wp\/v2\/product"}],"about":[{"href":"https:\/\/roveyayinevi.com.tr\/index.php\/wp-json\/wp\/v2\/types\/product"}],"wp:attachment":[{"href":"https:\/\/roveyayinevi.com.tr\/index.php\/wp-json\/wp\/v2\/media?parent=750380"}],"wp:term":[{"taxonomy":"product_brand","embeddable":true,"href":"https:\/\/roveyayinevi.com.tr\/index.php\/wp-json\/wp\/v2\/product_brand?post=750380"},{"taxonomy":"product_cat","embeddable":true,"href":"https:\/\/roveyayinevi.com.tr\/index.php\/wp-json\/wp\/v2\/product_cat?post=750380"},{"taxonomy":"product_tag","embeddable":true,"href":"https:\/\/roveyayinevi.com.tr\/index.php\/wp-json\/wp\/v2\/product_tag?post=750380"}],"curies":[{"name":"wp","href":"https:\/\/api.w.org\/{rel}","templated":true}]}}