{"id":750306,"date":"2025-08-28T04:17:44","date_gmt":"2025-08-28T01:17:44","guid":{"rendered":"https:\/\/roveyayinevi.com.tr\/index.php\/urun\/sultan-ii-abdulhamid\/"},"modified":"2026-04-16T03:03:37","modified_gmt":"2026-04-16T00:03:37","slug":"sultan-ii-abdulhamid","status":"publish","type":"product","link":"https:\/\/roveyayinevi.com.tr\/index.php\/urun\/sultan-ii-abdulhamid\/","title":{"rendered":"Sultan II. Abd\u00fclhamid"},"content":{"rendered":"<p>Sultan II. Abd\u00fclhamid: Arafta Bir H\u00fcnk\u00e2r Modern T\u00fcrk tarih\u00e7ili\u011finin pop\u00fcler konular\u0131n\u0131n ba\u015f\u0131nda gelen ve fazlas\u0131yla yaz\u0131l\u0131p \u00e7izilen Sultan II. Abd\u00fclhamid hakk\u0131nda yeni bir kitaba ne gerek vard\u0131, diye d\u00fc\u015f\u00fcnebilirsiniz. Fakat Sultan II. Abd\u00fclhamid: Arafta Bir H\u00fcnk\u00e2r\u2019\u0131 okudu\u011funuzda ne kadar farkl\u0131 oldu\u011funu g\u00f6receksiniz. Sultan II. Abd\u00fclhamid ve d\u00f6nemi hakk\u0131nda makro ve mikro d\u00fczeyde yeni bilgileri ve yorumlar\u0131 fark edeceksiniz. Ki\u015fisel \u00f6zellikleri \u00fczerinden veliahtl\u0131\u011f\u0131n\u0131n ve h\u00fck\u00fcmdarl\u0131\u011f\u0131n\u0131n b\u00fct\u00fcn olarak ele al\u0131nd\u0131\u011f\u0131n\u0131; h\u00fck\u00fcmdarl\u0131\u011f\u0131 ile d\u00f6nemi izah edilirken psikolojik ve sosyal psikolojik de\u011ferlendirmeleri okuyacaks\u0131n\u0131z. \u00c7ocuklu\u011fu ve gen\u00e7li\u011fi nas\u0131l ge\u00e7ti? Gen\u00e7 ya\u015ftaki annesinin ve babas\u0131n\u0131n veremden, ilk \u00e7o\u011funun da yanarak vefat etmesi onu nas\u0131l etkiledi? Hangi ki\u015fisel \u00f6zelliklere sahipti, bunlar h\u00fck\u00fcmdarl\u0131\u011f\u0131n\u0131 ve d\u00f6nemini nas\u0131l belirledi? G\u00fcnl\u00fck hayat\u0131 nas\u0131ld\u0131? Veliahdl\u0131\u011f\u0131 s\u00fcrecinde h\u00fck\u00fcmetle ve \u0130ngilizlerle hangi g\u00f6r\u00fc\u015fmeleri y\u00fcr\u00fctt\u00fc? \u0130\u00e7 siyasette Abd\u00fclhamid\u00ee y\u00f6netim ile J\u00f6n T\u00fcrkler aras\u0131ndaki m\u00fccadelenin maliyeti ne oldu? Etkili bir istihbarat te\u015fkilat\u0131 kurabilmi\u015f ve Panislamc\u0131 d\u0131\u015f-i\u00e7 siyaset takip edebilmi\u015f miydi? D\u0131\u015f siyasette \u0130ngiliz gelene\u011finden Alman gelene\u011fine neden ge\u00e7ti? E\u011fitim ve k\u00fclt\u00fcrel modernle\u015fme yoluyla modern toplumsal d\u00f6n\u00fc\u015f\u00fcm\u00fc nas\u0131l etkiledi? D\u00f6nemin uzman\u0131 Prof. Dr. Necmettin Alkan, Sultan II. Abd\u00fclhamid\u2019in hayat\u0131n\u0131 do\u011fumundan \u00f6l\u00fcm\u00fcne kadar ele almakla kalm\u0131yor, ki\u015fili\u011fine dair analizler de yap\u0131yor. Kitapta Abd\u00fclhamid\u00ee d\u00f6nemi olu\u015fturan \u015fartlar g\u00f6z \u00f6n\u00fcne seriliyor. II. Abd\u00fclhamid\u2019in tahta \u00e7\u0131kt\u0131\u011f\u0131 s\u0131ralarda Osmanl\u0131 Devleti\u2019nin siyas\u00ee, asker\u00ee, iktisad\u00ee ve diplomatik durumu genel hatlar\u0131yla tespit ediliyor. Sultan Hamid\u2019in \u00e7ocuklu\u011fu, gen\u00e7li\u011fi ve ki\u015fili\u011fi anlat\u0131larak h\u00fck\u00fcmdarl\u0131\u011f\u0131n\u0131 nas\u0131l etkiledi\u011fi tart\u0131\u015f\u0131l\u0131yor. Psikolojik analizlerin de bulundu\u011fu Sultan II. Abd\u00fclhamid biyografisinde \u00e2deta Osmanl\u0131\u2019n\u0131n panoramas\u0131 da \u00e7iziliyor. Prof. Dr. Necmettin Alkan, Sultan II. Abd\u00fclhamid: Arafta Bir H\u00fcnk\u00e2r adl\u0131 kitab\u0131yla spek\u00fclatif tart\u0131\u015fmalara ve abart\u0131l\u0131 yakla\u015f\u0131mlara girmeden; g\u00fcnl\u00fck siyas\u00ee endi\u015felerden ve kavgalardan uzak bir Sultan II. Abd\u00fclhamid biyografisini sizler i\u00e7in kaleme ald\u0131. <\/p>\n","protected":false},"excerpt":{"rendered":"<p>Sultan II. Abd\u00fclhamid: Arafta Bir H\u00fcnk\u00e2r Modern T\u00fcrk tarih\u00e7ili\u011finin pop\u00fcler konular\u0131n\u0131n ba\u015f\u0131nda gelen ve fazlas\u0131yla yaz\u0131l\u0131p \u00e7izilen Sultan II. Abd\u00fclhamid hakk\u0131nda yeni bir kitaba ne gerek<span class=\"excerpt-hellip\"> [\u2026]<\/span><\/p>\n","protected":false},"featured_media":0,"template":"","meta":{"_monsterinsights_skip_tracking":false,"_monsterinsights_sitenote_active":false,"_monsterinsights_sitenote_note":"","_monsterinsights_sitenote_category":0},"product_brand":[],"product_cat":[13517,12304],"product_tag":[],"class_list":{"0":"post-750306","1":"product","2":"type-product","3":"status-publish","5":"product_cat-osmanli-tarihi","6":"product_cat-tarih","7":"pa_cilt-ciltsiz","8":"pa_tur-kitap","9":"pa_yayinevi-kronik-kitap","10":"pa_yazar-necmettin-alkan","12":"first","13":"instock","14":"sale","15":"shipping-taxable","16":"purchasable","17":"product-type-simple"},"_links":{"self":[{"href":"https:\/\/roveyayinevi.com.tr\/index.php\/wp-json\/wp\/v2\/product\/750306","targetHints":{"allow":["GET"]}}],"collection":[{"href":"https:\/\/roveyayinevi.com.tr\/index.php\/wp-json\/wp\/v2\/product"}],"about":[{"href":"https:\/\/roveyayinevi.com.tr\/index.php\/wp-json\/wp\/v2\/types\/product"}],"wp:attachment":[{"href":"https:\/\/roveyayinevi.com.tr\/index.php\/wp-json\/wp\/v2\/media?parent=750306"}],"wp:term":[{"taxonomy":"product_brand","embeddable":true,"href":"https:\/\/roveyayinevi.com.tr\/index.php\/wp-json\/wp\/v2\/product_brand?post=750306"},{"taxonomy":"product_cat","embeddable":true,"href":"https:\/\/roveyayinevi.com.tr\/index.php\/wp-json\/wp\/v2\/product_cat?post=750306"},{"taxonomy":"product_tag","embeddable":true,"href":"https:\/\/roveyayinevi.com.tr\/index.php\/wp-json\/wp\/v2\/product_tag?post=750306"}],"curies":[{"name":"wp","href":"https:\/\/api.w.org\/{rel}","templated":true}]}}