{"id":750261,"date":"2025-08-28T04:16:32","date_gmt":"2025-08-28T01:16:32","guid":{"rendered":"https:\/\/roveyayinevi.com.tr\/index.php\/urun\/nietzsche-4\/"},"modified":"2026-04-16T03:03:36","modified_gmt":"2026-04-16T00:03:36","slug":"nietzsche-4","status":"publish","type":"product","link":"https:\/\/roveyayinevi.com.tr\/index.php\/urun\/nietzsche-4\/","title":{"rendered":"Nietzsche"},"content":{"rendered":"<p>D\u00fcnya \u00fczerine gelip ge\u00e7mi\u015f b\u00fct\u00fcn felsefeciler aras\u0131nda, \u201cfilozof\u201d, hatta \u201cfeylosof\u201d tan\u0131m\u0131na en \u00e7ok lay\u0131k olan\u0131, herhalde aslen felsefeci de\u011fil, klasik filolog olan Friedrich Nietzsche\u2019dir (1844-1900). \u00dcretken hayat\u0131 boyunca H\u0131ristiyanl\u0131kla b\u00fct\u00fcnle\u015fmi\u015f Bat\u0131 k\u00fclt\u00fcr\u00fcyle bo\u011fu\u015fan Nietzsche, bu k\u00fclt\u00fcre bir itirazdan ibaret olan k\u00fclliyat\u0131n\u0131, kimi zaman y\u0131k\u0131c\u0131 ve sert, kimi zaman yumu\u015fak ve incelikli ama her zaman \u00e7arp\u0131c\u0131 \u00fcslubuyla kaleme alm\u0131\u015ft\u0131r. Felsefesinin temeli, ne kadar k\u00f6kle\u015fmi\u015f olursa olsun, insan\u0131n co\u015fkun enerjisini engelleyen her t\u00fcrl\u00fc \u00f6\u011fretinin sorgulan\u0131p ay\u0131klanmas\u0131 ve bunun yerine \u201chayat\u0131n olumlanmas\u0131\u201dd\u0131r. Bu kapsamda Apollon-Dionysos ikili\u011fi, g\u00fc\u00e7 istenci, bengi d\u00f6n\u00fc\u015f, \u00fcstinsan gibi anahtar kavramlar e\u015fli\u011finde olu\u015fturdu\u011fu felsefesinde kendini Deccal ilan edip Tanr\u0131\u2019n\u0131n \u00f6ld\u00fc\u011f\u00fcn\u00fc ileri s\u00fcrerek Zerd\u00fc\u015ft kimli\u011fiyle Bat\u0131 k\u00fclt\u00fcr\u00fcn\u00fc \u0131slah etmeye giri\u015fmi\u015ftir. Nietzsche\u2019nin d\u00fc\u015f\u00fcncelerini d\u00f6neminin ba\u011flam\u0131na (Prusya militarizminin, Darwinci bilimin, antisemitizmin, gen\u00e7lik ve \u00f6zg\u00fcrl\u00fck hareketlerinin y\u00fckseli\u015fi) yerle\u015ftiren elinizdeki biyografi, bahts\u0131z filozofun hayat\u0131n\u0131 b\u00fct\u00fcn boyutlar\u0131yla anlatmaktad\u0131r. Lou Salom\u00e9\u2019ye duydu\u011fu umutsuz a\u015fk\u0131n ki\u015fili\u011fi \u00fczerindeki yak\u0131c\u0131 etkisini dile getirmekte, k\u0131rk d\u00f6rt ya\u015f\u0131nda akl\u0131n\u0131 yitirmesinin sebeplerini anlamaya \u00e7al\u0131\u015fmaktad\u0131r. \u00d6l\u00fcm\u00fcn\u00fcn ard\u0131ndan d\u00fc\u015f\u00fcnsel miras\u0131na el koyan k\u0131z karde\u015fi taraf\u0131ndan \u00e7arp\u0131t\u0131larak Nazizme felsefi payanda haline getirilen ve bu prangadan ancak on y\u0131llar sonra kurtulan eserlerini, b\u00fct\u00fcn alt anlamlar\u0131yla birlikte titizlikle ele al\u0131p incelemektedir. 19-20. y\u00fczy\u0131l Alman felsefesi uzman\u0131 olan yazar Profes\u00f6r Julian Young, Nietzsche\u2019nin hayat\u0131 ve felsefesine dair bug\u00fcne kadar yaz\u0131lm\u0131\u015f bu en kapsaml\u0131 biyografisinde \u00f6zel bir b\u00f6l\u00fcmleme yapm\u0131\u015ft\u0131r. B\u00f6ylece isteyen okur Nietzsche\u2019nin sadece hayat\u0131yla, isteyen de sadece eserleriyle ilgili b\u00f6l\u00fcmleri okuyabilir. Elbette yazar\u0131n dile\u011fi, \u00fcnl\u00fc filozofun hem sars\u0131c\u0131 eserlerinin, hem de dokunakl\u0131 hayat\u0131n\u0131n okunmas\u0131d\u0131r. <\/p>\n","protected":false},"excerpt":{"rendered":"<p>D\u00fcnya \u00fczerine gelip ge\u00e7mi\u015f b\u00fct\u00fcn felsefeciler aras\u0131nda, \u201cfilozof\u201d, hatta \u201cfeylosof\u201d tan\u0131m\u0131na en \u00e7ok lay\u0131k olan\u0131, herhalde aslen felsefeci de\u011fil, klasik filolog olan Friedrich Nietzsche\u2019dir (1844-1900). \u00dcretken<span class=\"excerpt-hellip\"> [\u2026]<\/span><\/p>\n","protected":false},"featured_media":0,"template":"","meta":{"_monsterinsights_skip_tracking":false,"_monsterinsights_sitenote_active":false,"_monsterinsights_sitenote_note":"","_monsterinsights_sitenote_category":0},"product_brand":[],"product_cat":[14009,12291],"product_tag":[],"class_list":{"0":"post-750261","1":"product","2":"type-product","3":"status-publish","5":"product_cat-biyografi-otobiyografi-edebiyat","6":"product_cat-edebiyat","7":"pa_cilt-ciltsiz","8":"pa_tur-kitap","9":"pa_yayinevi-is-bankasi-kultur-yayinlari","10":"pa_yazar-julian-young","12":"first","13":"instock","14":"sale","15":"shipping-taxable","16":"purchasable","17":"product-type-simple"},"_links":{"self":[{"href":"https:\/\/roveyayinevi.com.tr\/index.php\/wp-json\/wp\/v2\/product\/750261","targetHints":{"allow":["GET"]}}],"collection":[{"href":"https:\/\/roveyayinevi.com.tr\/index.php\/wp-json\/wp\/v2\/product"}],"about":[{"href":"https:\/\/roveyayinevi.com.tr\/index.php\/wp-json\/wp\/v2\/types\/product"}],"wp:attachment":[{"href":"https:\/\/roveyayinevi.com.tr\/index.php\/wp-json\/wp\/v2\/media?parent=750261"}],"wp:term":[{"taxonomy":"product_brand","embeddable":true,"href":"https:\/\/roveyayinevi.com.tr\/index.php\/wp-json\/wp\/v2\/product_brand?post=750261"},{"taxonomy":"product_cat","embeddable":true,"href":"https:\/\/roveyayinevi.com.tr\/index.php\/wp-json\/wp\/v2\/product_cat?post=750261"},{"taxonomy":"product_tag","embeddable":true,"href":"https:\/\/roveyayinevi.com.tr\/index.php\/wp-json\/wp\/v2\/product_tag?post=750261"}],"curies":[{"name":"wp","href":"https:\/\/api.w.org\/{rel}","templated":true}]}}