{"id":750249,"date":"2025-08-28T04:16:13","date_gmt":"2025-08-28T01:16:13","guid":{"rendered":"https:\/\/roveyayinevi.com.tr\/index.php\/urun\/kapitalizm-elestirel-kuram-cercevesinde-bir-soylesi\/"},"modified":"2026-04-16T03:03:36","modified_gmt":"2026-04-16T00:03:36","slug":"kapitalizm-elestirel-kuram-cercevesinde-bir-soylesi","status":"publish","type":"product","link":"https:\/\/roveyayinevi.com.tr\/index.php\/urun\/kapitalizm-elestirel-kuram-cercevesinde-bir-soylesi\/","title":{"rendered":"Kapitalizm: Ele\u015ftirel Kuram \u00c7er\u00e7evesinde Bir S\u00f6yle\u015fi"},"content":{"rendered":"<p>\u201cSorunlara bo\u011fulmu\u015f \u00e7a\u011fda\u015f kapitalizmin temel s\u0131k\u0131nt\u0131lar\u0131n\u0131n nas\u0131l ortaya koyulaca\u011f\u0131na dair, iki se\u00e7kin akademisyen aras\u0131nda ilgi \u00e7ekici ve derinlemesine bir s\u00f6yle\u015fi.\u201dDavid Harvey\u201cD\u00fcnya, toplumsal, ekolojik, siyasal, uygarl\u0131kla ilgili pek \u00e7ok say\u0131da krizin kas\u0131rgas\u0131na kap\u0131lm\u0131\u015f durumdayken, acil olarak elimizi ta\u015f\u0131n alt\u0131na koymam\u0131z ve kayna\u011f\u0131 kapatmam\u0131z gerekiyor. Bu kitapta, ele\u015ftirel kuram\u0131n en g\u00fc\u00e7l\u00fc d\u00fc\u015f\u00fcn\u00fcrlerinden ikisi parmaklar\u0131n\u0131 kapitalizme do\u011frultuyor. \u00d6zellikle Fraser, onlars\u0131z ya\u015fayamayaca\u011f\u0131 ve y\u0131kmaktan ka\u00e7amayaca\u011f\u0131 birka\u00e7 gizli meskene dayanan bir sistem olarak kapitalizmin \u00e7\u0131\u011f\u0131r a\u00e7\u0131c\u0131 \u2018birle\u015ftirici\u2019 kuram\u0131n\u0131 detayland\u0131r\u0131yor. Bu, kontrolden \u00e7\u0131kan bir d\u00fcnyada, ihtiyac\u0131m\u0131z olan t\u00fcrden \u00f6l\u00e7\u00fcl\u00fc ve tutkulu bir d\u00fc\u015f\u00fcnce.\u201dAndreas MalmYirmi birinci y\u00fczy\u0131la gelindi\u011finde kapitalizm, hayatta kalma \u015fans\u0131m\u0131z\u0131 zorlayan, giderek derinle\u015fen, \u00fcst \u00fcste binen -ekolojik, politik, sosyal- bir krizler \u00e7a\u011f\u0131 getirdi. Siyaset felsefecileri Nancy Fraser ve Rahel Jaeggi, bu muhte\u015fem ve geni\u015f kapsaml\u0131 s\u00f6yle\u015fide, kapitalizmi y\u0131k\u0131m\u0131n kayna\u011f\u0131 olarak tan\u0131ml\u0131yor ve onun i\u00e7sel kriz e\u011filimini inceliyorlar. Tarih, ele\u015ftirel kuram, ekoloji, feminizm ve siyaset kuram\u0131n\u0131 bir araya getiren Fraser ve Jaeggi, kapitalizmin ba\u011f\u0131ml\u0131 olanlar\u0131 ay\u0131rma e\u011filiminin -insan\u0131 insan olmayan do\u011fadan, meta \u00fcretiminden ve toplumsal yeniden \u00fcretimden-, kapitalizmin kriz e\u011filiminin merkezinde yer ald\u0131\u011f\u0131n\u0131 ke\u015ffediyorlar. Fraser ve Jaeggi, bu \u2018s\u0131n\u0131r m\u00fccadelelerinin\u2019 kapitalizmin en y\u0131k\u0131c\u0131 g\u00fcc\u00fcn\u00fc olu\u015fturduklar\u0131n\u0131, fakat ayn\u0131 zamanda da m\u00fccadele eden bir sol hareketin y\u0131k\u0131m\u0131 durdurabilece\u011fi ve \u00e7ok ihtiya\u00e7 duydu\u011fumuz kapitalist olmayan bir gelece\u011fi in\u015fa edebilece\u011fi alanlar olduklar\u0131n\u0131 s\u00f6yl\u00fcyorlar.   <\/p>\n","protected":false},"excerpt":{"rendered":"<p>\u201cSorunlara bo\u011fulmu\u015f \u00e7a\u011fda\u015f kapitalizmin temel s\u0131k\u0131nt\u0131lar\u0131n\u0131n nas\u0131l ortaya koyulaca\u011f\u0131na dair, iki se\u00e7kin akademisyen aras\u0131nda ilgi \u00e7ekici ve derinlemesine bir s\u00f6yle\u015fi.\u201dDavid Harvey\u201cD\u00fcnya, toplumsal, ekolojik, siyasal, uygarl\u0131kla ilgili<span class=\"excerpt-hellip\"> [\u2026]<\/span><\/p>\n","protected":false},"featured_media":0,"template":"","meta":{"_monsterinsights_skip_tracking":false,"_monsterinsights_sitenote_active":false,"_monsterinsights_sitenote_note":"","_monsterinsights_sitenote_category":0},"product_brand":[],"product_cat":[12291,30969],"product_tag":[],"class_list":{"0":"post-750249","1":"product","2":"type-product","3":"status-publish","5":"product_cat-edebiyat","6":"product_cat-soylesi-edebiyat","7":"pa_cilt-ciltsiz","8":"pa_tur-kitap","9":"pa_yayinevi-nika-yayinevi","10":"pa_yazar-nancy-fraser-rahel-jaeggi","12":"first","13":"instock","14":"sale","15":"shipping-taxable","16":"purchasable","17":"product-type-simple"},"_links":{"self":[{"href":"https:\/\/roveyayinevi.com.tr\/index.php\/wp-json\/wp\/v2\/product\/750249","targetHints":{"allow":["GET"]}}],"collection":[{"href":"https:\/\/roveyayinevi.com.tr\/index.php\/wp-json\/wp\/v2\/product"}],"about":[{"href":"https:\/\/roveyayinevi.com.tr\/index.php\/wp-json\/wp\/v2\/types\/product"}],"wp:attachment":[{"href":"https:\/\/roveyayinevi.com.tr\/index.php\/wp-json\/wp\/v2\/media?parent=750249"}],"wp:term":[{"taxonomy":"product_brand","embeddable":true,"href":"https:\/\/roveyayinevi.com.tr\/index.php\/wp-json\/wp\/v2\/product_brand?post=750249"},{"taxonomy":"product_cat","embeddable":true,"href":"https:\/\/roveyayinevi.com.tr\/index.php\/wp-json\/wp\/v2\/product_cat?post=750249"},{"taxonomy":"product_tag","embeddable":true,"href":"https:\/\/roveyayinevi.com.tr\/index.php\/wp-json\/wp\/v2\/product_tag?post=750249"}],"curies":[{"name":"wp","href":"https:\/\/api.w.org\/{rel}","templated":true}]}}