{"id":750182,"date":"2025-08-28T04:14:04","date_gmt":"2025-08-28T01:14:04","guid":{"rendered":"https:\/\/roveyayinevi.com.tr\/index.php\/urun\/osmanlida-devletlerarasi-iliskiler-2-ciltli\/"},"modified":"2026-04-16T03:03:35","modified_gmt":"2026-04-16T00:03:35","slug":"osmanlida-devletlerarasi-iliskiler-2-ciltli","status":"publish","type":"product","link":"https:\/\/roveyayinevi.com.tr\/index.php\/urun\/osmanlida-devletlerarasi-iliskiler-2-ciltli\/","title":{"rendered":"Osmanl\u0131&#8217;da Devletleraras\u0131 \u0130li\u015fkiler-2 (Ciltli)"},"content":{"rendered":"<p>\u201cOsmanl\u0131\u2019n\u0131n son y\u00fczy\u0131l\u0131ndaki yenile\u015fme ve Bat\u0131la\u015fma,zaruretin meziyet haline geli\u015finden ba\u015fka bir \u015fey de\u011fildir.\u201dProf. Dr. Kemal BeydilliOsmanl\u0131 Tarihi alan\u0131nda yapt\u0131\u011f\u0131 orijinal \u00e7al\u0131\u015fmalarla hem yurt i\u00e7inde hem de yurt d\u0131\u015f\u0131nda maruf, \u0130slam Ansiklopedisi\u2019nin bir\u00e7ok maddesini yazan Prof. Dr. Kemal Beydilli\u2019nin kendi se\u00e7ti\u011fi makalelerinden olu\u015fan Osmanl\u0131\u2019da Devletleraras\u0131 \u0130li\u015fkiler-2 kitab\u0131, Osmanl\u0131\u2019n\u0131n son y\u00fczy\u0131l\u0131nda kendi kimli\u011fini de de\u011fi\u015ftirmek zorunda kalan, \u0130mparatorluk d\u00f6neminin en \u00f6nemli yeri olan taht\u0131n ve baht\u0131n merkezi \u0130stanbul\u02bcu ele alan bir \u00e7al\u0131\u015fmayla ba\u015flar. Uzun y\u00fczy\u0131llar bir i\u00e7 denizi gibi alg\u0131lanan ve b\u00f6yle oldu\u011fu yabanc\u0131 devletlere de kabul ettirilen Karadeniz\u02bcin Rusya kar\u015f\u0131s\u0131nda edindi\u011fi yeni hukuk, Osmanl\u0131\u2019n\u0131n ak\u0131betini belirleyen bir geli\u015fme oldu. Karadeniz\u02bcin kapal\u0131l\u0131\u011f\u0131 ve bir Osmanl\u0131 i\u00e7 denizi olarak alg\u0131lanmas\u0131 bu uzun maceran\u0131n hacimli bir \u00e7al\u0131\u015fmas\u0131d\u0131r.B\u00fcy\u00fck co\u011frafyas\u0131 i\u00e7inde M\u00fcsl\u00fcman n\u00fcfus ile yar\u0131\u015fan, hatta b\u00f6lgelere g\u00f6re onun fevkinde bir say\u0131sall\u0131\u011f\u0131 temsil eden Hristiyan n\u00fcfusun devlet i\u00e7indeki konumu, \u015fer\u02bd\u020b hukukun ve zimm\u020b mevzuat\u0131n k\u0131s\u0131tlamalar\u0131 d\u00e2hilinde g\u00f6rd\u00fckleri muamele ve  \u00f6zellikle kiliseler siyaseti ile g\u00f6zler \u00f6n\u00fcne serilir. II. Mahmud devrindeki kilise siyaseti bu kitab\u0131n detayl\u0131 \u00e7al\u0131\u015fmalar\u0131 i\u00e7inde ayr\u0131 bir yer i\u015fgal eder.19. asr\u0131n ba\u015flar\u0131nda yenilenme ve yeniden yap\u0131lanma \u00e7abalar\u0131 bir dizi darbe ve kar\u015f\u0131 darbeyle sonu\u00e7lan\u0131r.  III. Selim\u02bcin tahttan indirilmesi, IV. Mustafa\u02bcn\u0131n tahta oturmas\u0131 ve bunun \u00fczerinden bir bu\u00e7uk sene ge\u00e7meden bir ba\u015fka darbeyle tahttan indirilmesi, Selim\u02bcin \u00f6ld\u00fcr\u00fclmesi, II. Mahmud\u02bcun hayat\u0131n\u0131 zor kurtarm\u0131\u015f olarak tahta oturmas\u0131, nihayet mukabil bir yeni\u00e7eri ayaklanmas\u0131 neticesinde kar\u015f\u0131 darbeci Alemdar Mustafa Pa\u015fa\u02bcn\u0131n da ortadan kald\u0131r\u0131lmas\u0131 ve ertesi g\u00fcn Mustafa\u02bcn\u0131n katli, daha sonraki d\u00f6nemlerde de \u00f6rneklerini verecektir.Birka\u00e7\u0131n\u0131n konusundan bahsetti\u011fimiz birbirinden \u00f6nemli sekiz makaleden olu\u015fan ve serinin ikinci kitab\u0131 olan bu \u00e7al\u0131\u015fma, Osmanl\u0131\u2019n\u0131n son d\u00f6nemini anlamak i\u00e7in bir rehber niteli\u011finde\u2026<\/p>\n","protected":false},"excerpt":{"rendered":"<p>\u201cOsmanl\u0131\u2019n\u0131n son y\u00fczy\u0131l\u0131ndaki yenile\u015fme ve Bat\u0131la\u015fma,zaruretin meziyet haline geli\u015finden ba\u015fka bir \u015fey de\u011fildir.\u201dProf. Dr. Kemal BeydilliOsmanl\u0131 Tarihi alan\u0131nda yapt\u0131\u011f\u0131 orijinal \u00e7al\u0131\u015fmalarla hem yurt i\u00e7inde hem de<span class=\"excerpt-hellip\"> [\u2026]<\/span><\/p>\n","protected":false},"featured_media":0,"template":"","meta":{"_monsterinsights_skip_tracking":false,"_monsterinsights_sitenote_active":false,"_monsterinsights_sitenote_note":"","_monsterinsights_sitenote_category":0},"product_brand":[],"product_cat":[13517,12304],"product_tag":[],"class_list":{"0":"post-750182","1":"product","2":"type-product","3":"status-publish","5":"product_cat-osmanli-tarihi","6":"product_cat-tarih","7":"pa_cilt-ciltli","8":"pa_tur-kitap","9":"pa_yayinevi-timas-yayinlari","10":"pa_yazar-kemal-beydilli","12":"first","13":"instock","14":"sale","15":"shipping-taxable","16":"purchasable","17":"product-type-simple"},"_links":{"self":[{"href":"https:\/\/roveyayinevi.com.tr\/index.php\/wp-json\/wp\/v2\/product\/750182","targetHints":{"allow":["GET"]}}],"collection":[{"href":"https:\/\/roveyayinevi.com.tr\/index.php\/wp-json\/wp\/v2\/product"}],"about":[{"href":"https:\/\/roveyayinevi.com.tr\/index.php\/wp-json\/wp\/v2\/types\/product"}],"wp:attachment":[{"href":"https:\/\/roveyayinevi.com.tr\/index.php\/wp-json\/wp\/v2\/media?parent=750182"}],"wp:term":[{"taxonomy":"product_brand","embeddable":true,"href":"https:\/\/roveyayinevi.com.tr\/index.php\/wp-json\/wp\/v2\/product_brand?post=750182"},{"taxonomy":"product_cat","embeddable":true,"href":"https:\/\/roveyayinevi.com.tr\/index.php\/wp-json\/wp\/v2\/product_cat?post=750182"},{"taxonomy":"product_tag","embeddable":true,"href":"https:\/\/roveyayinevi.com.tr\/index.php\/wp-json\/wp\/v2\/product_tag?post=750182"}],"curies":[{"name":"wp","href":"https:\/\/api.w.org\/{rel}","templated":true}]}}