{"id":750158,"date":"2025-08-28T04:13:31","date_gmt":"2025-08-28T01:13:31","guid":{"rendered":"https:\/\/roveyayinevi.com.tr\/index.php\/urun\/freudun-hastalari\/"},"modified":"2026-04-16T03:03:34","modified_gmt":"2026-04-16T00:03:34","slug":"freudun-hastalari","status":"publish","type":"product","link":"https:\/\/roveyayinevi.com.tr\/index.php\/urun\/freudun-hastalari\/","title":{"rendered":"Freud\u2019un Hastalar\u0131"},"content":{"rendered":"<p>\u201cNe g\u00fc\u00e7l\u00fc \u015feydir s\u00f6zler! Zaman\u0131 a\u015far, ge\u00e7mi\u015f olaylara ba\u011flan\u0131r.\u201dItalo Svevo, Zeno\u2019nun Bilinci Freud\u2019un olgu \u00f6yk\u00fclerinde bahsedilen ana karakterleri pek \u00e7ok ki\u015fi tan\u0131r: Dora, K\u00fc\u00e7\u00fck Hans, S\u0131\u00e7an Adam, Kurt Adam\u2026 Peki, bu takma isimlerin ard\u0131ndaki ger\u00e7ek isimler ve ger\u00e7ek hayatlar hakk\u0131nda ne biliyoruz? Mesela Italo Svevo\u2019nun, edebiyat tarihine damga vurmu\u015f Zeno\u2019nun Bilinci roman\u0131n\u0131; Freud\u2019un \u00e7al\u0131\u015fmalar\u0131na olan ilgisinin yan\u0131 s\u0131ra, e\u015finin erkek karde\u015fi Bruno Veneziani\u2019nin psikanaliz s\u00fcrecinden hareketle kaleme ald\u0131\u011f\u0131n\u0131 duymu\u015f muydunuz?Freud\u2019un Hastalar\u0131\u2019nda, tan\u0131d\u0131k \u00f6yk\u00fclerle birlikte analistinin binas\u0131ndan kendini atan Pauline Silberstein, \u00fcnl\u00fc mimar Karl Mayreder, milyoner Carl Liebmann gibi az bilinen vakalar\u0131 da okuyacaks\u0131n\u0131z.Mikkel Borch-Jacobsen bu \u00e7al\u0131\u015fmas\u0131nda, Freud\u2019un divan\u0131nda ge\u00e7en hayatlar\u0131 anlat\u0131rken, psikanalizin geli\u015fim s\u00fcrecini de kaynaklara dayanarak \u00e7arp\u0131c\u0131 bir \u015fekilde ortaya koyuyor. Kimi zaman komik kimi zaman trajik ve dokunakl\u0131 olan bu \u00f6yk\u00fcler; okura Viyana\u2019n\u0131n tarihi atmosferini, Avusturya-Macaristan \u0130mparatorlu\u011fu\u2019nun son g\u00fcnlerini, Birinci ve \u0130kinci D\u00fcnya Sava\u015flar\u0131\u2019n\u0131n y\u0131k\u0131c\u0131l\u0131\u011f\u0131n\u0131 aktar\u0131rken, ayr\u0131ca bamba\u015fka bir Freud\u2019u da tan\u0131man\u0131z\u0131 sa\u011fl\u0131yor.  <\/p>\n","protected":false},"excerpt":{"rendered":"<p>\u201cNe g\u00fc\u00e7l\u00fc \u015feydir s\u00f6zler! Zaman\u0131 a\u015far, ge\u00e7mi\u015f olaylara ba\u011flan\u0131r.\u201dItalo Svevo, Zeno\u2019nun Bilinci Freud\u2019un olgu \u00f6yk\u00fclerinde bahsedilen ana karakterleri pek \u00e7ok ki\u015fi tan\u0131r: Dora, K\u00fc\u00e7\u00fck Hans, S\u0131\u00e7an<span class=\"excerpt-hellip\"> [\u2026]<\/span><\/p>\n","protected":false},"featured_media":0,"template":"","meta":{"_monsterinsights_skip_tracking":false,"_monsterinsights_sitenote_active":false,"_monsterinsights_sitenote_note":"","_monsterinsights_sitenote_category":0},"product_brand":[],"product_cat":[12357],"product_tag":[],"class_list":{"0":"post-750158","1":"product","2":"type-product","3":"status-publish","5":"product_cat-psikoloji","6":"pa_cilt-ciltsiz","7":"pa_tur-kitap","8":"pa_yayinevi-nora-kitap","9":"pa_yazar-mikkel-borch-jacobsen","11":"first","12":"instock","13":"sale","14":"shipping-taxable","15":"purchasable","16":"product-type-simple"},"_links":{"self":[{"href":"https:\/\/roveyayinevi.com.tr\/index.php\/wp-json\/wp\/v2\/product\/750158","targetHints":{"allow":["GET"]}}],"collection":[{"href":"https:\/\/roveyayinevi.com.tr\/index.php\/wp-json\/wp\/v2\/product"}],"about":[{"href":"https:\/\/roveyayinevi.com.tr\/index.php\/wp-json\/wp\/v2\/types\/product"}],"wp:attachment":[{"href":"https:\/\/roveyayinevi.com.tr\/index.php\/wp-json\/wp\/v2\/media?parent=750158"}],"wp:term":[{"taxonomy":"product_brand","embeddable":true,"href":"https:\/\/roveyayinevi.com.tr\/index.php\/wp-json\/wp\/v2\/product_brand?post=750158"},{"taxonomy":"product_cat","embeddable":true,"href":"https:\/\/roveyayinevi.com.tr\/index.php\/wp-json\/wp\/v2\/product_cat?post=750158"},{"taxonomy":"product_tag","embeddable":true,"href":"https:\/\/roveyayinevi.com.tr\/index.php\/wp-json\/wp\/v2\/product_tag?post=750158"}],"curies":[{"name":"wp","href":"https:\/\/api.w.org\/{rel}","templated":true}]}}