{"id":750116,"date":"2025-08-28T04:12:34","date_gmt":"2025-08-28T01:12:34","guid":{"rendered":"https:\/\/roveyayinevi.com.tr\/index.php\/urun\/izmirdeki-suriyeli-siginmacilar-sorunlar-beklentiler-ve-cozum-onerileri\/"},"modified":"2026-04-16T03:03:33","modified_gmt":"2026-04-16T00:03:33","slug":"izmirdeki-suriyeli-siginmacilar-sorunlar-beklentiler-ve-cozum-onerileri","status":"publish","type":"product","link":"https:\/\/roveyayinevi.com.tr\/index.php\/urun\/izmirdeki-suriyeli-siginmacilar-sorunlar-beklentiler-ve-cozum-onerileri\/","title":{"rendered":"\u0130zmir\u2019deki Suriyeli S\u0131\u011f\u0131nmac\u0131lar Sorunlar, Beklentiler Ve \u00c7\u00f6z\u00fcm \u00d6nerileri"},"content":{"rendered":"<p>2011\u2019den bu yana \u00e7ok boyutlu, \u00e7ok akt\u00f6rl\u00fc, b\u00f6lgesel ve k\u00fcresel bir denkleme d\u00f6n\u00fc\u015fen Suriye i\u00e7 sava\u015f\u0131 12. y\u0131l\u0131n\u0131 geride b\u0131rakmaktad\u0131r. 22 milyonluk Suriye n\u00fcfusunun \u00e7ok b\u00fcy\u00fck k\u0131sm\u0131 bug\u00fcn ba\u015fka \u00fclkelerde ya\u015famaktad\u0131r. Resmi ve resmi olmaya kay\u0131tlara g\u00f6re, yakla\u015f\u0131k 4 milyon Suriyeli s\u0131\u011f\u0131nmac\u0131 T\u00fcrkiye\u2019de ya\u015famaktad\u0131r. \u0130zmir 150 bin civar\u0131nda Suriyeli\u2019ye ev sahipli\u011fi yapmaktad\u0131r. T\u00fcrkiye\u2019de g\u00f6\u00e7, m\u00fclteciler ve s\u0131\u011f\u0131nmac\u0131lar alan\u0131nda devasa bir literat\u00fcr bulunmaktad\u0131r. Suriyeliler, \u00fclkemizde yeni \u2018k\u00fclt\u00fcrel-sosyolojik habitus\u2019 olu\u015fturmu\u015f durumdad\u0131r. Bu durum gettola\u015fma ve sosyal d\u0131\u015flanma riskini artt\u0131rmakta ve yerel uyum s\u00fcrecini zorla\u015ft\u0131rmaktad\u0131r. Elinizdeki bu kitap, T\u00fcrkiye\u2019deki Suriyeli s\u0131\u011f\u0131nmac\u0131lar olgusuna \u0130zmir\u2019den bir kesit sunmaktad\u0131r. Kitap, \u0130zmir\u2019deki Suriyeli s\u0131\u011f\u0131nmac\u0131lar\u0131n sosyal, ekonomik ve demografik \u00f6zelliklerini, farkl\u0131 de\u011fi\u015fkenler ba\u011flam\u0131nda yerel uyum s\u00fcre\u00e7lerini, beklentilerini, sorunlar\u0131n\u0131 ve gelecek tahayy\u00fcllerini \u2018sosyolojik analize\u2019 tabi tutmaktad\u0131r. \u201c\u0130zmir\u2019deki Suriyeli S\u0131\u011f\u0131nmac\u0131lar\u201d kitab\u0131, T\u00fcrkiye\u2019de g\u00f6\u00e7 politikalar\u0131na katk\u0131 sunmak amac\u0131yla yaz\u0131lm\u0131\u015ft\u0131r. Bu \u00e7er\u00e7evede, medya ve kamuoyunda yap\u0131lan tart\u0131\u015fma ve analizlerde g\u00f6zlemlenen bilgi eksikli\u011finin giderilmesi, s\u0131\u011f\u0131nmac\u0131lar\u0131n yerel uyum s\u00fcre\u00e7lerinin desteklenmesi ve merkezi\/yerel y\u00f6netimlerin veri temelli politika geli\u015ftirmesine katk\u0131 sa\u011flamay\u0131 hedeflemektedir. Suriyelilerin -sava\u015f bitse de- b\u00fcy\u00fck k\u0131sm\u0131n\u0131n T\u00fcrkiye\u2019de kalaca\u011f\u0131 muhakkakt\u0131r. Bu nedenle, merkezi h\u00fck\u00fcmetin ve yerel y\u00f6netimlerin varsay\u0131msal \u00e7\u0131kar\u0131mlar \u00fczerinden de\u011fil, toplumun kayg\u0131lar\u0131n\u0131 dikkate almak suretiyle, bilimsel veriler do\u011frultusunda samimi ve s\u00fcrd\u00fcr\u00fclebilir \u2018g\u00f6\u00e7men politikas\u0131n\u0131\u2019 in\u015fa etmesi gerekmektedir.<\/p>\n","protected":false},"excerpt":{"rendered":"<p>2011\u2019den bu yana \u00e7ok boyutlu, \u00e7ok akt\u00f6rl\u00fc, b\u00f6lgesel ve k\u00fcresel bir denkleme d\u00f6n\u00fc\u015fen Suriye i\u00e7 sava\u015f\u0131 12. y\u0131l\u0131n\u0131 geride b\u0131rakmaktad\u0131r. 22 milyonluk Suriye n\u00fcfusunun \u00e7ok b\u00fcy\u00fck<span class=\"excerpt-hellip\"> [\u2026]<\/span><\/p>\n","protected":false},"featured_media":0,"template":"","meta":{"_monsterinsights_skip_tracking":false,"_monsterinsights_sitenote_active":false,"_monsterinsights_sitenote_note":"","_monsterinsights_sitenote_category":0},"product_brand":[],"product_cat":[13005,40995],"product_tag":[],"class_list":{"0":"post-750116","1":"product","2":"type-product","3":"status-publish","5":"product_cat-bilim-muhendislik","6":"product_cat-sosyal-bilimler","7":"pa_cilt-ciltsiz","8":"pa_tur-kitap","9":"pa_yayinevi-ani-yayincilik","10":"pa_yazar-ozkan-yildiz","12":"first","13":"instock","14":"sale","15":"shipping-taxable","16":"purchasable","17":"product-type-simple"},"_links":{"self":[{"href":"https:\/\/roveyayinevi.com.tr\/index.php\/wp-json\/wp\/v2\/product\/750116","targetHints":{"allow":["GET"]}}],"collection":[{"href":"https:\/\/roveyayinevi.com.tr\/index.php\/wp-json\/wp\/v2\/product"}],"about":[{"href":"https:\/\/roveyayinevi.com.tr\/index.php\/wp-json\/wp\/v2\/types\/product"}],"wp:attachment":[{"href":"https:\/\/roveyayinevi.com.tr\/index.php\/wp-json\/wp\/v2\/media?parent=750116"}],"wp:term":[{"taxonomy":"product_brand","embeddable":true,"href":"https:\/\/roveyayinevi.com.tr\/index.php\/wp-json\/wp\/v2\/product_brand?post=750116"},{"taxonomy":"product_cat","embeddable":true,"href":"https:\/\/roveyayinevi.com.tr\/index.php\/wp-json\/wp\/v2\/product_cat?post=750116"},{"taxonomy":"product_tag","embeddable":true,"href":"https:\/\/roveyayinevi.com.tr\/index.php\/wp-json\/wp\/v2\/product_tag?post=750116"}],"curies":[{"name":"wp","href":"https:\/\/api.w.org\/{rel}","templated":true}]}}