{"id":750096,"date":"2025-08-28T04:12:05","date_gmt":"2025-08-28T01:12:05","guid":{"rendered":"https:\/\/roveyayinevi.com.tr\/index.php\/urun\/ayrimciligin-analizi\/"},"modified":"2026-04-16T03:03:33","modified_gmt":"2026-04-16T00:03:33","slug":"ayrimciligin-analizi","status":"publish","type":"product","link":"https:\/\/roveyayinevi.com.tr\/index.php\/urun\/ayrimciligin-analizi\/","title":{"rendered":"Ayr\u0131mc\u0131l\u0131\u011f\u0131n Analizi"},"content":{"rendered":"<p>Ayr\u0131mc\u0131l\u0131k, insanl\u0131k tarihi boyunca insanl\u0131\u011f\u0131n \u00f6nemli bir sorunu olarak g\u00fcncelli\u011fini korumaktad\u0131r. Ayr\u0131mc\u0131l\u0131k, d\u00fc\u015f\u00fcnce ve eylem olarak hayat\u0131m\u0131z\u0131n her safhas\u0131nda kar\u015f\u0131m\u0131za \u00e7\u0131kabilmektedir. Ayr\u0131mc\u0131l\u0131k, atfedilen ya da sahip olunan \u00f6zelliklerden dolay\u0131 kar\u015f\u0131 taraf\u0131 ayr\u0131\u015ft\u0131ran \u201cben\/biz ve \u00f6tekiler\u201d d\u00fc\u015f\u00fcncesine dayanmaktad\u0131r. Ayr\u0131mc\u0131l\u0131kta kar\u015f\u0131 taraf\u0131 \u201cben\/biz ve \u00f6tekiler\u201d d\u00fc\u015f\u00fcncesinden hareketle bir kategorile\u015ftirmeye tabi tutma s\u00f6z konusudur. Ayr\u0131mc\u0131l\u0131\u011f\u0131n, toplum hayat\u0131n\u0131 olumsuz ve derinden etkileyen bir olgu olarak kavramsal, felsef\u00ee, sosyolojik ve antropolojik a\u00e7\u0131lardan bilimsel ve sistematik olarak \u00e7\u00f6z\u00fcmlenmesine ihtiya\u00e7 bulunmaktad\u0131r. Bu \u00e7al\u0131\u015fmada insan haklar\u0131, e\u015fitlik, \u00f6zg\u00fcrl\u00fck, adalet, ho\u015fg\u00f6r\u00fc ve sayg\u0131 temelinde ayr\u0131mc\u0131l\u0131\u011f\u0131n kavramsal, felsef\u00ee, sosyolojik ve antropolojik a\u00e7\u0131lardan bilimsel ve sistematik \u00e7\u00f6z\u00fcmlemesi yap\u0131lm\u0131\u015ft\u0131r. Toplumdaki bireylerin ayr\u0131mc\u0131l\u0131\u011f\u0131 pop\u00fclist bir yakla\u015f\u0131mla de\u011fil, ho\u015fg\u00f6r\u00fc ve sayg\u0131 temelinde bilimsel ve sistematik olarak ele almas\u0131n\u0131 sa\u011flayabilmede \u00e7al\u0131\u015fman\u0131n bir fark\u0131ndal\u0131k olu\u015fturmas\u0131 beklenmektedir.<\/p>\n","protected":false},"excerpt":{"rendered":"<p>Ayr\u0131mc\u0131l\u0131k, insanl\u0131k tarihi boyunca insanl\u0131\u011f\u0131n \u00f6nemli bir sorunu olarak g\u00fcncelli\u011fini korumaktad\u0131r. Ayr\u0131mc\u0131l\u0131k, d\u00fc\u015f\u00fcnce ve eylem olarak hayat\u0131m\u0131z\u0131n her safhas\u0131nda kar\u015f\u0131m\u0131za \u00e7\u0131kabilmektedir. Ayr\u0131mc\u0131l\u0131k, atfedilen ya da sahip<span class=\"excerpt-hellip\"> [\u2026]<\/span><\/p>\n","protected":false},"featured_media":0,"template":"","meta":{"_monsterinsights_skip_tracking":false,"_monsterinsights_sitenote_active":false,"_monsterinsights_sitenote_note":"","_monsterinsights_sitenote_category":0},"product_brand":[],"product_cat":[12388],"product_tag":[],"class_list":{"0":"post-750096","1":"product","2":"type-product","3":"status-publish","5":"product_cat-felsefe","6":"pa_cilt-ciltsiz","7":"pa_tur-kitap","8":"pa_yayinevi-ani-yayincilik","9":"pa_yazar-ali-riza-erdem","11":"first","12":"instock","13":"sale","14":"shipping-taxable","15":"purchasable","16":"product-type-simple"},"_links":{"self":[{"href":"https:\/\/roveyayinevi.com.tr\/index.php\/wp-json\/wp\/v2\/product\/750096","targetHints":{"allow":["GET"]}}],"collection":[{"href":"https:\/\/roveyayinevi.com.tr\/index.php\/wp-json\/wp\/v2\/product"}],"about":[{"href":"https:\/\/roveyayinevi.com.tr\/index.php\/wp-json\/wp\/v2\/types\/product"}],"wp:attachment":[{"href":"https:\/\/roveyayinevi.com.tr\/index.php\/wp-json\/wp\/v2\/media?parent=750096"}],"wp:term":[{"taxonomy":"product_brand","embeddable":true,"href":"https:\/\/roveyayinevi.com.tr\/index.php\/wp-json\/wp\/v2\/product_brand?post=750096"},{"taxonomy":"product_cat","embeddable":true,"href":"https:\/\/roveyayinevi.com.tr\/index.php\/wp-json\/wp\/v2\/product_cat?post=750096"},{"taxonomy":"product_tag","embeddable":true,"href":"https:\/\/roveyayinevi.com.tr\/index.php\/wp-json\/wp\/v2\/product_tag?post=750096"}],"curies":[{"name":"wp","href":"https:\/\/api.w.org\/{rel}","templated":true}]}}