{"id":750091,"date":"2025-08-28T04:11:59","date_gmt":"2025-08-28T01:11:59","guid":{"rendered":"https:\/\/roveyayinevi.com.tr\/index.php\/urun\/afet-yonetim-zinciri\/"},"modified":"2026-04-16T03:03:33","modified_gmt":"2026-04-16T00:03:33","slug":"afet-yonetim-zinciri","status":"publish","type":"product","link":"https:\/\/roveyayinevi.com.tr\/index.php\/urun\/afet-yonetim-zinciri\/","title":{"rendered":"Afet Y\u00f6netim Zinciri"},"content":{"rendered":"<p>T\u00fcrkiye co\u011frafyas\u0131n\u0131n afetselli\u011fi ile beraberinde getirdi\u011fi sosyoekonomik sorunlar\u0131n karma\u015f\u0131kl\u0131\u011f\u0131 bir ger\u00e7ekliktir. T\u00fcrkiye, co\u011frafik ve topo\u011frafik yap\u0131s\u0131, farkl\u0131 iklim tiplerine sahip olmas\u0131 ve gittik\u00e7e kalabal\u0131kla\u015fan \u015fehirlerindeki end\u00fcstriyel tesislerin kritik \u00f6nemleri a\u00e7\u0131s\u0131ndan \u00e7e\u015fitli afet tiplerine ve tehlikelerine a\u00e7\u0131k bir konumdad\u0131r. T\u00fcrkiye\u2019de meydana gelen do\u011fa kaynakl\u0131 afet zararlar\u0131 a\u00e7\u0131s\u0131ndan ilk s\u0131rada depremler yer almakta olup depremlerin ard\u0131ndan sel ve ta\u015fk\u0131n afetleri, heyelanlar, yang\u0131nlar ve \u00e7\u0131\u011f afetleri, etki ve yo\u011funluk bak\u0131m\u0131ndan \u00f6nemli can ve mal kay\u0131plar\u0131na sebep olacak bir potansiyel ta\u015f\u0131maktad\u0131r. \u201cAfet Y\u00f6netim Zinciri\u201d ad\u0131n\u0131 ta\u015f\u0131yan bu \u00e7al\u0131\u015fmada, yerel kalk\u0131nma, afete diren\u00e7lilik, afet risk azaltma, teknoloji kullan\u0131m\u0131, afet e\u011fitimleri, kritik altyap\u0131lar, m\u00fcdahale ve afet sonras\u0131 iyile\u015ftirme faaliyetleri gibi afet y\u00f6netiminin t\u00fcm unsurlar\u0131 b\u00fct\u00fcnle\u015fik afet y\u00f6netim zinciri \u00e7at\u0131s\u0131 alt\u0131nda toplanm\u0131\u015ft\u0131r. \u00c7al\u0131\u015fmada afetlere m\u00fcdahale faaliyetlerinin TAMP kapsam\u0131nda somut uygulama \u00f6rneklerine de de\u011finilerek sahada verilen m\u00fccadele ve kurumlararas\u0131 i\u015f birli\u011finin \u00f6nemi \u00fczerinde durulmu\u015ftur. <\/p>\n","protected":false},"excerpt":{"rendered":"<p>T\u00fcrkiye co\u011frafyas\u0131n\u0131n afetselli\u011fi ile beraberinde getirdi\u011fi sosyoekonomik sorunlar\u0131n karma\u015f\u0131kl\u0131\u011f\u0131 bir ger\u00e7ekliktir. T\u00fcrkiye, co\u011frafik ve topo\u011frafik yap\u0131s\u0131, farkl\u0131 iklim tiplerine sahip olmas\u0131 ve gittik\u00e7e kalabal\u0131kla\u015fan \u015fehirlerindeki end\u00fcstriyel<span class=\"excerpt-hellip\"> [\u2026]<\/span><\/p>\n","protected":false},"featured_media":0,"template":"","meta":{"_monsterinsights_skip_tracking":false,"_monsterinsights_sitenote_active":false,"_monsterinsights_sitenote_note":"","_monsterinsights_sitenote_category":0},"product_brand":[],"product_cat":[12324],"product_tag":[],"class_list":{"0":"post-750091","1":"product","2":"type-product","3":"status-publish","5":"product_cat-sosyoloji","6":"pa_cilt-ciltsiz","7":"pa_tur-kitap","8":"pa_yayinevi-tiav","9":"pa_yazar-onder-bozkurt-halil-ibrahim-cicekdagi","11":"first","12":"instock","13":"sale","14":"shipping-taxable","15":"purchasable","16":"product-type-simple"},"_links":{"self":[{"href":"https:\/\/roveyayinevi.com.tr\/index.php\/wp-json\/wp\/v2\/product\/750091","targetHints":{"allow":["GET"]}}],"collection":[{"href":"https:\/\/roveyayinevi.com.tr\/index.php\/wp-json\/wp\/v2\/product"}],"about":[{"href":"https:\/\/roveyayinevi.com.tr\/index.php\/wp-json\/wp\/v2\/types\/product"}],"wp:attachment":[{"href":"https:\/\/roveyayinevi.com.tr\/index.php\/wp-json\/wp\/v2\/media?parent=750091"}],"wp:term":[{"taxonomy":"product_brand","embeddable":true,"href":"https:\/\/roveyayinevi.com.tr\/index.php\/wp-json\/wp\/v2\/product_brand?post=750091"},{"taxonomy":"product_cat","embeddable":true,"href":"https:\/\/roveyayinevi.com.tr\/index.php\/wp-json\/wp\/v2\/product_cat?post=750091"},{"taxonomy":"product_tag","embeddable":true,"href":"https:\/\/roveyayinevi.com.tr\/index.php\/wp-json\/wp\/v2\/product_tag?post=750091"}],"curies":[{"name":"wp","href":"https:\/\/api.w.org\/{rel}","templated":true}]}}