{"id":750008,"date":"2025-08-28T04:09:52","date_gmt":"2025-08-28T01:09:52","guid":{"rendered":"https:\/\/roveyayinevi.com.tr\/index.php\/urun\/akis-dergisi-ofke-ve-isyan-1957-1960-2-cilt\/"},"modified":"2026-04-16T03:03:31","modified_gmt":"2026-04-16T00:03:31","slug":"akis-dergisi-ofke-ve-isyan-1957-1960-2-cilt","status":"publish","type":"product","link":"https:\/\/roveyayinevi.com.tr\/index.php\/urun\/akis-dergisi-ofke-ve-isyan-1957-1960-2-cilt\/","title":{"rendered":"Akis Dergisi \u00d6fke ve \u0130syan (1957-1960) (2. Cilt)"},"content":{"rendered":"<p>Cemil Ko\u00e7ak\u2019\u0131n kaleme ald\u0131\u011f\u0131 Akis Dergisi serisinin ikinci cildi, 1957 se\u00e7iminden 27 May\u0131s 1960\u2019a kadar ge\u00e7en yakla\u015f\u0131k iki bu\u00e7uk y\u0131ll\u0131k d\u00f6nemde g\u00fcnden g\u00fcne artan siyasi tansiyonun dergi taraf\u0131ndan nas\u0131l yans\u0131t\u0131ld\u0131\u011f\u0131n\u0131 resmediyor. 1954-1957 d\u00f6neminde \u201c\u00fcmit ve hayal k\u0131r\u0131kl\u0131\u011f\u0131\u201d aras\u0131nda gidip gelen ruh h\u00e2linin a\u00e7\u0131k bir \u201c\u00f6fke ve isyan\u201da d\u00f6n\u00fc\u015fmesi ve ihtilale giden yolun ta\u015flar\u0131n\u0131n bu \u201c\u00f6fke ve isyan\u201d havas\u0131 ile d\u00f6\u015fendi\u011fini g\u00f6zler \u00f6n\u00fcne seriyor. Hemen herkes taraf\u0131ndan CHP\u2019nin resm\u00ee yay\u0131n organ\u0131 olarak okunan Akis, \u201cDemokratlar-Halk\u00e7\u0131lar\u201d kavgas\u0131n\u0131n bu son perdesinde, CHP muhalefetinin siyasal ve ideolojik istikametini \u00e7izmi\u015fti. Demokrat Parti iktidar\u0131n\u0131n me\u015fruiyetinin t\u00f6rp\u00fclenmesinde de Akis\u2019in rol\u00fc kritikti. Ba\u015fta G\u00fcney Amerika ve Orta Do\u011fu olmak \u00fczere; 1950\u2019ler boyunca b\u00fct\u00fcn d\u00fcnyay\u0131 saran asker\u00ee ihtilal ve devrim hareketlerini her ayr\u0131nt\u0131s\u0131 ve gizli-a\u00e7\u0131k paralellikleriyle sayfalar\u0131na ta\u015f\u0131yan Akis, \u2018diktat\u00f6rl\u00fcklere kar\u015f\u0131 me\u015fru devrimler\u2019 anlay\u0131\u015f\u0131n\u0131 olu\u015fturmak gayesiyle, 27 May\u0131s\u2019\u0131n fikriyat\u0131n\u0131 temellendirmi\u015fti. Dergi, bu d\u00f6nemde her t\u00fcrl\u00fc siyasi yumu\u015faman\u0131n \u015fiddetle kar\u015f\u0131s\u0131nda dururken; \u0130smet \u0130n\u00f6n\u00fc\u2019n\u00fcn \u015fahs\u0131 etraf\u0131nda kenetlenen CHP muhalefetinin de en \u00f6nemli s\u00f6zc\u00fcs\u00fc konumundayd\u0131. Akis\u2019in rol\u00fc ve \u00f6nemi siyasi istikamet \u00e7izmekten daha fazlayd\u0131: \u201cAyd\u0131nlar\u201d olarak adland\u0131rd\u0131\u011f\u0131 bir z\u00fcmrenin d\u00fcnya, T\u00fcrkiye, siyaset, toplum, k\u00fclt\u00fcr ve hayat tarz\u0131na dair anlay\u0131\u015f ve g\u00f6r\u00fc\u015flerini \u015fekillendirmeyi vazife edinen derginin aynas\u0131nda Cumhuriyet\u2019in birka\u00e7 nesli i\u00e7in h\u00e2kim ideoloji h\u00e2line gelmi\u015f bir siyaset ve d\u00fcnya g\u00f6r\u00fc\u015f\u00fcn\u00fc okumak m\u00fcmk\u00fcnd\u00fcr. Akis Dergisi: \u00d6fke ve \u0130syan (1957-1960), Demokrat Parti iktidar\u0131n\u0131n son d\u00f6nemine dair tarihyaz\u0131m\u0131n\u0131n en \u00f6nemli kaynaklar\u0131ndan ve ba\u015fvuru eserlerinden biri olacakt\u0131r. <\/p>\n","protected":false},"excerpt":{"rendered":"<p>Cemil Ko\u00e7ak\u2019\u0131n kaleme ald\u0131\u011f\u0131 Akis Dergisi serisinin ikinci cildi, 1957 se\u00e7iminden 27 May\u0131s 1960\u2019a kadar ge\u00e7en yakla\u015f\u0131k iki bu\u00e7uk y\u0131ll\u0131k d\u00f6nemde g\u00fcnden g\u00fcne artan siyasi tansiyonun<span class=\"excerpt-hellip\"> [\u2026]<\/span><\/p>\n","protected":false},"featured_media":0,"template":"","meta":{"_monsterinsights_skip_tracking":false,"_monsterinsights_sitenote_active":false,"_monsterinsights_sitenote_note":"","_monsterinsights_sitenote_category":0},"product_brand":[],"product_cat":[12304],"product_tag":[],"class_list":{"0":"post-750008","1":"product","2":"type-product","3":"status-publish","5":"product_cat-tarih","6":"pa_cilt-ciltsiz","7":"pa_tur-kitap","8":"pa_yayinevi-vakifbank-kultur-yayinlari","9":"pa_yazar-cemil-kocak","11":"first","12":"instock","13":"sale","14":"shipping-taxable","15":"purchasable","16":"product-type-simple"},"_links":{"self":[{"href":"https:\/\/roveyayinevi.com.tr\/index.php\/wp-json\/wp\/v2\/product\/750008","targetHints":{"allow":["GET"]}}],"collection":[{"href":"https:\/\/roveyayinevi.com.tr\/index.php\/wp-json\/wp\/v2\/product"}],"about":[{"href":"https:\/\/roveyayinevi.com.tr\/index.php\/wp-json\/wp\/v2\/types\/product"}],"wp:attachment":[{"href":"https:\/\/roveyayinevi.com.tr\/index.php\/wp-json\/wp\/v2\/media?parent=750008"}],"wp:term":[{"taxonomy":"product_brand","embeddable":true,"href":"https:\/\/roveyayinevi.com.tr\/index.php\/wp-json\/wp\/v2\/product_brand?post=750008"},{"taxonomy":"product_cat","embeddable":true,"href":"https:\/\/roveyayinevi.com.tr\/index.php\/wp-json\/wp\/v2\/product_cat?post=750008"},{"taxonomy":"product_tag","embeddable":true,"href":"https:\/\/roveyayinevi.com.tr\/index.php\/wp-json\/wp\/v2\/product_tag?post=750008"}],"curies":[{"name":"wp","href":"https:\/\/api.w.org\/{rel}","templated":true}]}}