{"id":749822,"date":"2025-08-28T04:04:41","date_gmt":"2025-08-28T01:04:41","guid":{"rendered":"https:\/\/roveyayinevi.com.tr\/index.php\/urun\/gulun-hayalindeki-elbise\/"},"modified":"2026-04-16T03:03:12","modified_gmt":"2026-04-16T00:03:12","slug":"gulun-hayalindeki-elbise","status":"publish","type":"product","link":"https:\/\/roveyayinevi.com.tr\/index.php\/urun\/gulun-hayalindeki-elbise\/","title":{"rendered":"G\u00fcl\u2019\u00fcn Hayalindeki Elbise"},"content":{"rendered":"<p>D\u00fc\u015flerinize s\u0131ms\u0131k\u0131 sar\u0131l\u0131n!Katherine Woodfine&#8217;\u0131n, ger\u00e7ek bir ya\u015fam \u00f6yk\u00fcs\u00fcnden esinlenerek kaleme ald\u0131\u011f\u0131 G\u00fcl&#8217;\u00fcn Hayalindeki Elbise; okurlar\u0131 18. y\u00fczy\u0131l Fransa&#8217;s\u0131na do\u011fru reng\u00e2renk bir moda yolculu\u011funa \u00e7\u0131kar\u0131yor.Terzi olma hayaliyle hen\u00fcz on alt\u0131 ya\u015f\u0131ndayken Paris&#8217;e ta\u015f\u0131nan gen\u00e7 bir k\u0131z\u0131n emin ad\u0131mlarla zirveye t\u0131rman\u0131\u015f\u0131n\u0131 anlatan bu azim \u00f6yk\u00fcs\u00fc; sab\u0131rla, tutkuyla ve kararl\u0131l\u0131kla yap\u0131lan her i\u015fin eninde sonunda ba\u015far\u0131ya ula\u015faca\u011f\u0131n\u0131 g\u00f6steriyor.Kate Pankhurst&#8217;\u00fcn zarif desenleri e\u015fli\u011finde moda d\u00fcnyas\u0131na dair pek \u00e7ok tabiri ke\u015ffetmemizi de sa\u011flayan kitap; payla\u015ft\u0131\u011f\u0131 k\u00fc\u00e7\u00fck ayr\u0131nt\u0131lar arac\u0131l\u0131\u011f\u0131yla d\u00f6nem Avrupa&#8217;s\u0131n\u0131n sosyal ve k\u00fclt\u00fcrel ya\u015fant\u0131s\u0131n\u0131n renkli bir panoramas\u0131n\u0131 \u00e7iziyor. G\u00fcl&#8217;\u00fcn hayatta en sevdi\u011fi \u015fey, g\u00fczel elbiseler d\u00fc\u015flemekti! Ders \u00e7al\u0131\u015fmas\u0131 gerekirken, g\u00fcn boyunca harika elbiselerin hayalini kurar, hatta resimlerini \u00e7izerdi.Ah, hele geceleri r\u00fcyalar\u0131n\u0131 s\u00fcsleyen o elbiseler yok muydu&#8230; Ay \u0131\u015f\u0131\u011f\u0131 ve y\u0131ld\u0131zlar\u0131n par\u0131lt\u0131lar\u0131ndan olu\u015fan g\u00fcm\u00fc\u015f renkli elbiseler&#8230; G\u00fcl, r\u00fczg\u00e2rda u\u00e7u\u015fan kuma\u015flarla, renkli p\u00fcsk\u00fcllerle, g\u00f6z al\u0131c\u0131 boncuklarla her gece yeni ba\u015ftan i\u015flerdi d\u00fc\u015flerini, ilmek ilmek.Akranlar\u0131n\u0131n aksine g\u00fczel giyinmek de\u011fil, ba\u015fkalar\u0131n\u0131 g\u00fczel giydirmekti tek arzusu.Evet, ileride bir g\u00fcn \u00f6yle bir elbise dikmeliydi ki, onu giyecek ki\u015fi kendini \u00e2deta krali\u00e7e gibi hissetmeliydi!Ve sonunda \u00f6yle de oldu!S\u0131ra d\u0131\u015f\u0131 moda kariyerini, Fransa&#8217;n\u0131n en \u00fcnl\u00fc krali\u00e7esi Marie Antoinette&#8217;in en sevdi\u011fi terzisi olma onuruna eri\u015ferek ta\u00e7land\u0131ran Marie-Jeanne Rose Bertin&#8217;in ya\u015fam\u0131na dayanan bu y\u00fcreklendirici \u00f6yk\u00fc; hayal edilen mesle\u011fe ula\u015fmak i\u00e7in tutkuyla \u00e7al\u0131\u015fman\u0131n ve i\u015fe duyulan sayg\u0131n\u0131n \u00f6nemini yineliyor.  Hedefe giden yolda kar\u015f\u0131la\u015f\u0131lan engellerin cesaretle ve yarat\u0131c\u0131l\u0131kla a\u015f\u0131labilece\u011fini hat\u0131rlatan G\u00fcl&#8217;\u00fcn Hayalindeki Elbise, \u00e7ocuklara okumay\u0131 sevdiren SEN de OKU koleksiyonundaki yerini al\u0131yor.<\/p>\n","protected":false},"excerpt":{"rendered":"<p>D\u00fc\u015flerinize s\u0131ms\u0131k\u0131 sar\u0131l\u0131n!Katherine Woodfine&#8217;\u0131n, ger\u00e7ek bir ya\u015fam \u00f6yk\u00fcs\u00fcnden esinlenerek kaleme ald\u0131\u011f\u0131 G\u00fcl&#8217;\u00fcn Hayalindeki Elbise; okurlar\u0131 18. y\u00fczy\u0131l Fransa&#8217;s\u0131na do\u011fru reng\u00e2renk bir moda yolculu\u011funa \u00e7\u0131kar\u0131yor.Terzi olma hayaliyle<span class=\"excerpt-hellip\"> [\u2026]<\/span><\/p>\n","protected":false},"featured_media":0,"template":"","meta":{"_monsterinsights_skip_tracking":false,"_monsterinsights_sitenote_active":false,"_monsterinsights_sitenote_note":"","_monsterinsights_sitenote_category":0},"product_brand":[],"product_cat":[12291,12711],"product_tag":[],"class_list":{"0":"post-749822","1":"product","2":"type-product","3":"status-publish","5":"product_cat-edebiyat","6":"product_cat-roman-oyku","7":"pa_cilt-ciltsiz","8":"pa_tur-kitap","9":"pa_yayinevi-tudem-yayinlari","10":"pa_yazar-katherine-woodfine","12":"first","13":"instock","14":"sale","15":"shipping-taxable","16":"purchasable","17":"product-type-simple"},"_links":{"self":[{"href":"https:\/\/roveyayinevi.com.tr\/index.php\/wp-json\/wp\/v2\/product\/749822","targetHints":{"allow":["GET"]}}],"collection":[{"href":"https:\/\/roveyayinevi.com.tr\/index.php\/wp-json\/wp\/v2\/product"}],"about":[{"href":"https:\/\/roveyayinevi.com.tr\/index.php\/wp-json\/wp\/v2\/types\/product"}],"wp:attachment":[{"href":"https:\/\/roveyayinevi.com.tr\/index.php\/wp-json\/wp\/v2\/media?parent=749822"}],"wp:term":[{"taxonomy":"product_brand","embeddable":true,"href":"https:\/\/roveyayinevi.com.tr\/index.php\/wp-json\/wp\/v2\/product_brand?post=749822"},{"taxonomy":"product_cat","embeddable":true,"href":"https:\/\/roveyayinevi.com.tr\/index.php\/wp-json\/wp\/v2\/product_cat?post=749822"},{"taxonomy":"product_tag","embeddable":true,"href":"https:\/\/roveyayinevi.com.tr\/index.php\/wp-json\/wp\/v2\/product_tag?post=749822"}],"curies":[{"name":"wp","href":"https:\/\/api.w.org\/{rel}","templated":true}]}}