{"id":749744,"date":"2025-08-28T04:02:57","date_gmt":"2025-08-28T01:02:57","guid":{"rendered":"https:\/\/roveyayinevi.com.tr\/index.php\/urun\/cin-arif\/"},"modified":"2026-04-16T03:03:10","modified_gmt":"2026-04-16T00:03:10","slug":"cin-arif","status":"publish","type":"product","link":"https:\/\/roveyayinevi.com.tr\/index.php\/urun\/cin-arif\/","title":{"rendered":"Cin Arif"},"content":{"rendered":"<p>Her inanan\u0131n da iyi bildi\u011fi gibi, evren dedi\u011fimiz bu muhte\u015fem ve ak\u0131l almaz varl\u0131klar \u00e2leminde, sadece insanlar ya\u015famamaktad\u0131r. Bu \u00e2lemin \u00e7ok oldu\u011fu, paralel evrenlerin ya da boyutlar\u0131n oldu\u011fu da s\u00f6ylenmektedir. Yabanc\u0131 bilim adamlar\u0131n\u0131n UFO\u2019lar dedi\u011fi, bizim ise tart\u0131\u015fmas\u0131z C\u0130N dedi\u011fimiz varl\u0131klar ve i\u00e7eriklerini tam bilemedi\u011fimiz di\u011fer varl\u0131klar (melekler, \u015feytanlar ve nurani varl\u0131klar) da bu evrende ya\u015famaktad\u0131r. Aram\u0131zda ya\u015fayan ve ya\u015farken hayran oldu\u011fumuz ve \u201cma\u015fallah, cin gibi!\u201d dedi\u011fimiz insanlar yok mudur? Tabi ki, vard\u0131r! Peki, bunlar\u0131n, insan k\u0131l\u0131\u011f\u0131na girmi\u015f iyi C\u0130N\u2019ler olmad\u0131klar\u0131 ne malum? Engin ve felsefe i\u00e7eren konular beni oturdu\u011fum yerden galaksilerin en karma\u015f\u0131k yerlerinde dola\u015ft\u0131rmakla kalm\u0131yor, ara\u015ft\u0131rmalara da te\u015fvik etmeye ba\u015fl\u0131yordu ki, halen de ara\u015ft\u0131rmac\u0131l\u0131k ruhumdan bir \u015fey kaybetmedi\u011fimi s\u00f6yleyebilirim. \u0130\u015fte bu ve bunun d\u0131\u015f\u0131ndaki di\u011fer kitaplar\u0131m bu merak, sorgu ve ger\u00e7e\u011fin pe\u015finde ko\u015fma sonucu ortaya \u00e7\u0131km\u0131\u015ft\u0131r\/\u00e7\u0131kmaktad\u0131r\u2026 <\/p>\n","protected":false},"excerpt":{"rendered":"<p>Her inanan\u0131n da iyi bildi\u011fi gibi, evren dedi\u011fimiz bu muhte\u015fem ve ak\u0131l almaz varl\u0131klar \u00e2leminde, sadece insanlar ya\u015famamaktad\u0131r. Bu \u00e2lemin \u00e7ok oldu\u011fu, paralel evrenlerin ya da<span class=\"excerpt-hellip\"> [\u2026]<\/span><\/p>\n","protected":false},"featured_media":0,"template":"","meta":{"_monsterinsights_skip_tracking":false,"_monsterinsights_sitenote_active":false,"_monsterinsights_sitenote_note":"","_monsterinsights_sitenote_category":0},"product_brand":[],"product_cat":[12540,12291],"product_tag":[],"class_list":{"0":"post-749744","1":"product","2":"type-product","3":"status-publish","5":"product_cat-bilim-kurgu","6":"product_cat-edebiyat","7":"pa_cilt-ciltsiz","8":"pa_tur-kitap","9":"pa_yayinevi-gulnar-yayinlari","10":"pa_yazar-sedat-sadioglu","12":"first","13":"instock","14":"sale","15":"shipping-taxable","16":"purchasable","17":"product-type-simple"},"_links":{"self":[{"href":"https:\/\/roveyayinevi.com.tr\/index.php\/wp-json\/wp\/v2\/product\/749744","targetHints":{"allow":["GET"]}}],"collection":[{"href":"https:\/\/roveyayinevi.com.tr\/index.php\/wp-json\/wp\/v2\/product"}],"about":[{"href":"https:\/\/roveyayinevi.com.tr\/index.php\/wp-json\/wp\/v2\/types\/product"}],"wp:attachment":[{"href":"https:\/\/roveyayinevi.com.tr\/index.php\/wp-json\/wp\/v2\/media?parent=749744"}],"wp:term":[{"taxonomy":"product_brand","embeddable":true,"href":"https:\/\/roveyayinevi.com.tr\/index.php\/wp-json\/wp\/v2\/product_brand?post=749744"},{"taxonomy":"product_cat","embeddable":true,"href":"https:\/\/roveyayinevi.com.tr\/index.php\/wp-json\/wp\/v2\/product_cat?post=749744"},{"taxonomy":"product_tag","embeddable":true,"href":"https:\/\/roveyayinevi.com.tr\/index.php\/wp-json\/wp\/v2\/product_tag?post=749744"}],"curies":[{"name":"wp","href":"https:\/\/api.w.org\/{rel}","templated":true}]}}