{"id":749668,"date":"2025-08-28T04:01:28","date_gmt":"2025-08-28T01:01:28","guid":{"rendered":"https:\/\/roveyayinevi.com.tr\/index.php\/urun\/gelecege-isik-tutan-liderler\/"},"modified":"2026-04-16T03:03:08","modified_gmt":"2026-04-16T00:03:08","slug":"gelecege-isik-tutan-liderler","status":"publish","type":"product","link":"https:\/\/roveyayinevi.com.tr\/index.php\/urun\/gelecege-isik-tutan-liderler\/","title":{"rendered":"Gelece\u011fe I\u015f\u0131k Tutan Liderler"},"content":{"rendered":"<p>Farkl\u0131 sekt\u00f6rlerden \u00e7ok say\u0131da i\u015fbirlik\u00e7i, vizyoner ve d\u00f6n\u00fc\u015ft\u00fcr\u00fcc\u00fc liderle uzun y\u0131llard\u0131r i\u015fbirlikleri yapan Yeni Nesil D\u00f6n\u00fc\u015f\u00fcm ve \u0130leti\u015fim Lideri Koray Bilici, yakla\u015f\u0131k iki y\u0131ld\u0131r s\u00fcrd\u00fcrd\u00fc\u011f\u00fc podcast yay\u0131nlar\u0131n\u0131, Gelece\u011fe I\u015f\u0131k Tutan Liderler adl\u0131 kitab\u0131yla okurlar\u0131yla bulu\u015fturuyor. Kitab\u0131n ard\u0131nda, Koray Bilici\u2019nin 25 y\u0131ll\u0131k performans odakl\u0131 d\u00f6n\u00fc\u015f\u00fcme dair kan\u0131tlanm\u0131\u015f uluslararas\u0131 kay\u0131tl\u0131 ba\u015far\u0131lar\u0131ndan elde etti\u011fi birikimleri var. Lider arkada\u015flar\u0131yla edindi\u011fi tecr\u00fcbe ve gelece\u011fe dair \u00f6ng\u00f6r\u00fcleri bu kitapta toplayan Bilici, \u201cBug\u00fcn art\u0131k d\u00fcnde kald\u0131\u201d mottosuyla yazd\u0131\u011f\u0131 kitab\u0131nda, i\u015f d\u00fcnyas\u0131n\u0131n gelece\u011fine \u0131\u015f\u0131k tutuyor. Dijital Darwinizm\u2019in gere\u011fi olarak \u015firketler inan\u0131lmaz bir d\u00f6n\u00fc\u015f\u00fcm s\u00fcrecine girdi. Bu d\u00f6n\u00fc\u015f\u00fcm\u00fcn kararl\u0131 ve enerjik bir bi\u00e7imde organizasyonlar\u0131n i\u00e7ine i\u015flemesi gerekiyor. Bunun yolu ise yarat\u0131c\u0131l\u0131k ve pazar verilerinin do\u011fru \u015fekilde okunmas\u0131yla olu\u015fturulacak g\u00fc\u00e7l\u00fc m\u00fc\u015fteri ve sonu\u00e7 odakl\u0131 yakla\u015f\u0131mlar ve yeni nesil d\u00f6n\u00fc\u015f\u00fcm ileti\u015fim liderleriyle yap\u0131lan i\u015fbirliklerinden ge\u00e7iyor. Kitab\u0131n yazar telif geliri YANINDAYIZ Derne\u011fi\u2019nin depremden etkilenen insanlar\u0131m\u0131za yapaca\u011f\u0131 yard\u0131ma katk\u0131 olarak aktar\u0131lacakt\u0131r Elinizde tuttu\u011funuz kitap, birbirinden ba\u015far\u0131l\u0131 liderlerin i\u015fbirlik\u00e7i, vizyoner ve d\u00f6n\u00fc\u015ft\u00fcr\u00fcc\u00fc liderlik hakk\u0131nda i\u00e7g\u00f6r\u00fclerinden olu\u015fan g\u00fc\u00e7l\u00fc bir koleksiyon bar\u0131nd\u0131r\u0131yor. Hem i\u015f, hem ki\u015fisel geli\u015fim \u00f6\u011feleri i\u00e7eren bu se\u00e7ki, kariyerinin her seviyesindeki i\u015f insan\u0131 i\u00e7in de\u011fi\u015fim ve inovasyon ad\u0131na h\u0131zl\u0131 bir ba\u015flang\u0131\u00e7 yapma yolunda pratik \u00f6neriler sunuyor. &#8211; Richard Marriott, Amazon T\u00fcrkiye \u00dclke M\u00fcd\u00fcr\u00fc   Koray Bilici, geni\u015f vizyonu ve m\u00fckemmel birikimi ile merkezine liderli\u011fi koydu\u011fu ve \u00e7evresinde g\u00fcn\u00fcm\u00fcz i\u015f d\u00fcnyas\u0131n\u0131n dijitalle\u015fme, s\u00fcrd\u00fcr\u00fclebilirlik, ama\u00e7 gibi en g\u00fcncel kavramlar\u0131n\u0131 b\u00fct\u00fcnc\u00fcl bir anlay\u0131\u015fla, 50 liderin g\u00f6r\u00fc\u015fleriyle sentezledi\u011fi m\u00fcthi\u015f bir \u00e7al\u0131\u015fmaya imza atm\u0131\u015f. H\u0131zl\u0131 de\u011fi\u015fen g\u00fcn\u00fcm\u00fcz i\u015f d\u00fcnyas\u0131nda ba\u015far\u0131l\u0131 olabilmenin yol haritas\u0131n\u0131 \u00e7\u0131karm\u0131\u015f. Kariyer yolculu\u011funun her safhas\u0131ndaki i\u015f insanlar\u0131n\u0131n yan\u0131 s\u0131ra konuya ilgi duyan herkes i\u00e7in harika bir ba\u015fucu kitab\u0131. &#8211; Hasan Alemdar, Henkel Ki\u015fisel Bak\u0131m Ortado\u011fu ve Afrika Ba\u015fkan Yard\u0131mc\u0131s\u0131    G\u00fcn\u00fcm\u00fcz teknoloji d\u00fcnyas\u0131n\u0131n ula\u015ft\u0131\u011f\u0131 yaz\u0131l\u0131m ve blok zincir k\u00f6kenli m\u00fcthi\u015f inovasyon h\u0131z\u0131n\u0131n ard\u0131nda, bilgi ve know how\u2019\u0131n herkese a\u00e7\u0131lmas\u0131 ve payla\u015f\u0131m\u0131 var. Koray Bilici&#8217;nin b\u00fcy\u00fck bir enerji ile kaleme ald\u0131\u011f\u0131 bu kitap, teknolojide ya\u015fanan a\u00e7\u0131k ve payla\u015f\u0131mc\u0131 modelin, y\u00f6netim ve liderli\u011fe bir yans\u0131mas\u0131 niteli\u011finde. 50 liderin ki\u015fisel tecr\u00fcbeleri ve \u00f6ng\u00f6r\u00fcleri ile olu\u015fan bilgi ve tecr\u00fcbe havuzu, inovasyon ve yeni nesil liderlik i\u00e7in m\u00fckemmel bir kulu\u00e7kaland\u0131rma merkezi. &#8211; \u00d6nder G\u00fcler, Google Cloud \u00dclke M\u00fcd\u00fcr\u00fc    Sevgili Koray Bilici\u2019nin podcast\u2019ine kat\u0131lmaktan b\u00fcy\u00fck keyif ald\u0131m. Farkl\u0131 liderlerle yapt\u0131\u011f\u0131 bu sohbetleri kitab\u0131nda bir araya getirmi\u015f olmas\u0131ndan dolay\u0131 kendisini tebrik ediyorum. Bu k\u0131ymetli eserin liderli\u011fin d\u00f6n\u00fc\u015f\u00fcm\u00fc i\u00e7in bir el kitab\u0131 niteli\u011fi ta\u015f\u0131yaca\u011f\u0131na ve gelece\u011fin liderlerine de ilham olaca\u011f\u0131na inan\u0131yorum. &#8211; Mert \u00d6nc\u00fc, Odeabank Genel M\u00fcd\u00fcr\u00fc    Sevgili m\u00fcstakbel okur, bu kitab\u0131 al\u0131p okudu\u011funuzda hep olmak istedi\u011finiz liderin bizatihi kendisi olma yolunda \u00f6nemli bir ad\u0131m atm\u0131\u015f olacaks\u0131n\u0131z. Bence bu sadece liderlik \u00fczerine derlenmi\u015f bir kitap de\u011fil, adeta bir olgunla\u015fma enstit\u00fcs\u00fc. Ben liderli\u011fin bir unvandan \u00e7ok bir davran\u0131\u015flar b\u00fct\u00fcn\u00fc oldu\u011funu d\u00fc\u015f\u00fcn\u00fcr\u00fcm. Bu kitaptaki ya\u015fanm\u0131\u015fl\u0131klar da okuyucuya, nas\u0131l lider olunurdan \u00e7ok, liderlik davran\u0131\u015f\u0131 nas\u0131l sergileniri aktar\u0131yor. Unvan\u0131n\u0131z bir g\u00fcnden di\u011ferine ilerlemez, ama siz her g\u00fcn bir \u00f6nceki g\u00fcnden daha fazla lider olabilirsiniz. Bu, unvan\u0131n\u0131zdan ba\u011f\u0131ms\u0131z olarak her an nas\u0131l davrand\u0131\u011f\u0131n\u0131za, eylemlerinize ba\u011fl\u0131. &#8211; Levent K\u00f6m\u00fcr, Mey Diageo Genel M\u00fcd\u00fcr\u00fc  T\u00fcrkiye\u2019nin \u00f6nde gelen 50 liderinin tarihte e\u015fine az rastlan\u0131r zor d\u00f6nemlerde verdikleri liderlik s\u0131nav\u0131na Koray\u2019\u0131n g\u00f6z\u00fcnden ve yorumlar\u0131yla bakabilmek ne bulunmaz bir hazine! \u0130\u015f d\u00fcnyas\u0131n\u0131n her alan\u0131ndan ve her d\u00fczeyde profesyonelin ilham alacaklar\u0131 b\u00f6yle kal\u0131c\u0131 bir eseri ve ortak akl\u0131 bizlere arma\u011fan etti\u011fi i\u00e7in sevgili Koray\u2019a ve katk\u0131 veren t\u00fcm liderlere akl\u0131n\u0131za ve y\u00fcre\u011finize sa\u011fl\u0131k diyorum. &#8211; Cem Eri\u00e7, Esas Gayrimenkul CEO\u2019su  Kat\u0131ld\u0131\u011f\u0131m en verimli ve keyifli podcast\u2019lerden biri oldu. Ortak ak\u0131l ve liderlik anlay\u0131\u015f\u0131n\u0131n kitap haline getirilmesi \u015fahane. \u0130yi bir lider muhakkak dinlemeli, bilmeli, takip etmeli, g\u00fcncel olmal\u0131, ba\u015far\u0131y\u0131 alk\u0131\u015flamal\u0131 ve bu kitab\u0131 okumal\u0131. &#8211; Murat Kolba\u015f\u0131, Arzum Elektrikli Ev Aletleri Y\u00f6netim Kurulu Ba\u015fkan\u0131   <\/p>\n","protected":false},"excerpt":{"rendered":"<p>Farkl\u0131 sekt\u00f6rlerden \u00e7ok say\u0131da i\u015fbirlik\u00e7i, vizyoner ve d\u00f6n\u00fc\u015ft\u00fcr\u00fcc\u00fc liderle uzun y\u0131llard\u0131r i\u015fbirlikleri yapan Yeni Nesil D\u00f6n\u00fc\u015f\u00fcm ve \u0130leti\u015fim Lideri Koray Bilici, yakla\u015f\u0131k iki y\u0131ld\u0131r s\u00fcrd\u00fcrd\u00fc\u011f\u00fc podcast<span class=\"excerpt-hellip\"> [\u2026]<\/span><\/p>\n","protected":false},"featured_media":0,"template":"","meta":{"_monsterinsights_skip_tracking":false,"_monsterinsights_sitenote_active":false,"_monsterinsights_sitenote_note":"","_monsterinsights_sitenote_category":0},"product_brand":[],"product_cat":[13043,17647],"product_tag":[],"class_list":{"0":"post-749668","1":"product","2":"type-product","3":"status-publish","5":"product_cat-ekonomi","6":"product_cat-is-dunyasi","7":"pa_cilt-ciltsiz","8":"pa_tur-kitap","9":"pa_yayinevi-dogan-solibri-yayinlari","10":"pa_yazar-koray-bilici","12":"first","13":"instock","14":"sale","15":"shipping-taxable","16":"purchasable","17":"product-type-simple"},"_links":{"self":[{"href":"https:\/\/roveyayinevi.com.tr\/index.php\/wp-json\/wp\/v2\/product\/749668","targetHints":{"allow":["GET"]}}],"collection":[{"href":"https:\/\/roveyayinevi.com.tr\/index.php\/wp-json\/wp\/v2\/product"}],"about":[{"href":"https:\/\/roveyayinevi.com.tr\/index.php\/wp-json\/wp\/v2\/types\/product"}],"wp:attachment":[{"href":"https:\/\/roveyayinevi.com.tr\/index.php\/wp-json\/wp\/v2\/media?parent=749668"}],"wp:term":[{"taxonomy":"product_brand","embeddable":true,"href":"https:\/\/roveyayinevi.com.tr\/index.php\/wp-json\/wp\/v2\/product_brand?post=749668"},{"taxonomy":"product_cat","embeddable":true,"href":"https:\/\/roveyayinevi.com.tr\/index.php\/wp-json\/wp\/v2\/product_cat?post=749668"},{"taxonomy":"product_tag","embeddable":true,"href":"https:\/\/roveyayinevi.com.tr\/index.php\/wp-json\/wp\/v2\/product_tag?post=749668"}],"curies":[{"name":"wp","href":"https:\/\/api.w.org\/{rel}","templated":true}]}}