{"id":749636,"date":"2025-08-28T04:00:46","date_gmt":"2025-08-28T01:00:46","guid":{"rendered":"https:\/\/roveyayinevi.com.tr\/index.php\/urun\/degisim-ruzgarlari-anadoluda-cevre-ve-toplum\/"},"modified":"2026-04-16T03:03:07","modified_gmt":"2026-04-16T00:03:07","slug":"degisim-ruzgarlari-anadoluda-cevre-ve-toplum","status":"publish","type":"product","link":"https:\/\/roveyayinevi.com.tr\/index.php\/urun\/degisim-ruzgarlari-anadoluda-cevre-ve-toplum\/","title":{"rendered":"De\u011fi\u015fim R\u00fczgarlar\u0131 Anadoluda \u00c7evre ve Toplum"},"content":{"rendered":"<p>Anadolu\u2019da \u00e7evre ve toplum aras\u0131ndaki ve dinamik etkile\u015fimleri anlamak Son y\u0131llarda \u00e7evresel ve iklimsel ko\u015fullar\u0131n ge\u00e7mi\u015f insan toplumlar\u0131 \u00fczerindeki etkileri hem bilim camias\u0131n\u0131n hem de halk\u0131n \u00f6nemli \u00f6l\u00e7\u00fcde ilgisini \u00e7ekmi\u015ftir. Anadolu\u2019nun asya, avrupa ve Afrika kavu\u015fumu ve \u00fc\u00e7 iklim sisteminin kesi\u015fimindeki konumu, bu t\u00fcr etkilerin incelenmesi i\u00e7in \u00e7ok uygun bir ortam sa\u011flar. Anadlu, bilhassa arkeologlar, tarih\u00e7iler ve iklim bilimciler aras\u0131ndaki yak\u0131n i\u015fbirli\u011finin \u00f6nemine dikkat \u00e7ekerek iklimsel unsurlar\u0131n sosyopolitik \u00f6rg\u00fctlenmeyi ve tarihsel evrimi nas\u0131l etkiledi\u011fine dair pek \u00e7ok varsay\u0131ma kar\u015f\u0131 \u00e7\u0131kar.<\/p>\n","protected":false},"excerpt":{"rendered":"<p>Anadolu\u2019da \u00e7evre ve toplum aras\u0131ndaki ve dinamik etkile\u015fimleri anlamak Son y\u0131llarda \u00e7evresel ve iklimsel ko\u015fullar\u0131n ge\u00e7mi\u015f insan toplumlar\u0131 \u00fczerindeki etkileri hem bilim camias\u0131n\u0131n hem de halk\u0131n<span class=\"excerpt-hellip\"> [\u2026]<\/span><\/p>\n","protected":false},"featured_media":0,"template":"","meta":{"_monsterinsights_skip_tracking":false,"_monsterinsights_sitenote_active":false,"_monsterinsights_sitenote_note":"","_monsterinsights_sitenote_category":0},"product_brand":[],"product_cat":[12370,12304],"product_tag":[],"class_list":{"0":"post-749636","1":"product","2":"type-product","3":"status-publish","5":"product_cat-arastirma-inceleme","6":"product_cat-tarih","7":"pa_cilt-ciltsiz","8":"pa_tur-kitap","9":"pa_yayinevi-koc-universitesi-yayinlari","10":"pa_yazar-kolektif","12":"first","13":"instock","14":"sale","15":"shipping-taxable","16":"purchasable","17":"product-type-simple"},"_links":{"self":[{"href":"https:\/\/roveyayinevi.com.tr\/index.php\/wp-json\/wp\/v2\/product\/749636","targetHints":{"allow":["GET"]}}],"collection":[{"href":"https:\/\/roveyayinevi.com.tr\/index.php\/wp-json\/wp\/v2\/product"}],"about":[{"href":"https:\/\/roveyayinevi.com.tr\/index.php\/wp-json\/wp\/v2\/types\/product"}],"wp:attachment":[{"href":"https:\/\/roveyayinevi.com.tr\/index.php\/wp-json\/wp\/v2\/media?parent=749636"}],"wp:term":[{"taxonomy":"product_brand","embeddable":true,"href":"https:\/\/roveyayinevi.com.tr\/index.php\/wp-json\/wp\/v2\/product_brand?post=749636"},{"taxonomy":"product_cat","embeddable":true,"href":"https:\/\/roveyayinevi.com.tr\/index.php\/wp-json\/wp\/v2\/product_cat?post=749636"},{"taxonomy":"product_tag","embeddable":true,"href":"https:\/\/roveyayinevi.com.tr\/index.php\/wp-json\/wp\/v2\/product_tag?post=749636"}],"curies":[{"name":"wp","href":"https:\/\/api.w.org\/{rel}","templated":true}]}}