{"id":749402,"date":"2025-08-28T03:55:12","date_gmt":"2025-08-28T00:55:12","guid":{"rendered":"https:\/\/roveyayinevi.com.tr\/index.php\/urun\/haci-bektas-i-veli-2\/"},"modified":"2026-04-16T03:03:02","modified_gmt":"2026-04-16T00:03:02","slug":"haci-bektas-i-veli-2","status":"publish","type":"product","link":"https:\/\/roveyayinevi.com.tr\/index.php\/urun\/haci-bektas-i-veli-2\/","title":{"rendered":"Hac\u0131 Bekta\u015f-\u0131 Veli"},"content":{"rendered":"<p>Bu topra\u011f\u0131n mayas\u0131n\u0131 karanlardand\u0131r Hac\u0131 Bekta\u015f-\u0131 Veli, Mo\u011fol y\u0131k\u0131m\u0131n\u0131n ard\u0131ndan g\u00f6n\u00fclleri tamir eden, imandan ne\u015fet eden bir medeniyetin temellerini atanlardand\u0131r.Kah g\u00fcvercin k\u0131l\u0131\u011f\u0131na girerek kah duvarlar\u0131 y\u00fcr\u00fcterek bar\u0131\u015f\u0131, insan sevgisini, kul hakk\u0131n\u0131 anlatarak, anlatt\u0131klar\u0131n\u0131 hal dilinde ya\u015fayarak \u0130slam\u2019\u0131n kalplerde yerle\u015fmesini sa\u011flayan bir ermi\u015f, bir veli, bir dervi\u015ftir.Dr. Fahri Maden, hayat\u0131na ve kerametlerine dair farkl\u0131 rivayetleri anla\u015f\u0131l\u0131r halde derledi\u011fi Hikmet Kap\u0131s\u0131 Hac\u0131 Bekta\u015f Veli kitab\u0131nda olgunla\u015f\u0131p g\u00f6n\u00fcllerde yer ettik\u00e7e \u00e7o\u011falan isimleriyle bir G\u00f6n\u00fcl Padi\u015fah\u0131&#8217;n\u0131; Hac\u0131, Hace, H\u00fcnkar Bekta\u015f Veli\u2019yi anlatt\u0131.<\/p>\n","protected":false},"excerpt":{"rendered":"<p>Bu topra\u011f\u0131n mayas\u0131n\u0131 karanlardand\u0131r Hac\u0131 Bekta\u015f-\u0131 Veli, Mo\u011fol y\u0131k\u0131m\u0131n\u0131n ard\u0131ndan g\u00f6n\u00fclleri tamir eden, imandan ne\u015fet eden bir medeniyetin temellerini atanlardand\u0131r.Kah g\u00fcvercin k\u0131l\u0131\u011f\u0131na girerek kah duvarlar\u0131 y\u00fcr\u00fcterek<span class=\"excerpt-hellip\"> [\u2026]<\/span><\/p>\n","protected":false},"featured_media":0,"template":"","meta":{"_monsterinsights_skip_tracking":false,"_monsterinsights_sitenote_active":false,"_monsterinsights_sitenote_note":"","_monsterinsights_sitenote_category":0},"product_brand":[],"product_cat":[14009,12291],"product_tag":[],"class_list":{"0":"post-749402","1":"product","2":"type-product","3":"status-publish","5":"product_cat-biyografi-otobiyografi-edebiyat","6":"product_cat-edebiyat","7":"pa_cilt-ciltsiz","8":"pa_tur-kitap","9":"pa_yayinevi-erdem-yayinlari","10":"pa_yazar-fahri-maden","12":"first","13":"instock","14":"sale","15":"shipping-taxable","16":"purchasable","17":"product-type-simple"},"_links":{"self":[{"href":"https:\/\/roveyayinevi.com.tr\/index.php\/wp-json\/wp\/v2\/product\/749402","targetHints":{"allow":["GET"]}}],"collection":[{"href":"https:\/\/roveyayinevi.com.tr\/index.php\/wp-json\/wp\/v2\/product"}],"about":[{"href":"https:\/\/roveyayinevi.com.tr\/index.php\/wp-json\/wp\/v2\/types\/product"}],"wp:attachment":[{"href":"https:\/\/roveyayinevi.com.tr\/index.php\/wp-json\/wp\/v2\/media?parent=749402"}],"wp:term":[{"taxonomy":"product_brand","embeddable":true,"href":"https:\/\/roveyayinevi.com.tr\/index.php\/wp-json\/wp\/v2\/product_brand?post=749402"},{"taxonomy":"product_cat","embeddable":true,"href":"https:\/\/roveyayinevi.com.tr\/index.php\/wp-json\/wp\/v2\/product_cat?post=749402"},{"taxonomy":"product_tag","embeddable":true,"href":"https:\/\/roveyayinevi.com.tr\/index.php\/wp-json\/wp\/v2\/product_tag?post=749402"}],"curies":[{"name":"wp","href":"https:\/\/api.w.org\/{rel}","templated":true}]}}