{"id":749397,"date":"2025-08-28T03:55:07","date_gmt":"2025-08-28T00:55:07","guid":{"rendered":"https:\/\/roveyayinevi.com.tr\/index.php\/urun\/selcuklularin-oncu-veziri-amidulmulk-kunduri\/"},"modified":"2026-04-16T03:03:02","modified_gmt":"2026-04-16T00:03:02","slug":"selcuklularin-oncu-veziri-amidulmulk-kunduri","status":"publish","type":"product","link":"https:\/\/roveyayinevi.com.tr\/index.php\/urun\/selcuklularin-oncu-veziri-amidulmulk-kunduri\/","title":{"rendered":"Sel\u00e7uklular\u0131n \u00d6nc\u00fc Veziri: Am\u00eed\u00fclm\u00fclk K\u00fcnd\u00fcr\u00ee"},"content":{"rendered":"<p>\u0130lk Sel\u00e7uklu h\u00fck\u00fcmdar\u0131 Tu\u011frul Bey\u2019in Ni\u015fabur\u2019a geldi\u011fi s\u0131rada \u015fehrin ileri gelenleri ile bir araya gelerek kendisine Arap\u00e7a ve Fars\u00e7ay\u0131 iyi derecede bilen birini tavsiye etmelerini ister. Buna ba\u011fl\u0131 olarak da Sultan\u2019a K\u00fcnd\u00fcri tavsiye edilir. Tu\u011frul Bey taraf\u0131ndan memuriyete al\u0131nan K\u00fcnd\u00fcri, ba\u015fta katiplik olmak \u00fczere \u00e7e\u015fitli resmi g\u00f6revlerde bulunduktan sonra vezirlik makam\u0131na kadar y\u00fckselir. Sel\u00e7uklu vezirini muktedir bir b\u00fcrokrat haline getiren K\u00fcnd\u00fcri\u2019nin siyasi maceras\u0131 bu \u015fekilde ba\u015flar ve o, k\u0131sa s\u00fcre i\u00e7erisinde makam ile nam\u0131n\u0131n belirlendi\u011fi de\u011fil, nam\u0131 ile makam\u0131n yap\u0131s\u0131n\u0131 belirleyen bir devlet adam\u0131 haline gelir. Bu bak\u0131mdan, Sel\u00e7uklularda vezirlik kurumunun banisinin K\u00fcnd\u00fcri oldu\u011funu s\u00f6ylemekte bir mahzur yoktur.Bu kitapta; Sel\u00e7uklu Tarihi\u2019nin karanl\u0131kta kalm\u0131\u015f vezirinin hayat\u0131n\u0131 ve d\u00f6nem hakk\u0131nda sat\u0131r aralar\u0131ndaki detaylar\u0131 okuyacaks\u0131n\u0131z.<\/p>\n","protected":false},"excerpt":{"rendered":"<p>\u0130lk Sel\u00e7uklu h\u00fck\u00fcmdar\u0131 Tu\u011frul Bey\u2019in Ni\u015fabur\u2019a geldi\u011fi s\u0131rada \u015fehrin ileri gelenleri ile bir araya gelerek kendisine Arap\u00e7a ve Fars\u00e7ay\u0131 iyi derecede bilen birini tavsiye etmelerini ister.<span class=\"excerpt-hellip\"> [\u2026]<\/span><\/p>\n","protected":false},"featured_media":0,"template":"","meta":{"_monsterinsights_skip_tracking":false,"_monsterinsights_sitenote_active":false,"_monsterinsights_sitenote_note":"","_monsterinsights_sitenote_category":0},"product_brand":[],"product_cat":[13946,12304],"product_tag":[],"class_list":{"0":"post-749397","1":"product","2":"type-product","3":"status-publish","5":"product_cat-biyografi-otobiyografi","6":"product_cat-tarih","7":"pa_cilt-ciltsiz","8":"pa_tur-kitap","9":"pa_yayinevi-erdem-yayinlari","10":"pa_yazar-mustafa-alican","12":"first","13":"instock","14":"sale","15":"shipping-taxable","16":"purchasable","17":"product-type-simple"},"_links":{"self":[{"href":"https:\/\/roveyayinevi.com.tr\/index.php\/wp-json\/wp\/v2\/product\/749397","targetHints":{"allow":["GET"]}}],"collection":[{"href":"https:\/\/roveyayinevi.com.tr\/index.php\/wp-json\/wp\/v2\/product"}],"about":[{"href":"https:\/\/roveyayinevi.com.tr\/index.php\/wp-json\/wp\/v2\/types\/product"}],"wp:attachment":[{"href":"https:\/\/roveyayinevi.com.tr\/index.php\/wp-json\/wp\/v2\/media?parent=749397"}],"wp:term":[{"taxonomy":"product_brand","embeddable":true,"href":"https:\/\/roveyayinevi.com.tr\/index.php\/wp-json\/wp\/v2\/product_brand?post=749397"},{"taxonomy":"product_cat","embeddable":true,"href":"https:\/\/roveyayinevi.com.tr\/index.php\/wp-json\/wp\/v2\/product_cat?post=749397"},{"taxonomy":"product_tag","embeddable":true,"href":"https:\/\/roveyayinevi.com.tr\/index.php\/wp-json\/wp\/v2\/product_tag?post=749397"}],"curies":[{"name":"wp","href":"https:\/\/api.w.org\/{rel}","templated":true}]}}