{"id":749190,"date":"2025-08-28T03:49:30","date_gmt":"2025-08-28T00:49:30","guid":{"rendered":"https:\/\/roveyayinevi.com.tr\/index.php\/urun\/bilgi-tarihinde-surgunler-ve-gocmenler-1500-2000\/"},"modified":"2026-04-16T03:01:46","modified_gmt":"2026-04-16T00:01:46","slug":"bilgi-tarihinde-surgunler-ve-gocmenler-1500-2000","status":"publish","type":"product","link":"https:\/\/roveyayinevi.com.tr\/index.php\/urun\/bilgi-tarihinde-surgunler-ve-gocmenler-1500-2000\/","title":{"rendered":"Bilgi Tarihinde S\u00fcrg\u00fcnler ve G\u00f6\u00e7menler (1500 \u2013 2000)"},"content":{"rendered":"<p>Tarih\u00e7i Peter Burke, entelekt\u00fcel diasporalar\u0131 ele ald\u0131\u011f\u0131 bu geni\u015f kapsaml\u0131 \u00e7al\u0131\u015fmas\u0131nda, s\u00fcrg\u00fcn ve g\u00f6\u00e7menlerin tarih boyunca bilgiye yapt\u0131klar\u0131 ay\u0131rt edici katk\u0131y\u0131 sorguluyor. S\u00fcrg\u00fcn ve g\u00f6\u00e7menlerin, dahas\u0131 iki k\u00fclt\u00fcr aras\u0131nda arac\u0131l\u0131k eden herkesin, insan\u0131n ufkunun geni\u015flemesine katk\u0131lar\u0131n\u0131n d\u00f6k\u00fcm\u00fcn\u00fc yap\u0131yor. Dahas\u0131 bu katk\u0131lar\u0131 ayr\u0131ks\u0131 k\u0131lan \u015feyi, yani yerelcilikten uzakla\u015fman\u0131n \u00fcst\u00fcnde duruyor. Kitap, s\u00fcrg\u00fcn ve g\u00f6\u00e7menli\u011fin olumlu sonu\u00e7lar\u0131ndan baz\u0131lar\u0131na, kara bulutlar\u0131n aras\u0131ndan g\u00f6r\u00fcnen \u0131\u015f\u0131\u011fa odaklan\u0131yor. Geni\u015f bir co\u011frafyaya ve geni\u015f bir zamana odaklanan \u00e7al\u0131\u015fma, bilgi tarihinde kay\u0131plar\u0131n yan\u0131 s\u0131ra kazan\u00e7lar\u0131, etkile\u015fimleri, etkile\u015fimlerden do\u011fan melezle\u015fmeyi, mesela Alman teorisi ile Anglo\u2013Amerikan ampirizmi aras\u0131ndaki yarat\u0131c\u0131 melezle\u015fmeyi ele al\u0131yor. Bu g\u00fcncel de\u011ferlendirme, ki\u015fisel kay\u0131plar\u0131na ra\u011fmen s\u00fcrg\u00fcn ve g\u00f6\u00e7menlerin yeni vatanlar\u0131na getirdikleri entelekt\u00fcel sermayenin sonu\u00e7lar\u0131 \u00fcst\u00fcnde duruyor.   \u201cBilgi Tarihinde S\u00fcrg\u00fcn ve g\u00f6\u00e7menler\u201d bir hayatta kalma m\u00fccadelesinin bilgi tarihi a\u00e7\u0131s\u0131ndan etkile\u015fimlerle dolu hik\u00e2yesini anlat\u0131yor.<\/p>\n","protected":false},"excerpt":{"rendered":"<p>Tarih\u00e7i Peter Burke, entelekt\u00fcel diasporalar\u0131 ele ald\u0131\u011f\u0131 bu geni\u015f kapsaml\u0131 \u00e7al\u0131\u015fmas\u0131nda, s\u00fcrg\u00fcn ve g\u00f6\u00e7menlerin tarih boyunca bilgiye yapt\u0131klar\u0131 ay\u0131rt edici katk\u0131y\u0131 sorguluyor. S\u00fcrg\u00fcn ve g\u00f6\u00e7menlerin, dahas\u0131<span class=\"excerpt-hellip\"> [\u2026]<\/span><\/p>\n","protected":false},"featured_media":0,"template":"","meta":{"_monsterinsights_skip_tracking":false,"_monsterinsights_sitenote_active":false,"_monsterinsights_sitenote_note":"","_monsterinsights_sitenote_category":0},"product_brand":[],"product_cat":[12304],"product_tag":[],"class_list":{"0":"post-749190","1":"product","2":"type-product","3":"status-publish","5":"product_cat-tarih","6":"pa_cilt-ciltsiz","7":"pa_tur-kitap","8":"pa_yayinevi-islik-yayinlari","9":"pa_yazar-peter-burke","11":"first","12":"instock","13":"sale","14":"shipping-taxable","15":"purchasable","16":"product-type-simple"},"_links":{"self":[{"href":"https:\/\/roveyayinevi.com.tr\/index.php\/wp-json\/wp\/v2\/product\/749190","targetHints":{"allow":["GET"]}}],"collection":[{"href":"https:\/\/roveyayinevi.com.tr\/index.php\/wp-json\/wp\/v2\/product"}],"about":[{"href":"https:\/\/roveyayinevi.com.tr\/index.php\/wp-json\/wp\/v2\/types\/product"}],"wp:attachment":[{"href":"https:\/\/roveyayinevi.com.tr\/index.php\/wp-json\/wp\/v2\/media?parent=749190"}],"wp:term":[{"taxonomy":"product_brand","embeddable":true,"href":"https:\/\/roveyayinevi.com.tr\/index.php\/wp-json\/wp\/v2\/product_brand?post=749190"},{"taxonomy":"product_cat","embeddable":true,"href":"https:\/\/roveyayinevi.com.tr\/index.php\/wp-json\/wp\/v2\/product_cat?post=749190"},{"taxonomy":"product_tag","embeddable":true,"href":"https:\/\/roveyayinevi.com.tr\/index.php\/wp-json\/wp\/v2\/product_tag?post=749190"}],"curies":[{"name":"wp","href":"https:\/\/api.w.org\/{rel}","templated":true}]}}