{"id":749161,"date":"2025-08-28T03:48:49","date_gmt":"2025-08-28T00:48:49","guid":{"rendered":"https:\/\/roveyayinevi.com.tr\/index.php\/urun\/abigail\/"},"modified":"2026-04-16T03:01:45","modified_gmt":"2026-04-16T00:01:45","slug":"abigail","status":"publish","type":"product","link":"https:\/\/roveyayinevi.com.tr\/index.php\/urun\/abigail\/","title":{"rendered":"Abigail"},"content":{"rendered":"<p>\u201c\u2018Abigail\u2019 hem y\u00fcrek burkan hem de b\u00fcy\u00fcleyici bir roman.\u201d \u2013 The New York Times Book Review   \u201cUstaca anlat\u0131lm\u0131\u015f, g\u00f6z kama\u015ft\u0131r\u0131c\u0131 bir hik\u00e2ye.\u201d \u2013 Elle   \u201cSzab\u00f3 bir analist sabr\u0131yla, karakterlerine kendi yaralar\u0131n\u0131 g\u00f6stererek \u015fifa bulmalar\u0131n\u0131 sa\u011fl\u0131yor.\u201d Times Literary Supplement   \u201cAnnesini erken ya\u015fta kaybeden 14 ya\u015f\u0131ndaki Gina Budape\u015fte\u2019de Frans\u0131z m\u00fcrebbiyesi Marcelle ve general babas\u0131yla rahat konforlu bir hayat s\u00fcrerken \u0130kinci D\u00fcnya Sava\u015f\u0131\u2019n\u0131n patlak vermesi \u00fczerine babas\u0131n\u0131n karar\u0131yla bir ta\u015fra \u015fehrindeki yat\u0131l\u0131 k\u0131z okuluna g\u00f6nderilir. Gina \u00e7ok sevdi\u011fi babas\u0131n\u0131n bu karar\u0131na anlam veremez, \u00fcstelik yat\u0131l\u0131 okuldaki disiplinli hayat da ilk g\u00fcnlerden itibaren onu can\u0131ndan bezdirecek kadar bunalt\u0131r. Art\u0131k tek amac\u0131 o okuldan, o ta\u015fra \u015fehrinden ka\u00e7\u0131p babas\u0131n\u0131n yan\u0131na, Budape\u015fte\u2019ye d\u00f6nmektir. Ancak bir s\u00fcre sonra babas\u0131 k\u0131z\u0131na onu yat\u0131l\u0131 okula g\u00f6nderme sebebini mecbur kalarak a\u00e7\u0131klad\u0131\u011f\u0131nda, b\u00fcy\u00fck bir \u015fa\u015fk\u0131nl\u0131k ya\u015fayan Gina art\u0131k \u00e7ocukluktan \u00e7\u0131k\u0131p yeti\u015fkin olmas\u0131n\u0131n zaman\u0131n\u0131n geldi\u011fini anlar.\u201d <\/p>\n","protected":false},"excerpt":{"rendered":"<p>\u201c\u2018Abigail\u2019 hem y\u00fcrek burkan hem de b\u00fcy\u00fcleyici bir roman.\u201d \u2013 The New York Times Book Review \u201cUstaca anlat\u0131lm\u0131\u015f, g\u00f6z kama\u015ft\u0131r\u0131c\u0131 bir hik\u00e2ye.\u201d \u2013 Elle \u201cSzab\u00f3 bir<span class=\"excerpt-hellip\"> [\u2026]<\/span><\/p>\n","protected":false},"featured_media":0,"template":"","meta":{"_monsterinsights_skip_tracking":false,"_monsterinsights_sitenote_active":false,"_monsterinsights_sitenote_note":"","_monsterinsights_sitenote_category":0},"product_brand":[],"product_cat":[12291,12711],"product_tag":[],"class_list":{"0":"post-749161","1":"product","2":"type-product","3":"status-publish","5":"product_cat-edebiyat","6":"product_cat-roman-oyku","7":"pa_cilt-ciltsiz","8":"pa_tur-kitap","9":"pa_yayinevi-yapi-kredi-yayinlari","10":"pa_yazar-magda-szabo","12":"first","13":"instock","14":"sale","15":"shipping-taxable","16":"purchasable","17":"product-type-simple"},"_links":{"self":[{"href":"https:\/\/roveyayinevi.com.tr\/index.php\/wp-json\/wp\/v2\/product\/749161","targetHints":{"allow":["GET"]}}],"collection":[{"href":"https:\/\/roveyayinevi.com.tr\/index.php\/wp-json\/wp\/v2\/product"}],"about":[{"href":"https:\/\/roveyayinevi.com.tr\/index.php\/wp-json\/wp\/v2\/types\/product"}],"wp:attachment":[{"href":"https:\/\/roveyayinevi.com.tr\/index.php\/wp-json\/wp\/v2\/media?parent=749161"}],"wp:term":[{"taxonomy":"product_brand","embeddable":true,"href":"https:\/\/roveyayinevi.com.tr\/index.php\/wp-json\/wp\/v2\/product_brand?post=749161"},{"taxonomy":"product_cat","embeddable":true,"href":"https:\/\/roveyayinevi.com.tr\/index.php\/wp-json\/wp\/v2\/product_cat?post=749161"},{"taxonomy":"product_tag","embeddable":true,"href":"https:\/\/roveyayinevi.com.tr\/index.php\/wp-json\/wp\/v2\/product_tag?post=749161"}],"curies":[{"name":"wp","href":"https:\/\/api.w.org\/{rel}","templated":true}]}}