{"id":749155,"date":"2025-08-28T03:48:39","date_gmt":"2025-08-28T00:48:39","guid":{"rendered":"https:\/\/roveyayinevi.com.tr\/index.php\/urun\/bir-gun-belki-hayattan\/"},"modified":"2026-04-16T03:01:45","modified_gmt":"2026-04-16T00:01:45","slug":"bir-gun-belki-hayattan","status":"publish","type":"product","link":"https:\/\/roveyayinevi.com.tr\/index.php\/urun\/bir-gun-belki-hayattan\/","title":{"rendered":"Bir G\u00fcn Belki Hayattan"},"content":{"rendered":"<p>T\u00fcrk sinema tarihi yaz\u0131l\u0131rken \u00d6zen Film\u2019in ad\u0131 ba\u015flarda yer al\u0131r. Cem Karaca deyince de Bu Son Olsun, Resimdeki G\u00f6zya\u015flar\u0131 ilk akla gelen \u015fark\u0131lar\u0131 aras\u0131nda an\u0131l\u0131r.\u0130\u015fte t\u00fcm bunlar ve daha fazlas\u0131 ile as\u0131rl\u0131k birikimini kitapla\u015ft\u0131ran Mehmet E. Soyarslan, Cem Karaca\u2019n\u0131n sesinden hat\u0131rlad\u0131\u011f\u0131m\u0131z, y\u00fcreklerimize yer eden \u015fark\u0131s\u0131n\u0131n s\u00f6zleri \u201cBir G\u00fcn Belki Hayattan\u201d\u0131 kitab\u0131na isim olarak verdi. Sayfalar akarken ya\u015fanm\u0131\u015f olmas\u0131na ra\u011fmen hala b\u00fcy\u00fcs\u00fcn\u00fc koruyan an\u0131lar\u0131n enfes keyfiyle sizi ba\u015f ba\u015fa b\u0131rak\u0131yoruz.ARKA KAPAK YAZILARIMehmet Soyarslan sinemay\u0131 ve is\u0327ini c\u0327ok seviyor. C\u0327ok yo\u0308nlu\u0308 bir kis\u0327ilig\u0306i var. O unutulmaz s\u0327ark\u0131s\u0131n\u0131n so\u0308zlerini kitab\u0131na kapak yapm\u0131s\u0327: \u201cBir Gu\u0308n Belki Hayattan.\u201d Erden K\u0131ral 20 Ocak 2020, Cihangir I\u0307lgi ve keyifle okuyacag\u0306\u0131n\u0131z\u0131 umdug\u0306um kitapta Mehmet\u2019in f\u0131kra anlat\u0131c\u0131s\u0131 yo\u0308nu\u0308 de ara ara kendini go\u0308steriyor ve bildig\u0306i c\u0327ok say\u0131da f\u0131kran\u0131n baz\u0131lar\u0131n\u0131 bizimle paylas\u0327\u0131yor. Hepinize keyifli okumalar dilerim. Erdog\u0306an Mitrani Sinema Yazar\u0131, Orta Koltuk <\/p>\n","protected":false},"excerpt":{"rendered":"<p>T\u00fcrk sinema tarihi yaz\u0131l\u0131rken \u00d6zen Film\u2019in ad\u0131 ba\u015flarda yer al\u0131r. Cem Karaca deyince de Bu Son Olsun, Resimdeki G\u00f6zya\u015flar\u0131 ilk akla gelen \u015fark\u0131lar\u0131 aras\u0131nda an\u0131l\u0131r.\u0130\u015fte t\u00fcm<span class=\"excerpt-hellip\"> [\u2026]<\/span><\/p>\n","protected":false},"featured_media":0,"template":"","meta":{"_monsterinsights_skip_tracking":false,"_monsterinsights_sitenote_active":false,"_monsterinsights_sitenote_note":"","_monsterinsights_sitenote_category":0},"product_brand":[],"product_cat":[12416,12291],"product_tag":[],"class_list":{"0":"post-749155","1":"product","2":"type-product","3":"status-publish","5":"product_cat-cizgi-roman","6":"product_cat-edebiyat","7":"pa_cilt-ciltsiz","8":"pa_tur-kitap","9":"pa_yayinevi-dark-istanbul-yayinlari","10":"pa_yazar-mehmet-e-soyarslan","12":"first","13":"instock","14":"sale","15":"shipping-taxable","16":"purchasable","17":"product-type-simple"},"_links":{"self":[{"href":"https:\/\/roveyayinevi.com.tr\/index.php\/wp-json\/wp\/v2\/product\/749155","targetHints":{"allow":["GET"]}}],"collection":[{"href":"https:\/\/roveyayinevi.com.tr\/index.php\/wp-json\/wp\/v2\/product"}],"about":[{"href":"https:\/\/roveyayinevi.com.tr\/index.php\/wp-json\/wp\/v2\/types\/product"}],"wp:attachment":[{"href":"https:\/\/roveyayinevi.com.tr\/index.php\/wp-json\/wp\/v2\/media?parent=749155"}],"wp:term":[{"taxonomy":"product_brand","embeddable":true,"href":"https:\/\/roveyayinevi.com.tr\/index.php\/wp-json\/wp\/v2\/product_brand?post=749155"},{"taxonomy":"product_cat","embeddable":true,"href":"https:\/\/roveyayinevi.com.tr\/index.php\/wp-json\/wp\/v2\/product_cat?post=749155"},{"taxonomy":"product_tag","embeddable":true,"href":"https:\/\/roveyayinevi.com.tr\/index.php\/wp-json\/wp\/v2\/product_tag?post=749155"}],"curies":[{"name":"wp","href":"https:\/\/api.w.org\/{rel}","templated":true}]}}