{"id":749136,"date":"2025-08-28T03:48:15","date_gmt":"2025-08-28T00:48:15","guid":{"rendered":"https:\/\/roveyayinevi.com.tr\/index.php\/urun\/memed-kirmizi-bandana-ve-kar-tanesi\/"},"modified":"2026-04-16T03:01:45","modified_gmt":"2026-04-16T00:01:45","slug":"memed-kirmizi-bandana-ve-kar-tanesi","status":"publish","type":"product","link":"https:\/\/roveyayinevi.com.tr\/index.php\/urun\/memed-kirmizi-bandana-ve-kar-tanesi\/","title":{"rendered":"Me\u2019med, K\u0131rm\u0131z\u0131 Bandana ve Kar Tanesi"},"content":{"rendered":"<p>Balkan edebiyat\u0131n\u0131n en \u00f6zel yazarlar\u0131ndan Semezdin Mehmedinovi\u00e7, Me\u015fa Selimovi\u00e7 \u00d6d\u00fcl\u00fc\u2019ne lay\u0131k g\u00f6r\u00fclen bu otobiyografik roman\u0131nda, Bosna Sava\u015f\u0131\u2019n\u0131n ard\u0131ndan ailesiyle beraber ba\u015fka bir \u00fclkeye g\u00f6\u00e7 edi\u015fini ve hem bir e\u015f, hem bir baba hem de bir m\u00fclteci olarak ya\u015fad\u0131klar\u0131n\u0131 anlat\u0131yor.   \u201cSan\u0131r\u0131m, bu sabah, \u00f6lmem gerekiyordu,\u201d c\u00fcmlesiyle ba\u015flayan Me\u2019med, K\u0131rm\u0131z\u0131 Bandana ve Kar Tanesi\u2019nde, 50 ya\u015f\u0131nda kalp krizi ge\u00e7iren yazar, anavatan\u0131 olmayan bir \u00fclkede \u00f6l\u00fcml\u00fcl\u00fc\u011f\u00fcyle y\u00fczle\u015fmek zorunda kal\u0131r. Bir hastane odas\u0131na hapsolup g\u00fc\u00e7s\u00fczl\u00fck duygusuna kap\u0131lm\u0131\u015fken, g\u00fcndelik hayata dair ola\u011fan\u00fcst\u00fc anlamlar ke\u015ffeder; ge\u00e7mi\u015fe ve gelece\u011fe, insan ruhunun direncine dair zamans\u0131z bir hik\u00e2yeyi bizimle payla\u015f\u0131r. Sava\u015f\u0131n y\u0131k\u0131c\u0131 deneyimleriyle y\u00fczle\u015fmek, g\u00f6\u00e7 ve aidiyet, a\u015fk ve \u00f6l\u00fcm, unutmak ve hat\u0131rlamak\u2026   Me\u2019med, K\u0131rm\u0131z\u0131 Bandana ve Kar Tanesi, edebiyat olmadan ya\u015fayamayaca\u011f\u0131m\u0131z\u0131 g\u00f6steren b\u00fcy\u00fck bir metin. Yazar\u0131n kendi el \u00e7izimleriyle zenginle\u015ftirdi\u011fi i\u00e7eri\u011fi, \u015fiirsel dili ve Bo\u015fnak\u00e7a asl\u0131ndan yap\u0131lan \u00e7evirisiyle ilk kez T\u00fcrk\u00e7ede. <\/p>\n","protected":false},"excerpt":{"rendered":"<p>Balkan edebiyat\u0131n\u0131n en \u00f6zel yazarlar\u0131ndan Semezdin Mehmedinovi\u00e7, Me\u015fa Selimovi\u00e7 \u00d6d\u00fcl\u00fc\u2019ne lay\u0131k g\u00f6r\u00fclen bu otobiyografik roman\u0131nda, Bosna Sava\u015f\u0131\u2019n\u0131n ard\u0131ndan ailesiyle beraber ba\u015fka bir \u00fclkeye g\u00f6\u00e7 edi\u015fini ve<span class=\"excerpt-hellip\"> [\u2026]<\/span><\/p>\n","protected":false},"featured_media":0,"template":"","meta":{"_monsterinsights_skip_tracking":false,"_monsterinsights_sitenote_active":false,"_monsterinsights_sitenote_note":"","_monsterinsights_sitenote_category":0},"product_brand":[],"product_cat":[14009,12291],"product_tag":[],"class_list":{"0":"post-749136","1":"product","2":"type-product","3":"status-publish","5":"product_cat-biyografi-otobiyografi-edebiyat","6":"product_cat-edebiyat","7":"pa_cilt-ciltsiz","8":"pa_tur-kitap","9":"pa_yayinevi-ketebe-yayinlari","10":"pa_yazar-semezdin-mehmedinovic","12":"first","13":"instock","14":"sale","15":"shipping-taxable","16":"purchasable","17":"product-type-simple"},"_links":{"self":[{"href":"https:\/\/roveyayinevi.com.tr\/index.php\/wp-json\/wp\/v2\/product\/749136","targetHints":{"allow":["GET"]}}],"collection":[{"href":"https:\/\/roveyayinevi.com.tr\/index.php\/wp-json\/wp\/v2\/product"}],"about":[{"href":"https:\/\/roveyayinevi.com.tr\/index.php\/wp-json\/wp\/v2\/types\/product"}],"wp:attachment":[{"href":"https:\/\/roveyayinevi.com.tr\/index.php\/wp-json\/wp\/v2\/media?parent=749136"}],"wp:term":[{"taxonomy":"product_brand","embeddable":true,"href":"https:\/\/roveyayinevi.com.tr\/index.php\/wp-json\/wp\/v2\/product_brand?post=749136"},{"taxonomy":"product_cat","embeddable":true,"href":"https:\/\/roveyayinevi.com.tr\/index.php\/wp-json\/wp\/v2\/product_cat?post=749136"},{"taxonomy":"product_tag","embeddable":true,"href":"https:\/\/roveyayinevi.com.tr\/index.php\/wp-json\/wp\/v2\/product_tag?post=749136"}],"curies":[{"name":"wp","href":"https:\/\/api.w.org\/{rel}","templated":true}]}}