{"id":749081,"date":"2025-08-28T03:46:53","date_gmt":"2025-08-28T00:46:53","guid":{"rendered":"https:\/\/roveyayinevi.com.tr\/index.php\/urun\/sekavet-hiyanet-isyan\/"},"modified":"2026-04-16T03:01:43","modified_gmt":"2026-04-16T00:01:43","slug":"sekavet-hiyanet-isyan","status":"publish","type":"product","link":"https:\/\/roveyayinevi.com.tr\/index.php\/urun\/sekavet-hiyanet-isyan\/","title":{"rendered":"\u015eekavet, H\u0131yanet, \u0130syan"},"content":{"rendered":"<p>\u015eeka\u0302vet, H\u0131ya\u0302net, I\u0307syan\u2019da 19. yu\u0308zy\u0131l Osmanl\u0131s\u0131\u2019ndan Cumhuriyet\u2019e uzanan do\u0308nemde, genel olarak es\u0327k\u0131yal\u0131k olarak adland\u0131r\u0131lan, kac\u0327akc\u0327\u0131l\u0131k ve isyan hareketlerini de ic\u0327eren pratikler ve so\u0308ylemler ele al\u0131n\u0131yor. Yalc\u0327\u0131n C\u0327akmak ve Ahmet O\u0308zcan\u2019\u0131n derledikleri kitapta, devletin ve kars\u0327\u0131 direnc\u0327 merkezlerinin nas\u0131l konum- land\u0131klar\u0131na \u0131s\u0327\u0131k tutuluyor. Balkanlar\u2019da, Anadolu, Ku\u0308rdistan ve Arap vilayetlerinde t\u0131rmanan s\u0327iddeti denetim alt\u0131na almak ad\u0131na yap\u0131lan \u0131slahatlardan ve es\u0327k\u0131yal\u0131g\u0306\u0131n farkl\u0131 alanlardaki go\u0308ru\u0308ngu\u0308lerinden hareket ederek, devlet so\u0308ylemi ve pratiklerinde, toplumsal yas\u0327amda, edebiyatta, sinemada ve folklorda es\u0327k\u0131yal\u0131g\u0306\u0131n tezahu\u0308rleri inceleniyor. Alis\u0327ar Akp\u0131nar, Toygun Alt\u0131ntas\u0327, Suavi Ayd\u0131n, Salih Bas\u0327kutlu, Mustafa Batman, Ercan C\u0327ag\u0306layan, Yalc\u0327\u0131n C\u0327akmak, O\u0308zgu\u0308r C\u0327ataltepe, Erdal C\u0327iftc\u0327i, Cevat Darg\u0131n, Kudret Emirog\u0306lu, Serdar Erkan, Mehmet Ertan, Fatih Gencer, I\u0307lker Kiremit, U\u0308mit Kurt, Orhan O\u0308rs, Ahmet O\u0308zcan, Mehmet Y\u0131ld\u0131r\u0131m, Abdulazim S\u0327ims\u0327ek, Serhat Aras Tuna, Murat Yag\u0306c\u0131 ve Eren Y\u0131ld\u0131r\u0131m\u2019\u0131n makaleleri es\u0327k\u0131yal\u0131k olgusu ve anlat\u0131lar\u0131n\u0131 farkl\u0131 ac\u0327\u0131lardan ele al\u0131p, zengin ve derinlikli bir analiz sunuyorlar. \u201c[Osmanl\u0131 mant\u0131g\u0306\u0131 ic\u0327inde] yo\u0308netimdeki temel sorunlardan biri, vergi, yag\u0306ma ve harac\u0327 du\u0308zeninin (&#8230;) mu\u0308lkiyet haklar\u0131yla ilis\u0327kili olarak hukuk ve siyaset ile beraber ideoloji ve so\u0308ylem ac\u0327\u0131lar\u0131ndan tan\u0131mlan\u0131p ay\u0131rt edilmesi konusunda yo\u0308neticilerin go\u0308nu\u0308lsu\u0308z olmas\u0131d\u0131r. Bu is\u0327leyis\u0327, modern hukukun en temel ilkeleri olan, kis\u0327iye, zamana, meka\u0302na go\u0308re deg\u0306is\u0327memesi gereken kanun uygulamalar\u0131n\u0131 Cumhuriyet do\u0308neminde de mahku\u0302m etmis\u0327 ve su\u0308rekli yenilenen klik\/kadrolar, defaten yeni oldug\u0306unu iddia ettikleri uygulamalarla \u2018es\u0327k\u0131yal\u0131k yapm\u0131s\u0327\u2019, bu nedenle de yo\u0308netilenlerden es\u0327k\u0131yal\u0131klar yaratm\u0131s\u0327lard\u0131r.\u201d Kudret Emirog\u0306lu<\/p>\n","protected":false},"excerpt":{"rendered":"<p>\u015eeka\u0302vet, H\u0131ya\u0302net, I\u0307syan\u2019da 19. yu\u0308zy\u0131l Osmanl\u0131s\u0131\u2019ndan Cumhuriyet\u2019e uzanan do\u0308nemde, genel olarak es\u0327k\u0131yal\u0131k olarak adland\u0131r\u0131lan, kac\u0327akc\u0327\u0131l\u0131k ve isyan hareketlerini de ic\u0327eren pratikler ve so\u0308ylemler ele al\u0131n\u0131yor. Yalc\u0327\u0131n<span class=\"excerpt-hellip\"> [\u2026]<\/span><\/p>\n","protected":false},"featured_media":0,"template":"","meta":{"_monsterinsights_skip_tracking":false,"_monsterinsights_sitenote_active":false,"_monsterinsights_sitenote_note":"","_monsterinsights_sitenote_category":0},"product_brand":[],"product_cat":[13517,12304],"product_tag":[],"class_list":{"0":"post-749081","1":"product","2":"type-product","3":"status-publish","5":"product_cat-osmanli-tarihi","6":"product_cat-tarih","7":"pa_cilt-ciltsiz","8":"pa_tur-kitap","9":"pa_yayinevi-iletisim-yayinlari","10":"pa_yazar-kolektif","12":"first","13":"instock","14":"sale","15":"shipping-taxable","16":"purchasable","17":"product-type-simple"},"_links":{"self":[{"href":"https:\/\/roveyayinevi.com.tr\/index.php\/wp-json\/wp\/v2\/product\/749081","targetHints":{"allow":["GET"]}}],"collection":[{"href":"https:\/\/roveyayinevi.com.tr\/index.php\/wp-json\/wp\/v2\/product"}],"about":[{"href":"https:\/\/roveyayinevi.com.tr\/index.php\/wp-json\/wp\/v2\/types\/product"}],"wp:attachment":[{"href":"https:\/\/roveyayinevi.com.tr\/index.php\/wp-json\/wp\/v2\/media?parent=749081"}],"wp:term":[{"taxonomy":"product_brand","embeddable":true,"href":"https:\/\/roveyayinevi.com.tr\/index.php\/wp-json\/wp\/v2\/product_brand?post=749081"},{"taxonomy":"product_cat","embeddable":true,"href":"https:\/\/roveyayinevi.com.tr\/index.php\/wp-json\/wp\/v2\/product_cat?post=749081"},{"taxonomy":"product_tag","embeddable":true,"href":"https:\/\/roveyayinevi.com.tr\/index.php\/wp-json\/wp\/v2\/product_tag?post=749081"}],"curies":[{"name":"wp","href":"https:\/\/api.w.org\/{rel}","templated":true}]}}