{"id":749059,"date":"2025-08-28T03:46:19","date_gmt":"2025-08-28T00:46:19","guid":{"rendered":"https:\/\/roveyayinevi.com.tr\/index.php\/urun\/osmanli-imparatorlugunda-iktisat-ve-kapitalizm\/"},"modified":"2026-04-16T03:01:43","modified_gmt":"2026-04-16T00:01:43","slug":"osmanli-imparatorlugunda-iktisat-ve-kapitalizm","status":"publish","type":"product","link":"https:\/\/roveyayinevi.com.tr\/index.php\/urun\/osmanli-imparatorlugunda-iktisat-ve-kapitalizm\/","title":{"rendered":"Osmanl\u0131 \u0130mparatorlu\u011fu\u2019nda \u0130ktisat ve Kapitalizm"},"content":{"rendered":"<p>Bu kitap, Osmanl\u0131 \u0130mparatorlu\u011fu\u2019nun son y\u00fczy\u0131l\u0131nda ya\u015fanan d\u00fc\u015f\u00fcnsel ve k\u00fclt\u00fcrel d\u00f6n\u00fc\u015f\u00fcme yeni bir bak\u0131\u015f a\u00e7\u0131s\u0131 getiriyor. D\u00f6nemin iktisadi d\u00fc\u015f\u00fcnce atmosferini inceleyen \u00e7al\u0131\u015fma, iktisat biliminin Osmanl\u0131\u2019ya giri\u015fi, bu yeni disiplinlerden al\u0131nan kavramlar\u0131n geleneksel iktisadi de\u011ferlerle harmanlanarak yerlile\u015ftirilmesi ve edebi eserler gibi pop\u00fcler ara\u00e7larla hayat\u0131n her alan\u0131na yay\u0131lmas\u0131n\u0131n dinamiklerini ele al\u0131yor. Yazar, temel olarak \u015fu \u00fc\u00e7 soruya cevap ar\u0131yor : Toplumsal ili\u015fkilere dair yeni bir anlay\u0131\u015f ve analiz y\u00f6ntemi sunan iktisat bilimi, Osmanl\u0131lar\u0131n d\u00fcnyaya ve kendilerine bak\u0131\u015f\u0131n\u0131 nas\u0131l etkiledi? Bu bilimin yaratt\u0131\u011f\u0131 yeni d\u00fcnya alg\u0131s\u0131, Osmanl\u0131lar\u0131n g\u00fcncel meseleler ve imparatorlu\u011fun gelece\u011fine dair d\u00fc\u015f\u00fcncelerini nas\u0131l \u015fekillendirdi? Osmanl\u0131 ayd\u0131nlar\u0131, iktisadi yaz\u0131ndan ilhamla geli\u015ftirdikleri fikir, kavram ve de\u011ferleri, modernle\u015fme ve toplumsal de\u011fi\u015fim ama\u00e7lar\u0131 i\u00e7in nas\u0131l kulland\u0131lar? Sosyal ve be\u015feri bilimlerle ilgilenen t\u00fcm okurlar i\u00e7in \u00f6nemli bir kaynak olan bu eseri T\u00fcrk\u00e7eye kazand\u0131rmaktan mutluluk duyuyoruz.   Ge\u00e7 Osmanl\u0131\u2019da y\u00fcr\u00fct\u00fclen iktisadi tart\u0131\u015fmalar\u0131 ele alan K\u0131l\u0131n\u00e7o\u011flu\u2019nun titizlikle kaleme ald\u0131\u011f\u0131 kitab\u0131, konuyla ilgili bug\u00fcne kadar yap\u0131lm\u0131\u015f en ayr\u0131nt\u0131l\u0131 inceleme. Berrak BUR\u00c7AK K\u0131l\u0131n\u00e7o\u011flu, 19. Y\u00fczy\u0131l Osmanl\u0131 \u0130mparatorlu\u011fu\u2019nda iktisadi d\u00fc\u015f\u00fcncenin geli\u015fimini d\u00f6n\u00fc\u015fen toplumun sanc\u0131lar\u0131 ba\u011flam\u0131nda de\u011ferlendiriyor, kapitalizmin geli\u015fimini yeniden d\u00fc\u015f\u00fcnmek i\u00e7in f\u0131rsatlar sunuyor. Alp Y\u00fccel KAYA K\u0131l\u0131n\u00e7o\u011flu, \u2018\u2018iktisat\u2019\u2019\u0131n in\u015fa edili\u015fini k\u00fclt\u00fcrel s\u00fcreklilik ve d\u00f6n\u00fc\u015f\u00fcmler \u00fczerinden incelerken Osmanl\u0131 modernle\u015fmesi ve kapitalizm tart\u0131\u015fmalar\u0131na da \u00f6nemli katk\u0131lar sunuyor. Mehmet Alper YAL\u00c7INKAYA<\/p>\n","protected":false},"excerpt":{"rendered":"<p>Bu kitap, Osmanl\u0131 \u0130mparatorlu\u011fu\u2019nun son y\u00fczy\u0131l\u0131nda ya\u015fanan d\u00fc\u015f\u00fcnsel ve k\u00fclt\u00fcrel d\u00f6n\u00fc\u015f\u00fcme yeni bir bak\u0131\u015f a\u00e7\u0131s\u0131 getiriyor. D\u00f6nemin iktisadi d\u00fc\u015f\u00fcnce atmosferini inceleyen \u00e7al\u0131\u015fma, iktisat biliminin Osmanl\u0131\u2019ya giri\u015fi,<span class=\"excerpt-hellip\"> [\u2026]<\/span><\/p>\n","protected":false},"featured_media":0,"template":"","meta":{"_monsterinsights_skip_tracking":false,"_monsterinsights_sitenote_active":false,"_monsterinsights_sitenote_note":"","_monsterinsights_sitenote_category":0},"product_brand":[],"product_cat":[13517,12304],"product_tag":[],"class_list":{"0":"post-749059","1":"product","2":"type-product","3":"status-publish","5":"product_cat-osmanli-tarihi","6":"product_cat-tarih","7":"pa_cilt-ciltsiz","8":"pa_tur-kitap","9":"pa_yayinevi-heretik-yayincilik","10":"pa_yazar-deniz-t-kilincoglu","12":"first","13":"instock","14":"sale","15":"shipping-taxable","16":"purchasable","17":"product-type-simple"},"_links":{"self":[{"href":"https:\/\/roveyayinevi.com.tr\/index.php\/wp-json\/wp\/v2\/product\/749059","targetHints":{"allow":["GET"]}}],"collection":[{"href":"https:\/\/roveyayinevi.com.tr\/index.php\/wp-json\/wp\/v2\/product"}],"about":[{"href":"https:\/\/roveyayinevi.com.tr\/index.php\/wp-json\/wp\/v2\/types\/product"}],"wp:attachment":[{"href":"https:\/\/roveyayinevi.com.tr\/index.php\/wp-json\/wp\/v2\/media?parent=749059"}],"wp:term":[{"taxonomy":"product_brand","embeddable":true,"href":"https:\/\/roveyayinevi.com.tr\/index.php\/wp-json\/wp\/v2\/product_brand?post=749059"},{"taxonomy":"product_cat","embeddable":true,"href":"https:\/\/roveyayinevi.com.tr\/index.php\/wp-json\/wp\/v2\/product_cat?post=749059"},{"taxonomy":"product_tag","embeddable":true,"href":"https:\/\/roveyayinevi.com.tr\/index.php\/wp-json\/wp\/v2\/product_tag?post=749059"}],"curies":[{"name":"wp","href":"https:\/\/api.w.org\/{rel}","templated":true}]}}