{"id":749022,"date":"2025-08-28T03:45:19","date_gmt":"2025-08-28T00:45:19","guid":{"rendered":"https:\/\/roveyayinevi.com.tr\/index.php\/urun\/turkculuk-yazilari\/"},"modified":"2026-04-16T03:01:42","modified_gmt":"2026-04-16T00:01:42","slug":"turkculuk-yazilari","status":"publish","type":"product","link":"https:\/\/roveyayinevi.com.tr\/index.php\/urun\/turkculuk-yazilari\/","title":{"rendered":"T\u00fcrk\u00e7\u00fcl\u00fck Yaz\u0131lar\u0131"},"content":{"rendered":"<p>Ahmet B. Ercilasun, Yeni\u00e7a\u011f gazetesinde \u00e7\u0131kan yaz\u0131lar\u0131ndan T\u00fcrk milliyet\u00e7ili\u011fiyle ilgili olanlar\u0131 bir araya getirdi. T\u00fcrk\u00e7\u00fcl\u00fck Yaz\u0131lar\u0131 b\u00f6yle olu\u015ftu. T\u00fcrk\u2019\u00fc, \u00fclk\u00fcy\u00fc ve T\u00fcrk ger\u00e7ekli\u011fine dayanan T\u00fcrk\u00e7\u00fcl\u00fc\u011f\u00fc en a\u00e7\u0131k ifadelerle bu yaz\u0131larda bulacaks\u0131n\u0131z.T\u00fcrk milliyet\u00e7ili\u011finin bir insanda bir fikir sistemi h\u00e2line gelebilmesi i\u00e7in duygu seviyesinden \u015fuur seviyesine \u00e7\u0131kmas\u0131 gerekti\u011fi yaz\u0131larda \u0131srarla vurgulanm\u0131\u015ft\u0131r. Mill\u00ee \u015fuurun da ancak bilgi ve k\u00fclt\u00fcrle donanarak olu\u015fabilece\u011fi \u0131srarla belirtilmi\u015ftir. T\u00fcrk milliyet\u00e7ileri T\u00fcrk\u2019\u00fcn dilini, edebiyat\u0131n\u0131, tarihini, k\u00fclt\u00fcr\u00fcn\u00fc ve b\u00fct\u00fcn bunlar\u0131n yan\u0131nda T\u00fcrk\u00e7\u00fcl\u00fck tarihini bilerek iyi birer milliyet\u00e7i olabilirler.T\u00fcrk birli\u011fi \/ Turan fikri de yaz\u0131larda \u00f6nemli bir yer tutmaktad\u0131r. \u00c7ok defa san\u0131ld\u0131\u011f\u0131 gibi \u00fclk\u00fcler birer hayal de\u011fildir; bir ger\u00e7eklik \u00fczerine kuruludur. Turan \u00fclk\u00fcs\u00fc de T\u00fcrk D\u00fcnyas\u0131 ger\u00e7ekli\u011fi \u00fczerine kurulmu\u015ftur.   Yaz\u0131larda T\u00fcrk milliyet\u00e7ilerinin muhafazak\u00e2rl\u0131k ve \u00e7a\u011fda\u015fl\u0131kla ilgili s\u00f6ylem ve tutumlar\u0131 de\u011ferlendirilmi\u015f, \u015fekle dayal\u0131 yanl\u0131\u015f muhafazak\u00e2rl\u0131k anlay\u0131\u015f\u0131 ele\u015ftirilmi\u015f, Ziya G\u00f6kalp\u2019\u0131n \u201cT\u00fcrkle\u015fmek, \u0130slamla\u015fmak, muas\u0131rla\u015fmak\u201d \u00fc\u00e7l\u00fcs\u00fcndeki muas\u0131rla\u015fmak (\u00e7a\u011fda\u015fla\u015fmak) hedefinin milliyet\u00e7iler taraf\u0131ndan ihmal edildi\u011fi vurgulanm\u0131\u015ft\u0131r.Ercilasun\u2019un yaz\u0131lar\u0131nda T\u00fcrk\u00e7\u00fcl\u00fck tarihi \u00f6zel bir yer tutmaktad\u0131r. Ba\u015fta Nih\u00e2l Ats\u0131z olmak \u00fczere baz\u0131 T\u00fcrk\u00e7\u00fcler tan\u0131t\u0131lm\u0131\u015f, zaman zaman da T\u00fcrk\u00e7\u00fc dergiler \u00fczerinde durulmu\u015ftur.Okuyucular kitaptaki yaz\u0131larda bazen y\u00fcksek bir heyecan dozu bulacaklard\u0131r. Ercilasun\u2019a g\u00f6re heyecan fikrin itici g\u00fcc\u00fcd\u00fcr ve \u00fclk\u00fclerde heyecan ile fikir atba\u015f\u0131 y\u00fcr\u00fcmelidir. Kitaptaki yaz\u0131lar da bu g\u00f6zle okunmal\u0131d\u0131r. <\/p>\n","protected":false},"excerpt":{"rendered":"<p>Ahmet B. Ercilasun, Yeni\u00e7a\u011f gazetesinde \u00e7\u0131kan yaz\u0131lar\u0131ndan T\u00fcrk milliyet\u00e7ili\u011fiyle ilgili olanlar\u0131 bir araya getirdi. T\u00fcrk\u00e7\u00fcl\u00fck Yaz\u0131lar\u0131 b\u00f6yle olu\u015ftu. T\u00fcrk\u2019\u00fc, \u00fclk\u00fcy\u00fc ve T\u00fcrk ger\u00e7ekli\u011fine dayanan T\u00fcrk\u00e7\u00fcl\u00fc\u011f\u00fc en<span class=\"excerpt-hellip\"> [\u2026]<\/span><\/p>\n","protected":false},"featured_media":0,"template":"","meta":{"_monsterinsights_skip_tracking":false,"_monsterinsights_sitenote_active":false,"_monsterinsights_sitenote_note":"","_monsterinsights_sitenote_category":0},"product_brand":[],"product_cat":[20225,12291],"product_tag":[],"class_list":{"0":"post-749022","1":"product","2":"type-product","3":"status-publish","5":"product_cat-dil-bilim","6":"product_cat-edebiyat","7":"pa_cilt-ciltsiz","8":"pa_tur-kitap","9":"pa_yayinevi-bilge-kultur-sanat","10":"pa_yazar-ahmet-bican-ercilasun","12":"first","13":"instock","14":"sale","15":"shipping-taxable","16":"purchasable","17":"product-type-simple"},"_links":{"self":[{"href":"https:\/\/roveyayinevi.com.tr\/index.php\/wp-json\/wp\/v2\/product\/749022","targetHints":{"allow":["GET"]}}],"collection":[{"href":"https:\/\/roveyayinevi.com.tr\/index.php\/wp-json\/wp\/v2\/product"}],"about":[{"href":"https:\/\/roveyayinevi.com.tr\/index.php\/wp-json\/wp\/v2\/types\/product"}],"wp:attachment":[{"href":"https:\/\/roveyayinevi.com.tr\/index.php\/wp-json\/wp\/v2\/media?parent=749022"}],"wp:term":[{"taxonomy":"product_brand","embeddable":true,"href":"https:\/\/roveyayinevi.com.tr\/index.php\/wp-json\/wp\/v2\/product_brand?post=749022"},{"taxonomy":"product_cat","embeddable":true,"href":"https:\/\/roveyayinevi.com.tr\/index.php\/wp-json\/wp\/v2\/product_cat?post=749022"},{"taxonomy":"product_tag","embeddable":true,"href":"https:\/\/roveyayinevi.com.tr\/index.php\/wp-json\/wp\/v2\/product_tag?post=749022"}],"curies":[{"name":"wp","href":"https:\/\/api.w.org\/{rel}","templated":true}]}}