{"id":748948,"date":"2025-08-28T03:43:28","date_gmt":"2025-08-28T00:43:28","guid":{"rendered":"https:\/\/roveyayinevi.com.tr\/index.php\/urun\/sanat-dunyamiz-193-mart-nisan-2023\/"},"modified":"2026-04-16T03:01:40","modified_gmt":"2026-04-16T00:01:40","slug":"sanat-dunyamiz-193-mart-nisan-2023","status":"publish","type":"product","link":"https:\/\/roveyayinevi.com.tr\/index.php\/urun\/sanat-dunyamiz-193-mart-nisan-2023\/","title":{"rendered":"Sanat D\u00fcnyam\u0131z 193 \/ Mart \u2013 Nisan 2023"},"content":{"rendered":"<p>\u201cSanat D\u00fcnyam\u0131z\u201d dergisi Mart Nisan say\u0131s\u0131nda kapa\u011f\u0131na Cengiz \u00c7ekil\u2019in Arter\u2019de a\u00e7\u0131lan \u201cBug\u00fcn de Ya\u015f\u0131yorum\u201d isimli retrospektifi vesilesiyle 2008 tarihli eseri \u201cSaat Ka\u00e7?\u201d\u0131 ta\u015f\u0131yor. Dergide \u00d6zlem Altunok\u2019un \u201cSanat D\u00fcnyam\u0131z\u201d sergisinin k\u00fcrat\u00f6r\u00fc Eda Berkmen\u2019le ger\u00e7ekle\u015ftirdi\u011fi bir s\u00f6yle\u015fi Cengiz \u00c7ekil\u2019in eserleri \u00fczerinden bug\u00fcne nas\u0131l bakabilece\u011fimize dair fikir veriyor. Elif Kam\u0131\u015fl\u0131\u2019n\u0131n Selim Birsel\u2019in eserlerine odaklanan \u201cMevsimsiz\u201d ba\u015fl\u0131kl\u0131 denemesi i\u00e7inden ge\u00e7ti\u011fimiz g\u00fcnlerin notunu tutuyor.   Dergide ayr\u0131ca \u0130stanbul Ara\u015ft\u0131rmalar\u0131 Enstit\u00fcs\u00fc\u2019nde Cumhuriyet\u2019in 100. y\u0131l\u0131nda a\u00e7\u0131lan \u201cMe\u015fgul \u015eehir: \u0130\u015fgal \u0130stanbul\u2019unda Siyaset ve G\u00fcndelik Hayat, 1918-1923\u201d sergisine dair K\u00fcltigin Ka\u011fan Akbulut\u2019un sergi k\u00fcrat\u00f6rleri Gizem Tongo, Daniel-Joseph McArthur-Seal ve \u0130AE ara\u015ft\u0131rma projeleri y\u00f6neticisi K. Mehmet Kentel\u2019le yapt\u0131\u011f\u0131 bir s\u00f6yle\u015fisi yer buluyor. Merve Pehlivan, Vermeer\u2019in Rijkmuseum\u2019da d\u00fczenlenen ve eserlerinin bug\u00fcne kadarki en kapsaml\u0131 \u015fekilde bir araya geldi\u011fi sergisi \u00fczerine bir izlenim yaz\u0131s\u0131n\u0131 payla\u015f\u0131yor. Pasaj inisiyatifi Bar\u0131n Han\u2019daki yeni \u00e7al\u0131\u015fmalar\u0131n\u0131 bir s\u00f6yle\u015fide aktar\u0131yor. Furkan \u00d6ztekin, \u0130z \u00d6ztat\u2019\u0131n \u201cYumu\u015fak Kar\u0131n\u201d ba\u015fl\u0131kl\u0131 sergisine, Seda Ni\u011fbolu Berke Yaz\u0131c\u0131o\u011flu\u2019nun \u201cGece Vakti\u201d sergisine dair birer de\u011ferlendirme yaz\u0131s\u0131 sunuyor. Huo Rf \u201cBa\u015fl\u0131 Ba\u015f\u0131na Bir \u0130\u015f\u201d serisinin be\u015finci yaz\u0131s\u0131nda Nehir Yata\u011f\u0131 ve A Brief Introduction to Tesliq kitaplar\u0131na yer veriyor. S\u00fcreyyya Evren \u201cSanat \u0130\u00e7 Sessiz\u201d serisinin, Misal Adnan Y\u0131ld\u0131z ise \u201cYa\u015fayan Belgeler\u201d serisinin yeni yaz\u0131lar\u0131yla dergide.   Sergi ele\u015ftirilerine yer verilen +\u0130z b\u00f6l\u00fcm\u00fcnde Aynur G\u00fcrlemez Ar\u0131 G\u00fcl\u00e7in Aksoy\u2019un, Abdullah Ezik Sabo\u2019nun, Nursa\u00e7 Sargon ise Suat \u00d6\u011f\u00fct\u2019\u00fcn sergileri \u00fczerine yaz\u0131lar\u0131n\u0131 payla\u015f\u0131yorlar.   Derginin ajandas\u0131 ise bu say\u0131 sanat\u00e7\u0131 Ece A\u011f\u0131rtm\u0131\u015f\u2019a emanet. <\/p>\n","protected":false},"excerpt":{"rendered":"<p>\u201cSanat D\u00fcnyam\u0131z\u201d dergisi Mart Nisan say\u0131s\u0131nda kapa\u011f\u0131na Cengiz \u00c7ekil\u2019in Arter\u2019de a\u00e7\u0131lan \u201cBug\u00fcn de Ya\u015f\u0131yorum\u201d isimli retrospektifi vesilesiyle 2008 tarihli eseri \u201cSaat Ka\u00e7?\u201d\u0131 ta\u015f\u0131yor. Dergide \u00d6zlem Altunok\u2019un<span class=\"excerpt-hellip\"> [\u2026]<\/span><\/p>\n","protected":false},"featured_media":0,"template":"","meta":{"_monsterinsights_skip_tracking":false,"_monsterinsights_sitenote_active":false,"_monsterinsights_sitenote_note":"","_monsterinsights_sitenote_category":0},"product_brand":[],"product_cat":[22066,13527],"product_tag":[],"class_list":{"0":"post-748948","1":"product","2":"type-product","3":"status-publish","5":"product_cat-sanat-sureli-yayinlar","6":"product_cat-sureli-yayinlar","7":"pa_cilt-ciltsiz","8":"pa_tur-dergi","9":"pa_yayinevi-yapi-kredi-yayinlari-dergi","10":"pa_yazar-kolektif","12":"first","13":"instock","14":"sale","15":"shipping-taxable","16":"purchasable","17":"product-type-simple"},"_links":{"self":[{"href":"https:\/\/roveyayinevi.com.tr\/index.php\/wp-json\/wp\/v2\/product\/748948","targetHints":{"allow":["GET"]}}],"collection":[{"href":"https:\/\/roveyayinevi.com.tr\/index.php\/wp-json\/wp\/v2\/product"}],"about":[{"href":"https:\/\/roveyayinevi.com.tr\/index.php\/wp-json\/wp\/v2\/types\/product"}],"wp:attachment":[{"href":"https:\/\/roveyayinevi.com.tr\/index.php\/wp-json\/wp\/v2\/media?parent=748948"}],"wp:term":[{"taxonomy":"product_brand","embeddable":true,"href":"https:\/\/roveyayinevi.com.tr\/index.php\/wp-json\/wp\/v2\/product_brand?post=748948"},{"taxonomy":"product_cat","embeddable":true,"href":"https:\/\/roveyayinevi.com.tr\/index.php\/wp-json\/wp\/v2\/product_cat?post=748948"},{"taxonomy":"product_tag","embeddable":true,"href":"https:\/\/roveyayinevi.com.tr\/index.php\/wp-json\/wp\/v2\/product_tag?post=748948"}],"curies":[{"name":"wp","href":"https:\/\/api.w.org\/{rel}","templated":true}]}}