{"id":748885,"date":"2025-08-28T03:41:48","date_gmt":"2025-08-28T00:41:48","guid":{"rendered":"https:\/\/roveyayinevi.com.tr\/index.php\/urun\/hava-kirliligi-ve-saglik-uzerine-etkileri\/"},"modified":"2026-04-16T03:01:38","modified_gmt":"2026-04-16T00:01:38","slug":"hava-kirliligi-ve-saglik-uzerine-etkileri","status":"publish","type":"product","link":"https:\/\/roveyayinevi.com.tr\/index.php\/urun\/hava-kirliligi-ve-saglik-uzerine-etkileri\/","title":{"rendered":"Hava Kirlili\u011fi ve Sa\u011fl\u0131k \u00dczerine Etkileri"},"content":{"rendered":"<p>D\u00fcnya Sa\u011fl\u0131k \u00d6rg\u00fct\u00fc (WHO) hava kirlili\u011finin tahmin edilenden \u00e7ok daha tehlikeli boyutta oldu\u011funa dair uyar\u0131da bulundu. WHO&#8217;ya g\u00f6re hava kirlili\u011fine ba\u011fl\u0131 hastal\u0131klar nedeniyle her y\u0131l 7 milyon ki\u015fi hayat\u0131n\u0131 kaybediyor. Bilim insanlar\u0131, Avrupa&#8217;da yakla\u015f\u0131k 800 bin ki\u015finin ya\u015famlar\u0131n\u0131n her y\u0131l kirli hava nedeniyle ortalama 2 y\u0131ldan fazla erken sonland\u0131\u011f\u0131n\u0131 bildiriyor. \u0130klim de\u011fi\u015fikli\u011finin getirmi\u015f oldu\u011fu olumsuzluklar nedeni ile de bu say\u0131n\u0131n \u00e7ok daha fazla oldu\u011funu kestirmek zor de\u011fil. Dr. Yeliz Mercan taraf\u0131ndan kaleme al\u0131nm\u0131\u015f bu eserde, ba\u015fl\u0131k ile s\u0131n\u0131rlanm\u0131\u015f konu d\u0131\u015f\u0131na \u00e7\u0131k\u0131lmadan hava kirlilik parametrelerine ba\u011fl\u0131 olarak meydana gelen sa\u011fl\u0131k sorunlar\u0131, geni\u015f bir literat\u00fcr bilgisi \u0131\u015f\u0131\u011f\u0131nda titizlikle incelenmi\u015f, hava kirlili\u011finin insan sa\u011fl\u0131\u011f\u0131na etkileri kapsaml\u0131 bir \u015fekilde ortaya konmu\u015ftur. Ba\u015fta Halk Sa\u011fl\u0131\u011f\u0131 Uzmanlar\u0131, \u00c7evre Sa\u011fl\u0131\u011f\u0131 \u00e7al\u0131\u015fanlar\u0131, t\u00fcm sa\u011fl\u0131k \u00e7al\u0131\u015fanlar\u0131 olmak \u00fczere, ilgili meslek gruplar\u0131 i\u00e7in \u00e7ok \u00f6nemli bir kaynak olan bu eserde; hava kirlili\u011fi parametreleri, bu kirlilikierin insan doku ve organlar\u0131nda meydana getirmi\u015f oldu\u011fu sorunlar, Halk Sa\u011fl\u0131\u011f\u0131 a\u00e7\u0131s\u0131ndan al\u0131nmas\u0131 gerekli \u00f6nlemler, konusundaki t\u00fcm sorular\u0131n cevab\u0131n\u0131 bulabileceksiniz. Prof. Dr. Seniha Bilge HAP\u00c7IO\u011eLU<\/p>\n","protected":false},"excerpt":{"rendered":"<p>D\u00fcnya Sa\u011fl\u0131k \u00d6rg\u00fct\u00fc (WHO) hava kirlili\u011finin tahmin edilenden \u00e7ok daha tehlikeli boyutta oldu\u011funa dair uyar\u0131da bulundu. WHO&#8217;ya g\u00f6re hava kirlili\u011fine ba\u011fl\u0131 hastal\u0131klar nedeniyle her y\u0131l 7<span class=\"excerpt-hellip\"> [\u2026]<\/span><\/p>\n","protected":false},"featured_media":0,"template":"","meta":{"_monsterinsights_skip_tracking":false,"_monsterinsights_sitenote_active":false,"_monsterinsights_sitenote_note":"","_monsterinsights_sitenote_category":0},"product_brand":[],"product_cat":[23323,12364],"product_tag":[],"class_list":{"0":"post-748885","1":"product","2":"type-product","3":"status-publish","5":"product_cat-ekoloji","6":"product_cat-genel-konular","7":"pa_cilt-ciltsiz","8":"pa_tur-kitap","9":"pa_yayinevi-platanus-publishing","10":"pa_yazar-yeliz-mercan","12":"first","13":"instock","14":"sale","15":"shipping-taxable","16":"purchasable","17":"product-type-simple"},"_links":{"self":[{"href":"https:\/\/roveyayinevi.com.tr\/index.php\/wp-json\/wp\/v2\/product\/748885","targetHints":{"allow":["GET"]}}],"collection":[{"href":"https:\/\/roveyayinevi.com.tr\/index.php\/wp-json\/wp\/v2\/product"}],"about":[{"href":"https:\/\/roveyayinevi.com.tr\/index.php\/wp-json\/wp\/v2\/types\/product"}],"wp:attachment":[{"href":"https:\/\/roveyayinevi.com.tr\/index.php\/wp-json\/wp\/v2\/media?parent=748885"}],"wp:term":[{"taxonomy":"product_brand","embeddable":true,"href":"https:\/\/roveyayinevi.com.tr\/index.php\/wp-json\/wp\/v2\/product_brand?post=748885"},{"taxonomy":"product_cat","embeddable":true,"href":"https:\/\/roveyayinevi.com.tr\/index.php\/wp-json\/wp\/v2\/product_cat?post=748885"},{"taxonomy":"product_tag","embeddable":true,"href":"https:\/\/roveyayinevi.com.tr\/index.php\/wp-json\/wp\/v2\/product_tag?post=748885"}],"curies":[{"name":"wp","href":"https:\/\/api.w.org\/{rel}","templated":true}]}}