{"id":748867,"date":"2025-08-28T03:41:19","date_gmt":"2025-08-28T00:41:19","guid":{"rendered":"https:\/\/roveyayinevi.com.tr\/index.php\/urun\/ataturkun-el-yazisi-ile-yurttaslik-bilgileri\/"},"modified":"2026-04-16T03:01:38","modified_gmt":"2026-04-16T00:01:38","slug":"ataturkun-el-yazisi-ile-yurttaslik-bilgileri","status":"publish","type":"product","link":"https:\/\/roveyayinevi.com.tr\/index.php\/urun\/ataturkun-el-yazisi-ile-yurttaslik-bilgileri\/","title":{"rendered":"Atat\u00fcrk\u2019\u00fcn El Yaz\u0131s\u0131 ile Yurtta\u015fl\u0131k Bilgileri"},"content":{"rendered":"<p>Atat\u00fcrk\u2019\u00fcn el yaz\u0131lar\u0131 ile Yurtta\u015fl\u0131k Bilgileri, 1929-1930 y\u0131llar\u0131 aras\u0131nda kendisi taraf\u0131ndan kaleme al\u0131nm\u0131\u015ft\u0131r. Atat\u00fcrk, Frans\u0131zca ve T\u00fcrk\u00e7e kaynaklardan okuduklar\u0131ndan olu\u015fan d\u00fc\u015f\u00fcnsel da\u011farc\u0131\u011f\u0131ndakilerle birlikte yap\u0131lan kimi \u00e7evirilere de dayanarak; uygar, \u00e7a\u011fda\u015f ve demokratik bir yurt bilgisi \u00e7er\u00e7evesini el yaz\u0131s\u0131 ile ka\u011f\u0131da d\u00f6km\u00fc\u015ft\u00fcr. Cumhuriyet Kitaplar\u0131 olarak, Atat\u00fcrk\u2019\u00fcn \u00e7a\u011f a\u015fan \u00fcst\u00fcn ki\u015fili\u011finin bir \u00fcr\u00fcn\u00fc olan bu el yaz\u0131lar\u0131ndan olu\u015fan kitap\u00e7\u0131\u011f\u0131, g\u00fcn\u00fcm\u00fcz T\u00fcrk\u00e7esine de uyarlayarak gen\u00e7 ku\u015faklara ta\u015f\u0131man\u0131n \u00f6nemli bir yurtseverlik g\u00f6revi oldu\u011funu d\u00fc\u015f\u00fcn\u00fcyoruz. <\/p>\n","protected":false},"excerpt":{"rendered":"<p>Atat\u00fcrk\u2019\u00fcn el yaz\u0131lar\u0131 ile Yurtta\u015fl\u0131k Bilgileri, 1929-1930 y\u0131llar\u0131 aras\u0131nda kendisi taraf\u0131ndan kaleme al\u0131nm\u0131\u015ft\u0131r. Atat\u00fcrk, Frans\u0131zca ve T\u00fcrk\u00e7e kaynaklardan okuduklar\u0131ndan olu\u015fan d\u00fc\u015f\u00fcnsel da\u011farc\u0131\u011f\u0131ndakilerle birlikte yap\u0131lan kimi \u00e7evirilere<span class=\"excerpt-hellip\"> [\u2026]<\/span><\/p>\n","protected":false},"featured_media":0,"template":"","meta":{"_monsterinsights_skip_tracking":false,"_monsterinsights_sitenote_active":false,"_monsterinsights_sitenote_note":"","_monsterinsights_sitenote_category":0},"product_brand":[],"product_cat":[12370,12304],"product_tag":[],"class_list":{"0":"post-748867","1":"product","2":"type-product","3":"status-publish","5":"product_cat-arastirma-inceleme","6":"product_cat-tarih","7":"pa_cilt-ciltsiz","8":"pa_tur-kitap","9":"pa_yayinevi-cumhuriyet-kitaplari","10":"pa_yazar-gazi-mustafa-kemal-ataturk","12":"first","13":"instock","14":"sale","15":"shipping-taxable","16":"purchasable","17":"product-type-simple"},"_links":{"self":[{"href":"https:\/\/roveyayinevi.com.tr\/index.php\/wp-json\/wp\/v2\/product\/748867","targetHints":{"allow":["GET"]}}],"collection":[{"href":"https:\/\/roveyayinevi.com.tr\/index.php\/wp-json\/wp\/v2\/product"}],"about":[{"href":"https:\/\/roveyayinevi.com.tr\/index.php\/wp-json\/wp\/v2\/types\/product"}],"wp:attachment":[{"href":"https:\/\/roveyayinevi.com.tr\/index.php\/wp-json\/wp\/v2\/media?parent=748867"}],"wp:term":[{"taxonomy":"product_brand","embeddable":true,"href":"https:\/\/roveyayinevi.com.tr\/index.php\/wp-json\/wp\/v2\/product_brand?post=748867"},{"taxonomy":"product_cat","embeddable":true,"href":"https:\/\/roveyayinevi.com.tr\/index.php\/wp-json\/wp\/v2\/product_cat?post=748867"},{"taxonomy":"product_tag","embeddable":true,"href":"https:\/\/roveyayinevi.com.tr\/index.php\/wp-json\/wp\/v2\/product_tag?post=748867"}],"curies":[{"name":"wp","href":"https:\/\/api.w.org\/{rel}","templated":true}]}}