{"id":748831,"date":"2025-08-28T03:40:21","date_gmt":"2025-08-28T00:40:21","guid":{"rendered":"https:\/\/roveyayinevi.com.tr\/index.php\/urun\/sultanin-saatcisi\/"},"modified":"2026-04-16T03:01:37","modified_gmt":"2026-04-16T00:01:37","slug":"sultanin-saatcisi","status":"publish","type":"product","link":"https:\/\/roveyayinevi.com.tr\/index.php\/urun\/sultanin-saatcisi\/","title":{"rendered":"Sultan\u0131n Saat\u00e7isi"},"content":{"rendered":"<p>Hayatlar\u0131 T\u00fcnel\u2019in etraf\u0131nda \u015fekillenen Alman bir aile\u2026 \u201cT\u00fcrkiye\u2019ye saat\u00e7ili\u011fi getiren; daha do\u011frusu saat\u00e7ilikteki muazzam teknolojik de\u011fi\u015fimleri ta\u015f\u0131yan II. Abd\u00fclhamid\u2019in saat kuleleri, devletlerin ve saray halk\u0131n\u0131n saatlerinin tamiri ve kalitesinin tespiti, bankalar\u0131n bek\u00e7ileri i\u00e7in yap\u0131lan saatler, \u0130stanbul\u2019daki yerli yabanc\u0131 b\u00fct\u00fcn \u015firketlerin ba\u015far\u0131l\u0131 saat\u00e7ili\u011finin tatbiki Meyer Saat\u2019teydi.\u201d \u2013 \u0130lber Ortayl\u0131 Zaman mefhumu her toplum ve k\u00fclt\u00fcrde farkl\u0131 a\u00e7\u0131klamalara sahiptir. Her toplum kendi zaman\u0131nda, kendi zaman\u0131na g\u00f6re ya\u015far. Ya\u015farken de zaman\u0131 anlamaya ve \u00f6l\u00e7meye \u00e7al\u0131\u015f\u0131r. \u0130nsanl\u0131k tarihinde \u015fimdiye dek bu ama\u00e7la \u00e7ok farkl\u0131 zaman \u00f6l\u00e7erler \u00fcretildi. Saat ad\u0131n\u0131 verdi\u011fimiz bu zaman \u00f6l\u00e7erler, ilkin g\u00fcne\u015f saati olarak kar\u015f\u0131m\u0131za \u00e7\u0131kt\u0131 ve insanl\u0131\u011f\u0131n geli\u015fimiyle birlikte saatler de evrim ge\u00e7irdi. Meydanlardan evlerimizin duvarlar\u0131na, ceplerimize ve nihayetinde kollar\u0131m\u0131za geli\u015fiyle zaman\u0131 \u00e7ok daha rahat kontrol eder olduk. Her toplumun oldu\u011fu gibi Osmanl\u0131 toplumunun da kendine has bir zaman alg\u0131s\u0131 ve \u00f6l\u00e7\u00fcs\u00fc vard\u0131. Bu zaman\u0131 \u00f6l\u00e7mek i\u00e7in ise el i\u015f\u00e7ili\u011fiyle titizlikle \u00fcretilen saatler kullan\u0131l\u0131yordu. Bu \u00fcreticilerden biri vard\u0131 ki kendisini Sultan II. Abd\u00fclhamid\u2019in saray\u0131nda saat\u00e7iba\u015f\u0131 olarak buldu. Sultan\u0131n davetiyle Topkap\u0131 Saray\u0131\u2019na gelen Johann Meyer, saray saatlerinin sorumlusu olarak hizmet etti. Sonras\u0131nda ise saraydan ayr\u0131l\u0131p T\u00fcnel\u2019de kendi d\u00fckk\u00e2n\u0131n\u0131 a\u00e7t\u0131 ve \u0130stanbul\u2019da yepyeni bir d\u00f6nem ba\u015flad\u0131. Sultan\u0131n Saat\u00e7isi, tarihine \u015fimdiye dek pek \u00e7ok farkl\u0131 pencereden bak\u0131lan \u0130stanbul ve T\u00fcrkiye\u2019ye bu kez Karak\u00f6y\u2019deki bir saat\u00e7inin vitrininden bakman\u0131z\u0131 sa\u011fl\u0131yor. Okurlara bir ailenin hayat\u0131 etraf\u0131nda tarih\u00ee \u0130stanbul\u2019u ve T\u00fcrkiye\u2019yi ad\u0131m ad\u0131m takip etme imk\u00e2n\u0131 sunan Sultan\u0131n Saat\u00e7isi\u2019nde, hem Meyer ailesine hem de \u00fclkemiz saat\u00e7ili\u011finin geli\u015fimine birinci elden tan\u0131k olacaks\u0131n\u0131z. <\/p>\n","protected":false},"excerpt":{"rendered":"<p>Hayatlar\u0131 T\u00fcnel\u2019in etraf\u0131nda \u015fekillenen Alman bir aile\u2026 \u201cT\u00fcrkiye\u2019ye saat\u00e7ili\u011fi getiren; daha do\u011frusu saat\u00e7ilikteki muazzam teknolojik de\u011fi\u015fimleri ta\u015f\u0131yan II. Abd\u00fclhamid\u2019in saat kuleleri, devletlerin ve saray halk\u0131n\u0131n saatlerinin<span class=\"excerpt-hellip\"> [\u2026]<\/span><\/p>\n","protected":false},"featured_media":0,"template":"","meta":{"_monsterinsights_skip_tracking":false,"_monsterinsights_sitenote_active":false,"_monsterinsights_sitenote_note":"","_monsterinsights_sitenote_category":0},"product_brand":[],"product_cat":[13517,12304],"product_tag":[],"class_list":{"0":"post-748831","1":"product","2":"type-product","3":"status-publish","5":"product_cat-osmanli-tarihi","6":"product_cat-tarih","7":"pa_cilt-ciltsiz","8":"pa_tur-kitap","9":"pa_yayinevi-kronik-kitap","10":"pa_yazar-serkan-yazici-akli-farika","12":"first","13":"instock","14":"sale","15":"shipping-taxable","16":"purchasable","17":"product-type-simple"},"_links":{"self":[{"href":"https:\/\/roveyayinevi.com.tr\/index.php\/wp-json\/wp\/v2\/product\/748831","targetHints":{"allow":["GET"]}}],"collection":[{"href":"https:\/\/roveyayinevi.com.tr\/index.php\/wp-json\/wp\/v2\/product"}],"about":[{"href":"https:\/\/roveyayinevi.com.tr\/index.php\/wp-json\/wp\/v2\/types\/product"}],"wp:attachment":[{"href":"https:\/\/roveyayinevi.com.tr\/index.php\/wp-json\/wp\/v2\/media?parent=748831"}],"wp:term":[{"taxonomy":"product_brand","embeddable":true,"href":"https:\/\/roveyayinevi.com.tr\/index.php\/wp-json\/wp\/v2\/product_brand?post=748831"},{"taxonomy":"product_cat","embeddable":true,"href":"https:\/\/roveyayinevi.com.tr\/index.php\/wp-json\/wp\/v2\/product_cat?post=748831"},{"taxonomy":"product_tag","embeddable":true,"href":"https:\/\/roveyayinevi.com.tr\/index.php\/wp-json\/wp\/v2\/product_tag?post=748831"}],"curies":[{"name":"wp","href":"https:\/\/api.w.org\/{rel}","templated":true}]}}