{"id":748828,"date":"2025-08-28T03:40:12","date_gmt":"2025-08-28T00:40:12","guid":{"rendered":"https:\/\/roveyayinevi.com.tr\/index.php\/urun\/dakikalar-icinde-ataturk-ve-dunyasi\/"},"modified":"2026-04-16T03:01:37","modified_gmt":"2026-04-16T00:01:37","slug":"dakikalar-icinde-ataturk-ve-dunyasi","status":"publish","type":"product","link":"https:\/\/roveyayinevi.com.tr\/index.php\/urun\/dakikalar-icinde-ataturk-ve-dunyasi\/","title":{"rendered":"Dakikalar \u0130\u00e7inde Atat\u00fcrk ve D\u00fcnyas\u0131"},"content":{"rendered":"<p>T\u00dcM Y\u00d6NLER\u0130YLE ATAT\u00dcRK\u2019\u00dcN HAYATI &#8220;100. y\u0131l\u0131 dolay\u0131s\u0131yla Cumhuriyet tarihimizin en \u00f6nemli safhas\u0131n\u0131, Kurucu \u00d6nderimiz ve asker\u00ee \u00e7evrelerde T\u00fcrkiye\u2019nin Ebed\u00ee Ba\u015fkomutan\u0131 olarak kabul edilen Mare\u015fal Mustafa Kemal Atat\u00fcrk\u2019\u00fcn hayat\u0131n\u0131 ve d\u00fcnyas\u0131n\u0131 anlatan bu kitab\u0131 ne\u015fretmeyi uygun g\u00f6rd\u00fck.&#8221; \u0130lber Ortayl\u0131 Dakikalar \u0130\u00e7inde Atat\u00fcrk ve D\u00fcnyas\u0131, Cumhuriyet\u2019in kurucusu Gazi Mustafa Kemal Atat\u00fcrk\u2019\u00fcn do\u011fumundan yeti\u015fti\u011fi Selanik kentine, ailesine, askerlik ya\u015fam\u0131na, \u00f6zel hayat\u0131na, Mill\u00ee M\u00fccadele\u2019ye; \u0130n\u00f6n\u00fc Muharebelerine, B\u00fcy\u00fck Taarruz\u2019a, Cumhuriyet\u2019in kurulu\u015funa, Lozan ve Montreux\u2019ye, \u00e7ok partili hayata ge\u00e7i\u015f d\u00f6nemine, devrimlere, Atat\u00fcrk\u2019\u00fcn kitap sevgisine, \u00e7ocuklarla ili\u015fkisine ve \u00f6l\u00fcm\u00fcne kadar ya\u015fam\u0131n\u0131n her y\u00f6n\u00fcyle inceliyor. Bunlar\u0131n yan\u0131nda \u0130smet \u0130n\u00f6n\u00fc, Fevzi \u00c7akmak, K\u00e2z\u0131m Karabekir, Rauf Orbay, Ali Fuat Cebesoy, Halide Edip Ad\u0131var, Ay\u015fe Afet \u0130nan, Celal Bayar, B\u00f6rek\u00e7iz\u00e2de Rifat Hoca gibi siyasetten sanata, edebiyata, askerli\u011fe, musikiye kadar etraf\u0131ndaki isimlerle ili\u015fkilerini ele al\u0131yor. Dakikalar \u0130\u00e7inde Atat\u00fcrk ve D\u00fcnyas\u0131, Osmanl\u0131\u2019n\u0131n son d\u00f6nemini ve Cumhuriyet\u2019in ilk yar\u0131s\u0131n\u0131 merkeze Kurucu \u00d6nder Gazi Mustafa Kemal Atat\u00fcrk\u2019\u00fc alarak konulara g\u00f6re \u00f6zel se\u00e7ilmi\u015f g\u00f6rseller e\u015fli\u011finde sunuyor. <\/p>\n","protected":false},"excerpt":{"rendered":"<p>T\u00dcM Y\u00d6NLER\u0130YLE ATAT\u00dcRK\u2019\u00dcN HAYATI &#8220;100. y\u0131l\u0131 dolay\u0131s\u0131yla Cumhuriyet tarihimizin en \u00f6nemli safhas\u0131n\u0131, Kurucu \u00d6nderimiz ve asker\u00ee \u00e7evrelerde T\u00fcrkiye\u2019nin Ebed\u00ee Ba\u015fkomutan\u0131 olarak kabul edilen Mare\u015fal Mustafa Kemal<span class=\"excerpt-hellip\"> [\u2026]<\/span><\/p>\n","protected":false},"featured_media":0,"template":"","meta":{"_monsterinsights_skip_tracking":false,"_monsterinsights_sitenote_active":false,"_monsterinsights_sitenote_note":"","_monsterinsights_sitenote_category":0},"product_brand":[],"product_cat":[12530,12304],"product_tag":[],"class_list":{"0":"post-748828","1":"product","2":"type-product","3":"status-publish","5":"product_cat-mustafa-kemal-ataturk","6":"product_cat-tarih","7":"pa_cilt-ciltsiz","8":"pa_tur-kitap","9":"pa_yayinevi-kronik-kitap","10":"pa_yazar-ilber-ortayli","12":"first","13":"instock","14":"sale","15":"shipping-taxable","16":"purchasable","17":"product-type-simple"},"_links":{"self":[{"href":"https:\/\/roveyayinevi.com.tr\/index.php\/wp-json\/wp\/v2\/product\/748828","targetHints":{"allow":["GET"]}}],"collection":[{"href":"https:\/\/roveyayinevi.com.tr\/index.php\/wp-json\/wp\/v2\/product"}],"about":[{"href":"https:\/\/roveyayinevi.com.tr\/index.php\/wp-json\/wp\/v2\/types\/product"}],"wp:attachment":[{"href":"https:\/\/roveyayinevi.com.tr\/index.php\/wp-json\/wp\/v2\/media?parent=748828"}],"wp:term":[{"taxonomy":"product_brand","embeddable":true,"href":"https:\/\/roveyayinevi.com.tr\/index.php\/wp-json\/wp\/v2\/product_brand?post=748828"},{"taxonomy":"product_cat","embeddable":true,"href":"https:\/\/roveyayinevi.com.tr\/index.php\/wp-json\/wp\/v2\/product_cat?post=748828"},{"taxonomy":"product_tag","embeddable":true,"href":"https:\/\/roveyayinevi.com.tr\/index.php\/wp-json\/wp\/v2\/product_tag?post=748828"}],"curies":[{"name":"wp","href":"https:\/\/api.w.org\/{rel}","templated":true}]}}