{"id":748692,"date":"2025-08-28T03:37:10","date_gmt":"2025-08-28T00:37:10","guid":{"rendered":"https:\/\/roveyayinevi.com.tr\/index.php\/urun\/tuttum-ben-bu-orucu\/"},"modified":"2026-04-16T03:01:33","modified_gmt":"2026-04-16T00:01:33","slug":"tuttum-ben-bu-orucu","status":"publish","type":"product","link":"https:\/\/roveyayinevi.com.tr\/index.php\/urun\/tuttum-ben-bu-orucu\/","title":{"rendered":"Tuttum Ben Bu Orucu"},"content":{"rendered":"<p>Ramazan ve \u00c7ok Komik Oru\u00e7 Maceralar\u0131     Peyami Z\u0131rtlak Ortaokulu \u00f6\u011frencileri Erol\u2019un zorba davran\u0131\u015flar\u0131ndan art\u0131k b\u0131km\u0131\u015ft\u0131. Har\u00e7l\u0131\u011f\u0131n\u0131n zorla elinden al\u0131nmas\u0131, \u00e7antan\u0131n \u00e7\u00f6pe at\u0131lmas\u0131, defterinin kitab\u0131n\u0131n y\u0131rt\u0131lmas\u0131 kimsenin ho\u015funa gitmezdi sonu\u00e7ta! Herkes i\u00e7ten i\u00e7e \u201cNe yapsak da bu zorba \u00e7ocuktan kurtulsak?\u201d diye soruyordu. Ama Ramazan farkl\u0131 bir soru sordu: \u201cNe yapsak da Erol\u2019un i\u00e7indeki iyili\u011fi ortaya \u00e7\u0131karsak?\u201d dedi. \u0130\u015fte t\u00fcm macera bundan sonra ba\u015flad\u0131.   M\u00fcbarek Ramazan ay\u0131nda bir yandan ilk oru\u00e7lar\u0131n\u0131 tutan, bir yandan da okullar\u0131na zorba davran\u0131\u015flar\u0131yla nam salm\u0131\u015f Erol Pamuky\u00fcrek\u2019in ayn\u0131 soyad\u0131 gibi pamuk y\u00fcrekli bir insan olmas\u0131 i\u00e7in planlar yapan bir grup \u00e7ocu\u011fun nefis maceras\u0131n\u0131 ka\u00e7\u0131rmay\u0131n!   \u00c7\u00fcnk\u00fc bizce \u201ck\u00f6t\u00fc \u00e7ocuk\u201d diye bir \u015fey yoktur. \u0130\u00e7indeki iyili\u011fe hen\u00fcz dokunulmam\u0131\u015f \u00e7ocuk vard\u0131r ve Ramazan ay\u0131 insanlar\u0131n i\u00e7indeki iyili\u011fi ortaya \u00e7\u0131karmak i\u00e7in \u00e7ok g\u00fczel bir f\u0131rsatt\u0131r! <\/p>\n","protected":false},"excerpt":{"rendered":"<p>Ramazan ve \u00c7ok Komik Oru\u00e7 Maceralar\u0131 Peyami Z\u0131rtlak Ortaokulu \u00f6\u011frencileri Erol\u2019un zorba davran\u0131\u015flar\u0131ndan art\u0131k b\u0131km\u0131\u015ft\u0131. Har\u00e7l\u0131\u011f\u0131n\u0131n zorla elinden al\u0131nmas\u0131, \u00e7antan\u0131n \u00e7\u00f6pe at\u0131lmas\u0131, defterinin kitab\u0131n\u0131n y\u0131rt\u0131lmas\u0131 kimsenin<span class=\"excerpt-hellip\"> [\u2026]<\/span><\/p>\n","protected":false},"featured_media":0,"template":"","meta":{"_monsterinsights_skip_tracking":false,"_monsterinsights_sitenote_active":false,"_monsterinsights_sitenote_note":"","_monsterinsights_sitenote_category":0},"product_brand":[],"product_cat":[12274,18802],"product_tag":[],"class_list":{"0":"post-748692","1":"product","2":"type-product","3":"status-publish","5":"product_cat-cocuk-ve-genclik-kitaplari","6":"product_cat-din-egitimi","7":"pa_cilt-ciltsiz","8":"pa_tur-kitap","9":"pa_yayinevi-hayykitap","10":"pa_yazar-hatice-kubra-tongar","12":"first","13":"instock","14":"sale","15":"shipping-taxable","16":"purchasable","17":"product-type-simple"},"_links":{"self":[{"href":"https:\/\/roveyayinevi.com.tr\/index.php\/wp-json\/wp\/v2\/product\/748692","targetHints":{"allow":["GET"]}}],"collection":[{"href":"https:\/\/roveyayinevi.com.tr\/index.php\/wp-json\/wp\/v2\/product"}],"about":[{"href":"https:\/\/roveyayinevi.com.tr\/index.php\/wp-json\/wp\/v2\/types\/product"}],"wp:attachment":[{"href":"https:\/\/roveyayinevi.com.tr\/index.php\/wp-json\/wp\/v2\/media?parent=748692"}],"wp:term":[{"taxonomy":"product_brand","embeddable":true,"href":"https:\/\/roveyayinevi.com.tr\/index.php\/wp-json\/wp\/v2\/product_brand?post=748692"},{"taxonomy":"product_cat","embeddable":true,"href":"https:\/\/roveyayinevi.com.tr\/index.php\/wp-json\/wp\/v2\/product_cat?post=748692"},{"taxonomy":"product_tag","embeddable":true,"href":"https:\/\/roveyayinevi.com.tr\/index.php\/wp-json\/wp\/v2\/product_tag?post=748692"}],"curies":[{"name":"wp","href":"https:\/\/api.w.org\/{rel}","templated":true}]}}