{"id":748678,"date":"2025-08-28T03:36:54","date_gmt":"2025-08-28T00:36:54","guid":{"rendered":"https:\/\/roveyayinevi.com.tr\/index.php\/urun\/mahir-cayan-kizildereden-once-10-ay\/"},"modified":"2026-04-16T03:01:18","modified_gmt":"2026-04-16T00:01:18","slug":"mahir-cayan-kizildereden-once-10-ay","status":"publish","type":"product","link":"https:\/\/roveyayinevi.com.tr\/index.php\/urun\/mahir-cayan-kizildereden-once-10-ay\/","title":{"rendered":"Mahir \u00c7ayan K\u0131z\u0131ldere\u2019den \u00d6nce 10 Ay"},"content":{"rendered":"<p>\u0130stanbul-Maltepe\u2019de yaral\u0131 olarak yakalanmas\u0131ndan sonraki on ay, Mahir \u00c7ayan\u2019\u0131n \u00e7ok zorlu S\u0131k\u0131y\u00f6netim \u015fartlar\u0131 alt\u0131nda tarihe m\u00fcdahale etti\u011fi on y\u0131llara bedel bir d\u00f6nemdir. Mahir \u00c7ayan, yaral\u0131 halde sorguland\u0131, h\u00fccreye kondu ve gece g\u00fcnd\u00fcz yata\u011f\u0131na zincirlendi. Mahkemenin ba\u015flamas\u0131na k\u0131sa bir s\u00fcre kala g\u00fcnd\u00fczleri zincirleri \u00e7\u0131kar\u0131ld\u0131. Eline k\u00e2\u011f\u0131t kalem ge\u00e7er ge\u00e7mez de duygular\u0131n\u0131 \u015fiire d\u00f6kt\u00fc. Geceleri h\u00fccresinde zincire vuruldu\u011fu Selimiye K\u0131\u015flas\u0131\u2019n\u0131n bir salonunda ba\u015flayan yarg\u0131lamalarda avukatlar\u0131 ve arkada\u015flar\u0131yla birlikte hukuk sava\u015f\u0131 verdi. Savunma safhas\u0131nda g\u00f6t\u00fcr\u00fcld\u00fc\u011f\u00fc Maltepe Asker\u00ee Tutukevi\u2019nden \u00f6ld\u00fcr\u00fclme riskini g\u00f6ze al\u0131p arkada\u015flar\u0131yla birlikte t\u00fcnel kazarak firar etti. G\u00fcvenlik kuvvetlerinin t\u00fcm birimleriyle ger\u00e7ekle\u015ftirdi\u011fi, mezarl\u0131klar\u0131n bile arand\u0131\u011f\u0131 genel aramaya ra\u011fmen iki ay ge\u00e7irdi\u011fi \u0130stanbul\u2019da Parti i\u00e7indeki ayr\u0131\u015fmay\u0131 netle\u015ftirdi ve Kesintisiz Devrim 2-3\u2019\u00fcn yaz\u0131m\u0131n\u0131 tamamlad\u0131. Bir kamyonete y\u00fckl\u00fc sand\u0131k i\u00e7inde g\u00f6t\u00fcr\u00fcld\u00fc\u011f\u00fc Ankara\u2019da yo\u011fun operasyonlara maruz kald\u0131, yurtd\u0131\u015f\u0131na gidebilece\u011fi halde gitmedi, kendini korumak i\u00e7in hareketsiz kalarak saklanmak bir yana imk\u00e2ns\u0131z ko\u015fullara ra\u011fmen Deniz Gezmi\u015f, H\u00fcseyin \u0130nan ve Yusuf Aslan\u2019\u0131n idamlar\u0131n\u0131 durdurabilmek i\u00e7in m\u00fccadele etmekten bir an olsun vazge\u00e7medi. Ankara\u2019da eylem yapabilecek imk\u00e2nlar t\u00fcm\u00fcyle ortadan kalk\u0131nca, Ertan Sar\u0131han\u2019\u0131n organizasyonuyla makarna \u00e7uvallar\u0131 ta\u015f\u0131yan bir kamyonla \u00dcnye-Fatsa\u2019ya g\u00f6t\u00fcr\u00fcld\u00fc. Ve sonunda b\u00fct\u00fcn imk\u00e2ns\u0131zl\u0131klara ra\u011fmen, idamlar\u0131n Resmi Gazete\u2019de yay\u0131mlan\u0131p kanunla\u015fmas\u0131ndan bir g\u00fcn sonra \u00dcnye Radar \u00dcss\u00fc\u2019ndeki \u00fc\u00e7 NATO teknisyenini arkada\u015flar\u0131yla birlikte rehin al\u0131p K\u0131z\u0131ldere k\u00f6y\u00fcnde bir eve ka\u00e7\u0131rd\u0131&#8230; THKP-C lideri Mahir \u00c7ayan\u2019\u0131n ya\u015fam\u0131 K\u0131z\u0131ldere\u2019de son bulsa da, m\u00fccadelesi ve teorik yaz\u0131lar\u0131 ile T\u00fcrkiye sol tarihinde yeni bir ba\u015flang\u0131\u00e7 sayfas\u0131, bir Kutupy\u0131ld\u0131z\u0131 olarak g\u00f6r\u00fclm\u00fc\u015ft\u00fcr. <\/p>\n","protected":false},"excerpt":{"rendered":"<p>\u0130stanbul-Maltepe\u2019de yaral\u0131 olarak yakalanmas\u0131ndan sonraki on ay, Mahir \u00c7ayan\u2019\u0131n \u00e7ok zorlu S\u0131k\u0131y\u00f6netim \u015fartlar\u0131 alt\u0131nda tarihe m\u00fcdahale etti\u011fi on y\u0131llara bedel bir d\u00f6nemdir. Mahir \u00c7ayan, yaral\u0131 halde<span class=\"excerpt-hellip\"> [\u2026]<\/span><\/p>\n","protected":false},"featured_media":0,"template":"","meta":{"_monsterinsights_skip_tracking":false,"_monsterinsights_sitenote_active":false,"_monsterinsights_sitenote_note":"","_monsterinsights_sitenote_category":0},"product_brand":[],"product_cat":[12337,16547],"product_tag":[],"class_list":{"0":"post-748678","1":"product","2":"type-product","3":"status-publish","5":"product_cat-politika-siyaset","6":"product_cat-sol-hareketler","7":"pa_cilt-ciltsiz","8":"pa_tur-kitap","9":"pa_yayinevi-ayrinti-yayinlari","10":"pa_yazar-huseyin-solgun","12":"first","13":"instock","14":"sale","15":"shipping-taxable","16":"purchasable","17":"product-type-simple"},"_links":{"self":[{"href":"https:\/\/roveyayinevi.com.tr\/index.php\/wp-json\/wp\/v2\/product\/748678","targetHints":{"allow":["GET"]}}],"collection":[{"href":"https:\/\/roveyayinevi.com.tr\/index.php\/wp-json\/wp\/v2\/product"}],"about":[{"href":"https:\/\/roveyayinevi.com.tr\/index.php\/wp-json\/wp\/v2\/types\/product"}],"wp:attachment":[{"href":"https:\/\/roveyayinevi.com.tr\/index.php\/wp-json\/wp\/v2\/media?parent=748678"}],"wp:term":[{"taxonomy":"product_brand","embeddable":true,"href":"https:\/\/roveyayinevi.com.tr\/index.php\/wp-json\/wp\/v2\/product_brand?post=748678"},{"taxonomy":"product_cat","embeddable":true,"href":"https:\/\/roveyayinevi.com.tr\/index.php\/wp-json\/wp\/v2\/product_cat?post=748678"},{"taxonomy":"product_tag","embeddable":true,"href":"https:\/\/roveyayinevi.com.tr\/index.php\/wp-json\/wp\/v2\/product_tag?post=748678"}],"curies":[{"name":"wp","href":"https:\/\/api.w.org\/{rel}","templated":true}]}}