{"id":748643,"date":"2025-08-28T03:36:11","date_gmt":"2025-08-28T00:36:11","guid":{"rendered":"https:\/\/roveyayinevi.com.tr\/index.php\/urun\/azerbaycan-kurtlari-bakuden-parise-takip\/"},"modified":"2026-04-16T03:01:17","modified_gmt":"2026-04-16T00:01:17","slug":"azerbaycan-kurtlari-bakuden-parise-takip","status":"publish","type":"product","link":"https:\/\/roveyayinevi.com.tr\/index.php\/urun\/azerbaycan-kurtlari-bakuden-parise-takip\/","title":{"rendered":"Azerbaycan Kurtlar\u0131 Bak\u00fc\u2019den Paris\u2019e Takip"},"content":{"rendered":"<p>Azerbaycan\u2019\u0131n genelinde tarihi hadiselerin meydana getirdi\u011fi toplumsal travmalara ra\u011fmen y\u00fcksek medeniyetlerin inki\u015faf etti\u011fi ulus devlet anlay\u0131\u015f\u0131na sahip y\u00fcksek seciyeli vatanperver insanlara rastlayabilirsiniz. T\u00fcrk milletine m\u00fcnhas\u0131r deyimlerin birisinde bir ac\u0131 kahvenin k\u0131rk y\u0131l hat\u0131r\u0131 vard\u0131r \u00f6z deyiminde oldu\u011fu gibi, bir ac\u0131 kahvenin k\u0131rk y\u0131l hat\u0131r\u0131n\u0131 g\u00fcden T\u00fcrk Milletinden bir as\u0131r s\u00fcren k\u00f6t\u00fcl\u00fcklerin unutulmas\u0131n\u0131 isteyemezsiniz. Bu g\u00f6r\u00fc\u015f\u00fcn iz d\u00fc\u015f\u00fcm\u00fcnde, ya\u015fad\u0131\u011f\u0131m\u0131z ac\u0131lar\u0131 harmanlay\u0131p polisiye t\u00fcr\u00fcnden bir eser meydana getiren Ara\u015ft\u0131rmac\u0131 Yazar Ziya \u015eahin\u2019in Azerbaycan Kurtlar\u0131 Bak\u00fc\u2019den Paris\u2019e Takip kitab\u0131na son s\u00f6z yazmam\u0131 rica edince d\u00fc\u015f\u00fcnmek zorunda kald\u0131m buldu\u011fum ilk f\u0131rsatta ad\u0131 bahse konu olan kitab\u0131 yak\u0131ndan g\u00f6rmek ve incelemek i\u00e7in taslak bask\u0131s\u0131n\u0131 kendilerinden istedim\u2026 Kitab\u0131 elime al\u0131nca yeniden g\u00f6rd\u00fcm ve \u015fahit oldum ki Karaba\u011f\u2019da T\u00fcrk Milleti\u2019ne tahamm\u00fcl edilmesi imk\u00e2ns\u0131z \u015feyler ya\u015fat\u0131lm\u0131\u015f. Bu ac\u0131lar\u0131n ve ya\u015fanm\u0131\u015fl\u0131\u011f\u0131n\u0131n pe\u015fine d\u00fc\u015fen kahramanlar Paris\u2019e kadar takip ettikleri insanl\u0131k d\u00fc\u015fmanlar\u0131na k\u0131sas hakk\u0131n\u0131 kullanarak hak ettikleri cezay\u0131 vermi\u015fler. \u00c7\u00fcnk\u00fc zalimlere merhamet edenler veya ho\u015fg\u00f6r\u00fc g\u00f6sterenler en az onlar kadar i\u015flenilen cinayetlerden sorumludurlar. Ben sizlere bu kitab\u0131 al\u0131n veya okuyun demiyorum; bu kitab\u0131 nerede bulursan\u0131z al\u0131n ve k\u00fct\u00fcphanenizin ba\u015fk\u00f6\u015fesinde saklay\u0131n diyorum. Bu vesileyle Karaba\u011f\u2019\u0131n ac\u0131lar\u0131n\u0131 ve Hocal\u0131 mazlumlar\u0131n\u0131n katledili\u015fini ozan diliyle kaleme alan T\u00fcrk D\u00fcnyas\u0131\u2019n\u0131n ziyal\u0131s\u0131 Ara\u015ft\u0131rmac\u0131 Yazar\u0131m\u0131z Ziya \u015eahin\u2019e \u00f6z minnettarl\u0131\u011f\u0131m\u0131 bildirerek te\u015fekk\u00fcr ediyorum. Cenab\u0131 Allah Can Azerbaycan\u2019\u0131 ve m\u00fcbarek vatan topra\u011f\u0131m\u0131z Can Karaba\u011f\u2019\u0131 d\u00fcnya durduk\u00e7a h\u0131fz\u0131 eman\u0131nda esirgesin ve korusun\u2026 Tarih\u00e7i Ara\u015ft\u0131rmac\u0131 Yazar Hasan Bar\u0131n <\/p>\n","protected":false},"excerpt":{"rendered":"<p>Azerbaycan\u2019\u0131n genelinde tarihi hadiselerin meydana getirdi\u011fi toplumsal travmalara ra\u011fmen y\u00fcksek medeniyetlerin inki\u015faf etti\u011fi ulus devlet anlay\u0131\u015f\u0131na sahip y\u00fcksek seciyeli vatanperver insanlara rastlayabilirsiniz. T\u00fcrk milletine m\u00fcnhas\u0131r deyimlerin<span class=\"excerpt-hellip\"> [\u2026]<\/span><\/p>\n","protected":false},"featured_media":0,"template":"","meta":{"_monsterinsights_skip_tracking":false,"_monsterinsights_sitenote_active":false,"_monsterinsights_sitenote_note":"","_monsterinsights_sitenote_category":0},"product_brand":[],"product_cat":[12370,12304],"product_tag":[],"class_list":{"0":"post-748643","1":"product","2":"type-product","3":"status-publish","5":"product_cat-arastirma-inceleme","6":"product_cat-tarih","7":"pa_cilt-ciltsiz","8":"pa_tur-kitap","9":"pa_yayinevi-gulnar-yayinlari","10":"pa_yazar-ziya-sahin","12":"first","13":"instock","14":"sale","15":"shipping-taxable","16":"purchasable","17":"product-type-simple"},"_links":{"self":[{"href":"https:\/\/roveyayinevi.com.tr\/index.php\/wp-json\/wp\/v2\/product\/748643","targetHints":{"allow":["GET"]}}],"collection":[{"href":"https:\/\/roveyayinevi.com.tr\/index.php\/wp-json\/wp\/v2\/product"}],"about":[{"href":"https:\/\/roveyayinevi.com.tr\/index.php\/wp-json\/wp\/v2\/types\/product"}],"wp:attachment":[{"href":"https:\/\/roveyayinevi.com.tr\/index.php\/wp-json\/wp\/v2\/media?parent=748643"}],"wp:term":[{"taxonomy":"product_brand","embeddable":true,"href":"https:\/\/roveyayinevi.com.tr\/index.php\/wp-json\/wp\/v2\/product_brand?post=748643"},{"taxonomy":"product_cat","embeddable":true,"href":"https:\/\/roveyayinevi.com.tr\/index.php\/wp-json\/wp\/v2\/product_cat?post=748643"},{"taxonomy":"product_tag","embeddable":true,"href":"https:\/\/roveyayinevi.com.tr\/index.php\/wp-json\/wp\/v2\/product_tag?post=748643"}],"curies":[{"name":"wp","href":"https:\/\/api.w.org\/{rel}","templated":true}]}}