{"id":747887,"date":"2025-08-28T03:17:32","date_gmt":"2025-08-28T00:17:32","guid":{"rendered":"https:\/\/roveyayinevi.com.tr\/index.php\/urun\/3-ahmedin-hatt-i-humayunlari\/"},"modified":"2026-04-16T03:00:37","modified_gmt":"2026-04-16T00:00:37","slug":"3-ahmedin-hatt-i-humayunlari","status":"publish","type":"product","link":"https:\/\/roveyayinevi.com.tr\/index.php\/urun\/3-ahmedin-hatt-i-humayunlari\/","title":{"rendered":"3. Ahmed&#8217;in Hatt-\u0131 H\u00fcmay\u00fcnlar\u0131"},"content":{"rendered":"<p>Bizzat padi\u015fahlar taraf\u0131ndan kaleme al\u0131nan emir, herhangi bir konuyla ilgili g\u00f6r\u00fc\u015f, de\u011ferlendirme ve bilgi vermek \u00fczere yaz\u0131lan yaz\u0131lara hatt-\u0131 h\u00fcm\u00e2y\u00fbn denir. Bu belgeler, Osmanl\u0131 tarihinin en \u00f6nemli kaynaklar\u0131d\u0131r. Baz\u0131 padi\u015fahlar\u0131n hatlar\u0131 \u00e7ok so\u011fuk ve d\u00fcz resm\u00ee yaz\u0131larken baz\u0131 h\u00fck\u00fcmdarlar\u0131nki ise kendi hislerini belli eden renkli hatlard\u0131r. III. Ahmed hem \u00e7ok hatt-\u0131 h\u00fcm\u00e2y\u00fbn kaleme alan hem de hislerini verdi\u011fi emirlerde belli eden padi\u015fahlardand\u0131r. Sultan\u0131n bizzat kendi el yaz\u0131s\u0131yla kaleme ald\u0131\u011f\u0131 emirler, 27 y\u0131ll\u0131k d\u00f6nemin (1703-1730) tarih kitaplar\u0131na ge\u00e7memi\u015f gizli kalm\u0131\u015f y\u00f6nlerine \u0131\u015f\u0131k tutar.<\/p>\n","protected":false},"excerpt":{"rendered":"<p>Bizzat padi\u015fahlar taraf\u0131ndan kaleme al\u0131nan emir, herhangi bir konuyla ilgili g\u00f6r\u00fc\u015f, de\u011ferlendirme ve bilgi vermek \u00fczere yaz\u0131lan yaz\u0131lara hatt-\u0131 h\u00fcm\u00e2y\u00fbn denir. Bu belgeler, Osmanl\u0131 tarihinin en<span class=\"excerpt-hellip\"> [\u2026]<\/span><\/p>\n","protected":false},"featured_media":0,"template":"","meta":{"_monsterinsights_skip_tracking":false,"_monsterinsights_sitenote_active":false,"_monsterinsights_sitenote_note":"","_monsterinsights_sitenote_category":0},"product_brand":[],"product_cat":[12370,12304],"product_tag":[],"class_list":{"0":"post-747887","1":"product","2":"type-product","3":"status-publish","5":"product_cat-arastirma-inceleme","6":"product_cat-tarih","7":"pa_cilt-ciltsiz","8":"pa_tur-kitap","9":"pa_yayinevi-yeditepe-yayinevi","10":"pa_yazar-erhan-afyoncu","12":"first","13":"instock","14":"sale","15":"shipping-taxable","16":"purchasable","17":"product-type-simple"},"_links":{"self":[{"href":"https:\/\/roveyayinevi.com.tr\/index.php\/wp-json\/wp\/v2\/product\/747887","targetHints":{"allow":["GET"]}}],"collection":[{"href":"https:\/\/roveyayinevi.com.tr\/index.php\/wp-json\/wp\/v2\/product"}],"about":[{"href":"https:\/\/roveyayinevi.com.tr\/index.php\/wp-json\/wp\/v2\/types\/product"}],"wp:attachment":[{"href":"https:\/\/roveyayinevi.com.tr\/index.php\/wp-json\/wp\/v2\/media?parent=747887"}],"wp:term":[{"taxonomy":"product_brand","embeddable":true,"href":"https:\/\/roveyayinevi.com.tr\/index.php\/wp-json\/wp\/v2\/product_brand?post=747887"},{"taxonomy":"product_cat","embeddable":true,"href":"https:\/\/roveyayinevi.com.tr\/index.php\/wp-json\/wp\/v2\/product_cat?post=747887"},{"taxonomy":"product_tag","embeddable":true,"href":"https:\/\/roveyayinevi.com.tr\/index.php\/wp-json\/wp\/v2\/product_tag?post=747887"}],"curies":[{"name":"wp","href":"https:\/\/api.w.org\/{rel}","templated":true}]}}