{"id":747650,"date":"2025-08-28T03:11:46","date_gmt":"2025-08-28T00:11:46","guid":{"rendered":"https:\/\/roveyayinevi.com.tr\/index.php\/urun\/dedem-alzaymir-olmus-farkindalik-hikayeleri\/"},"modified":"2026-04-16T03:00:27","modified_gmt":"2026-04-16T00:00:27","slug":"dedem-alzaymir-olmus-farkindalik-hikayeleri","status":"publish","type":"product","link":"https:\/\/roveyayinevi.com.tr\/index.php\/urun\/dedem-alzaymir-olmus-farkindalik-hikayeleri\/","title":{"rendered":"Dedem Alzaym\u0131r Olmu\u015f (Fark\u0131ndal\u0131k Hikayeleri)"},"content":{"rendered":"<p>Merhaba Arkada\u015flar; Kahraman\u0131m\u0131z Pelin, yumurcak karde\u015fi Ege, sevimli t\u00fcy yuma\u011f\u0131 Paspas ile beraber maceradan maceraya ko\u015fmaya haz\u0131rsan\u0131z ba\u015flayal\u0131m m\u0131? Pelin karde\u015fi Egenin ne i\u015fler pe\u015finde ko\u015ftu\u011funu \u00f6\u011frenebilecek mi? Sevimli kedimiz Paspas bir k\u00f6pekle ba\u015f ba\u015fa kal\u0131nca ne mi yapacak? Ege istedi\u011fi gibi evde pire besleyebilecek mi? Pelin ve Ege polise hangi ihbarda bulunacak? \u0130\u015fte b\u00fct\u00fcn bu sorular\u0131n cevaplar\u0131n\u0131 \u201cFark\u0131ndal\u0131k Hik\u00e2yeleri\u201dnde bulacaks\u0131n\u0131z. Haz\u0131rsan\u0131z, haydi ba\u015flayal\u0131m o zaman\u2026<\/p>\n","protected":false},"excerpt":{"rendered":"<p>Merhaba Arkada\u015flar; Kahraman\u0131m\u0131z Pelin, yumurcak karde\u015fi Ege, sevimli t\u00fcy yuma\u011f\u0131 Paspas ile beraber maceradan maceraya ko\u015fmaya haz\u0131rsan\u0131z ba\u015flayal\u0131m m\u0131? Pelin karde\u015fi Egenin ne i\u015fler pe\u015finde ko\u015ftu\u011funu<span class=\"excerpt-hellip\"> [\u2026]<\/span><\/p>\n","protected":false},"featured_media":0,"template":"","meta":{"_monsterinsights_skip_tracking":false,"_monsterinsights_sitenote_active":false,"_monsterinsights_sitenote_note":"","_monsterinsights_sitenote_category":0},"product_brand":[],"product_cat":[12274,12284],"product_tag":[],"class_list":{"0":"post-747650","1":"product","2":"type-product","3":"status-publish","5":"product_cat-cocuk-ve-genclik-kitaplari","6":"product_cat-hikayeler","7":"pa_cilt-ciltsiz","8":"pa_tur-kitap","9":"pa_yayinevi-nesil-cocuk-yayinlari","10":"pa_yazar-asuman-saritac","12":"first","13":"instock","14":"sale","15":"shipping-taxable","16":"purchasable","17":"product-type-simple"},"_links":{"self":[{"href":"https:\/\/roveyayinevi.com.tr\/index.php\/wp-json\/wp\/v2\/product\/747650","targetHints":{"allow":["GET"]}}],"collection":[{"href":"https:\/\/roveyayinevi.com.tr\/index.php\/wp-json\/wp\/v2\/product"}],"about":[{"href":"https:\/\/roveyayinevi.com.tr\/index.php\/wp-json\/wp\/v2\/types\/product"}],"wp:attachment":[{"href":"https:\/\/roveyayinevi.com.tr\/index.php\/wp-json\/wp\/v2\/media?parent=747650"}],"wp:term":[{"taxonomy":"product_brand","embeddable":true,"href":"https:\/\/roveyayinevi.com.tr\/index.php\/wp-json\/wp\/v2\/product_brand?post=747650"},{"taxonomy":"product_cat","embeddable":true,"href":"https:\/\/roveyayinevi.com.tr\/index.php\/wp-json\/wp\/v2\/product_cat?post=747650"},{"taxonomy":"product_tag","embeddable":true,"href":"https:\/\/roveyayinevi.com.tr\/index.php\/wp-json\/wp\/v2\/product_tag?post=747650"}],"curies":[{"name":"wp","href":"https:\/\/api.w.org\/{rel}","templated":true}]}}