{"id":747632,"date":"2025-08-28T03:11:18","date_gmt":"2025-08-28T00:11:18","guid":{"rendered":"https:\/\/roveyayinevi.com.tr\/index.php\/urun\/gidanin-politik-ekolojisi\/"},"modified":"2026-04-16T03:00:27","modified_gmt":"2026-04-16T00:00:27","slug":"gidanin-politik-ekolojisi","status":"publish","type":"product","link":"https:\/\/roveyayinevi.com.tr\/index.php\/urun\/gidanin-politik-ekolojisi\/","title":{"rendered":"G\u0131dan\u0131n Politik Ekolojisi"},"content":{"rendered":"<p>Kapsay\u0131c\u0131 ve d\u00f6n\u00fc\u015ft\u00fcr\u00fcc\u00fc g\u0131da politikalar\u0131 nas\u0131l olmal\u0131d\u0131r? Farkl\u0131 kavramsal ve politik \u00e7er\u00e7eveler kimler taraf\u0131ndan hangi politik arka planlardan beslenerek hangi tarihsel ba\u011flamda geli\u015ftiriliyor? Bu farkl\u0131 yakla\u015f\u0131mlar egemen g\u0131da sistemini nas\u0131l sorunsalla\u015ft\u0131r\u0131yor? Bu yakla\u015f\u0131mlar\u0131n g\u0131da sisteminin gelece\u011fine dair g\u00f6r\u00fc\u015fleri ve \u00f6nerdikleri yol haritalar\u0131 neler? G\u0131da sistemindeki sorunlar\u0131 ve daha adil ve s\u00fcrd\u00fcr\u00fclebilir g\u0131da politikalar\u0131na nas\u0131l ula\u015f\u0131labilece\u011fini irdelemeyi ama\u00e7layan kitab\u0131m\u0131z g\u0131da konusunu politik ekolojiden toplumsal cinsiyet e\u015fitli\u011fine, sa\u011fl\u0131ktan beslenmenin s\u00fcrd\u00fcr\u00fclebilirli\u011fine, agroekolojiden teknolojik geli\u015fmelere \u00e7e\u015fitli boyutlar\u0131yla ele al\u0131yor. D\u00fcnyada ve T\u00fcrkiye\u2019de g\u0131da sisteminin yap\u0131s\u0131 ve i\u015fleyi\u015fi ile bunlardan do\u011fan ekonomik, sosyal ve ekolojik sorunlar\u0131n, m\u00fccadelelerin ve \u00e7\u00f6z\u00fcm aray\u0131\u015flar\u0131n\u0131n tart\u0131\u015f\u0131labildi\u011fi bir zemin sunmay\u0131 hedefliyor. Sa\u011fl\u0131kl\u0131, adil, s\u00fcrd\u00fcr\u00fclebilir ve krizlere diren\u00e7li bir g\u0131da sistemine ula\u015fman\u0131n yolu, g\u0131dan\u0131n bir hak olarak ele al\u0131nmas\u0131ndan ve sa\u011fl\u0131kl\u0131 g\u0131daya eri\u015fim hakk\u0131n\u0131n insan haklar\u0131 \u00e7er\u00e7evesinde kabul edilmesinden ge\u00e7iyor. \u00c7ift\u00e7i \u00f6rg\u00fctlenmelerinin yayg\u0131nla\u015ft\u0131r\u0131lmas\u0131, \u00e7ift\u00e7iler aras\u0131 g\u0131da a\u011flar\u0131n\u0131n geni\u015fletilmesi, \u00e7ift\u00e7i bilgisinin merkeze al\u0131nd\u0131\u011f\u0131 agroekolojik uygulamalar\u0131n benimsenmesi ve ayn\u0131 zamanda teknolojik yeniliklere a\u00e7\u0131k olunmas\u0131 yeni bir g\u0131da sistemine ge\u00e7i\u015fin \u00f6n \u015fartlar\u0131. Bu t\u00fcr bir d\u00f6n\u00fc\u015f\u00fcm, d\u00fc\u015f\u00fck emisyonlu ve iklim de\u011fi\u015fikli\u011fine diren\u00e7li bir g\u0131da sistemini desteklerken, ekonomik ve sosyal a\u00e7\u0131dan da ge\u00e7im kaynaklar\u0131n\u0131n ve yerel k\u00fclt\u00fcrlerin korundu\u011fu sa\u011fl\u0131kl\u0131 g\u0131da \u00fcretimlerini sa\u011flayabilir. Kitab\u0131m\u0131z, krizlerin ve \u00e7at\u0131\u015fmalar\u0131n i\u00e7inde yuvarlanan d\u00fcnyam\u0131z\u0131n en temel ve acil sorunu olan g\u0131da ve beslenmeye hem d\u00fcnya genelinde hem T\u00fcrkiye \u00f6zelinde yak\u0131ndan bakmak i\u00e7in kapsaml\u0131 bir tart\u0131\u015fma sunuyor. <\/p>\n","protected":false},"excerpt":{"rendered":"<p>Kapsay\u0131c\u0131 ve d\u00f6n\u00fc\u015ft\u00fcr\u00fcc\u00fc g\u0131da politikalar\u0131 nas\u0131l olmal\u0131d\u0131r? Farkl\u0131 kavramsal ve politik \u00e7er\u00e7eveler kimler taraf\u0131ndan hangi politik arka planlardan beslenerek hangi tarihsel ba\u011flamda geli\u015ftiriliyor? Bu farkl\u0131 yakla\u015f\u0131mlar<span class=\"excerpt-hellip\"> [\u2026]<\/span><\/p>\n","protected":false},"featured_media":0,"template":"","meta":{"_monsterinsights_skip_tracking":false,"_monsterinsights_sitenote_active":false,"_monsterinsights_sitenote_note":"","_monsterinsights_sitenote_category":0},"product_brand":[],"product_cat":[23323,12364],"product_tag":[],"class_list":{"0":"post-747632","1":"product","2":"type-product","3":"status-publish","5":"product_cat-ekoloji","6":"product_cat-genel-konular","7":"pa_cilt-ciltsiz","8":"pa_tur-kitap","9":"pa_yayinevi-metis-yayinlari","10":"pa_yazar-fikret-adaman-sena-akkoc","12":"first","13":"instock","14":"sale","15":"shipping-taxable","16":"purchasable","17":"product-type-simple"},"_links":{"self":[{"href":"https:\/\/roveyayinevi.com.tr\/index.php\/wp-json\/wp\/v2\/product\/747632","targetHints":{"allow":["GET"]}}],"collection":[{"href":"https:\/\/roveyayinevi.com.tr\/index.php\/wp-json\/wp\/v2\/product"}],"about":[{"href":"https:\/\/roveyayinevi.com.tr\/index.php\/wp-json\/wp\/v2\/types\/product"}],"wp:attachment":[{"href":"https:\/\/roveyayinevi.com.tr\/index.php\/wp-json\/wp\/v2\/media?parent=747632"}],"wp:term":[{"taxonomy":"product_brand","embeddable":true,"href":"https:\/\/roveyayinevi.com.tr\/index.php\/wp-json\/wp\/v2\/product_brand?post=747632"},{"taxonomy":"product_cat","embeddable":true,"href":"https:\/\/roveyayinevi.com.tr\/index.php\/wp-json\/wp\/v2\/product_cat?post=747632"},{"taxonomy":"product_tag","embeddable":true,"href":"https:\/\/roveyayinevi.com.tr\/index.php\/wp-json\/wp\/v2\/product_tag?post=747632"}],"curies":[{"name":"wp","href":"https:\/\/api.w.org\/{rel}","templated":true}]}}