{"id":747605,"date":"2025-08-28T03:10:35","date_gmt":"2025-08-28T00:10:35","guid":{"rendered":"https:\/\/roveyayinevi.com.tr\/index.php\/urun\/yoruk-ali-efe-tarihte-iz-birakanlar\/"},"modified":"2026-04-16T03:00:26","modified_gmt":"2026-04-16T00:00:26","slug":"yoruk-ali-efe-tarihte-iz-birakanlar","status":"publish","type":"product","link":"https:\/\/roveyayinevi.com.tr\/index.php\/urun\/yoruk-ali-efe-tarihte-iz-birakanlar\/","title":{"rendered":"Y\u00f6r\u00fck Ali Efe &#8211; Tarihte \u0130z B\u0131rakanlar"},"content":{"rendered":"<p>Y\u00f6r\u00fck Ali Efe, K\u0131ll\u0131o\u011flu H\u00fcseyin Efe ve baz\u0131 arkada\u015flar\u0131 ile birlikte Ayd\u0131n ilinin \u00c7ine il\u00e7esi Ya\u011fc\u0131lar k\u00f6y\u00fcnde toplanarak 16 Haziran 1919 tarihinde Sultanhisar ve At\u00e7a aras\u0131ndaki Malga\u00e7 deresinin \u00fcst\u00fcnden ge\u00e7en Malga\u00e7 demiryolu k\u00f6pr\u00fcs\u00fc yan\u0131ndaki Yunan karakoluna bask\u0131n yapt\u0131. Bask\u0131n sonunda karakol t\u00fcm\u00fcyle imha edildi, cephane ve erzaklar ele ge\u00e7irildi. Bu bask\u0131n Bat\u0131 ve G\u00fcney Anadolu&#8217;da d\u00fczenli, bilin\u00e7li ve mill\u00ee \u015fuurla i\u015fgalcilere yap\u0131lan ilk bask\u0131n olarak kabul edilmektedir. Bu \u00f6nemli ba\u015far\u0131 halka \u00fcmit ve cesaret vererek, d\u00fc\u015fman\u0131n yurttan at\u0131labilece\u011fine olan inanc\u0131n\u0131 artt\u0131rarak Y\u00f6r\u00fck Ali Efe&#8217;nin liderli\u011fini per\u00e7inledi. Yunan Ordusu ise beklemedi\u011fi bu bask\u0131n kar\u015f\u0131s\u0131nda pani\u011fe kap\u0131larak Nazilli&#8217;deki kuvvetlerini yak\u0131p y\u0131karak Ayd\u0131n istikametine geri \u00e7ekti.<\/p>\n","protected":false},"excerpt":{"rendered":"<p>Y\u00f6r\u00fck Ali Efe, K\u0131ll\u0131o\u011flu H\u00fcseyin Efe ve baz\u0131 arkada\u015flar\u0131 ile birlikte Ayd\u0131n ilinin \u00c7ine il\u00e7esi Ya\u011fc\u0131lar k\u00f6y\u00fcnde toplanarak 16 Haziran 1919 tarihinde Sultanhisar ve At\u00e7a aras\u0131ndaki<span class=\"excerpt-hellip\"> [\u2026]<\/span><\/p>\n","protected":false},"featured_media":0,"template":"","meta":{"_monsterinsights_skip_tracking":false,"_monsterinsights_sitenote_active":false,"_monsterinsights_sitenote_note":"","_monsterinsights_sitenote_category":0},"product_brand":[],"product_cat":[13946,12304],"product_tag":[],"class_list":{"0":"post-747605","1":"product","2":"type-product","3":"status-publish","5":"product_cat-biyografi-otobiyografi","6":"product_cat-tarih","7":"pa_cilt-ciltsiz","8":"pa_tur-kitap","9":"pa_yayinevi-parola-yayinlari","10":"pa_yazar-turan-tektas","12":"first","13":"instock","14":"sale","15":"shipping-taxable","16":"purchasable","17":"product-type-simple"},"_links":{"self":[{"href":"https:\/\/roveyayinevi.com.tr\/index.php\/wp-json\/wp\/v2\/product\/747605","targetHints":{"allow":["GET"]}}],"collection":[{"href":"https:\/\/roveyayinevi.com.tr\/index.php\/wp-json\/wp\/v2\/product"}],"about":[{"href":"https:\/\/roveyayinevi.com.tr\/index.php\/wp-json\/wp\/v2\/types\/product"}],"wp:attachment":[{"href":"https:\/\/roveyayinevi.com.tr\/index.php\/wp-json\/wp\/v2\/media?parent=747605"}],"wp:term":[{"taxonomy":"product_brand","embeddable":true,"href":"https:\/\/roveyayinevi.com.tr\/index.php\/wp-json\/wp\/v2\/product_brand?post=747605"},{"taxonomy":"product_cat","embeddable":true,"href":"https:\/\/roveyayinevi.com.tr\/index.php\/wp-json\/wp\/v2\/product_cat?post=747605"},{"taxonomy":"product_tag","embeddable":true,"href":"https:\/\/roveyayinevi.com.tr\/index.php\/wp-json\/wp\/v2\/product_tag?post=747605"}],"curies":[{"name":"wp","href":"https:\/\/api.w.org\/{rel}","templated":true}]}}