{"id":747602,"date":"2025-08-28T03:10:31","date_gmt":"2025-08-28T00:10:31","guid":{"rendered":"https:\/\/roveyayinevi.com.tr\/index.php\/urun\/mehmet-akif-ersoy-tarihte-iz-birakanlar\/"},"modified":"2026-04-16T03:00:25","modified_gmt":"2026-04-16T00:00:25","slug":"mehmet-akif-ersoy-tarihte-iz-birakanlar","status":"publish","type":"product","link":"https:\/\/roveyayinevi.com.tr\/index.php\/urun\/mehmet-akif-ersoy-tarihte-iz-birakanlar\/","title":{"rendered":"Mehmet Akif Ersoy &#8211; Tarihte \u0130z B\u0131rakanlar"},"content":{"rendered":"<p>Mehmet Akif hem fikir hem de faaliyet adam\u0131yd\u0131. Mehmet Akif\u2019in hayat\u0131 tek d\u00fcze bir hayat de\u011fildi. O bazen Baytar Mektebinde, bazen Ziraat Bakanl\u0131\u011f\u0131nda, bazen Te\u015fkilat-\u0131 Mahsusa\u2019n\u0131n iste\u011fiyle Necid \u00e7\u00f6llerinde, bazen Berlin\u2019de ve Anadolu\u2019nun k\u00f6y, kasaba, il ve il\u00e7elerinde halk\u0131 ayd\u0131nlat\u0131rken g\u00f6r\u00fcl\u00fcr. \u00c7\u00fcnk\u00fc milletin hali ve vatan\u0131n kurtar\u0131lmas\u0131, onun y\u00fcre\u011fini yakan milli onur meselesiydi. Mehmet Akif, seyahatlerinde g\u00f6rd\u00fcklerini, \u00fclkeleri, insan tipolojilerini mizah\u00ee ya da d\u00fc\u015f\u00fcnd\u00fcr\u00fcc\u00fc bir \u00fcslupla okuyucunun \u00f6n\u00fcne sermesi dikkat \u00e7eker. Akif\u2019in bu seyahatleri onun farkl\u0131 memleketler g\u00f6rmesi, farkl\u0131 olaylarla kar\u015f\u0131la\u015fmas\u0131 ve \u00e7ok de\u011fi\u015fik \u015fahsiyetlerle tan\u0131\u015fmas\u0131n\u0131 sa\u011flam\u0131\u015ft\u0131r. Akif\u2019in seyahatlerle dolu hayat\u0131n\u0131n, onun tecr\u00fcbe birikimini art\u0131rd\u0131\u011f\u0131, problemlere ger\u00e7ek\u00e7i \u00e7\u00f6z\u00fcmler \u00fcretmesinde etkili oldu\u011funu d\u00fc\u015f\u00fcnmek m\u00fcmk\u00fcnd\u00fcr.<\/p>\n","protected":false},"excerpt":{"rendered":"<p>Mehmet Akif hem fikir hem de faaliyet adam\u0131yd\u0131. Mehmet Akif\u2019in hayat\u0131 tek d\u00fcze bir hayat de\u011fildi. O bazen Baytar Mektebinde, bazen Ziraat Bakanl\u0131\u011f\u0131nda, bazen Te\u015fkilat-\u0131 Mahsusa\u2019n\u0131n<span class=\"excerpt-hellip\"> [\u2026]<\/span><\/p>\n","protected":false},"featured_media":0,"template":"","meta":{"_monsterinsights_skip_tracking":false,"_monsterinsights_sitenote_active":false,"_monsterinsights_sitenote_note":"","_monsterinsights_sitenote_category":0},"product_brand":[],"product_cat":[13946,12304],"product_tag":[],"class_list":{"0":"post-747602","1":"product","2":"type-product","3":"status-publish","5":"product_cat-biyografi-otobiyografi","6":"product_cat-tarih","7":"pa_cilt-ciltsiz","8":"pa_tur-kitap","9":"pa_yayinevi-parola-yayinlari","10":"pa_yazar-turan-tektas","12":"first","13":"instock","14":"sale","15":"shipping-taxable","16":"purchasable","17":"product-type-simple"},"_links":{"self":[{"href":"https:\/\/roveyayinevi.com.tr\/index.php\/wp-json\/wp\/v2\/product\/747602","targetHints":{"allow":["GET"]}}],"collection":[{"href":"https:\/\/roveyayinevi.com.tr\/index.php\/wp-json\/wp\/v2\/product"}],"about":[{"href":"https:\/\/roveyayinevi.com.tr\/index.php\/wp-json\/wp\/v2\/types\/product"}],"wp:attachment":[{"href":"https:\/\/roveyayinevi.com.tr\/index.php\/wp-json\/wp\/v2\/media?parent=747602"}],"wp:term":[{"taxonomy":"product_brand","embeddable":true,"href":"https:\/\/roveyayinevi.com.tr\/index.php\/wp-json\/wp\/v2\/product_brand?post=747602"},{"taxonomy":"product_cat","embeddable":true,"href":"https:\/\/roveyayinevi.com.tr\/index.php\/wp-json\/wp\/v2\/product_cat?post=747602"},{"taxonomy":"product_tag","embeddable":true,"href":"https:\/\/roveyayinevi.com.tr\/index.php\/wp-json\/wp\/v2\/product_tag?post=747602"}],"curies":[{"name":"wp","href":"https:\/\/api.w.org\/{rel}","templated":true}]}}