{"id":747601,"date":"2025-08-28T03:10:30","date_gmt":"2025-08-28T00:10:30","guid":{"rendered":"https:\/\/roveyayinevi.com.tr\/index.php\/urun\/sabiha-gokcen-tarihte-iz-birakanlar\/"},"modified":"2026-04-16T03:00:25","modified_gmt":"2026-04-16T00:00:25","slug":"sabiha-gokcen-tarihte-iz-birakanlar","status":"publish","type":"product","link":"https:\/\/roveyayinevi.com.tr\/index.php\/urun\/sabiha-gokcen-tarihte-iz-birakanlar\/","title":{"rendered":"Sabiha G\u00f6k\u00e7en &#8211; Tarihte \u0130z B\u0131rakanlar"},"content":{"rendered":"<p>Sabiha G\u00f6k\u00e7en, e\u011fitimini Atat\u00fcrk&#8217;\u00fcn himayesinde g\u00f6rm\u00fc\u015f ve d\u00f6nemin en \u00f6nemli sahalar\u0131ndan birinde T\u00fcrk kad\u0131n\u0131na rol model olmas\u0131 i\u00e7in vazifelendirilmi\u015ftir.Trakya ve Ege Manevralar\u0131na kat\u0131lm\u0131\u015f, Dersim harek\u00e2t\u0131na i\u015ftirak etmi\u015ftir. 30 A\u011fustos 1937\u2019de asker\u00ee u\u00e7u\u015f br\u00f6vesini alm\u0131\u015ft\u0131r.Sabiha G\u00f6k\u00e7en \u00f6l\u00fcm\u00fcne kadar bu mesle\u011fin bir par\u00e7as\u0131 olmu\u015ftur. T\u00fcrk Hava Kurumu y\u00f6netim kurulu \u00fcyesi olarak g\u00f6rev yapm\u0131\u015f, mesleki hayat\u0131nda 22 de\u011fi\u015fik hafif bombard\u0131man u\u00e7a\u011f\u0131 ve akrobatik u\u00e7akla u\u00e7u\u015f yapm\u0131\u015ft\u0131r. D\u00fcnyan\u0131n ilk kad\u0131n sava\u015f pilotudur.<\/p>\n","protected":false},"excerpt":{"rendered":"<p>Sabiha G\u00f6k\u00e7en, e\u011fitimini Atat\u00fcrk&#8217;\u00fcn himayesinde g\u00f6rm\u00fc\u015f ve d\u00f6nemin en \u00f6nemli sahalar\u0131ndan birinde T\u00fcrk kad\u0131n\u0131na rol model olmas\u0131 i\u00e7in vazifelendirilmi\u015ftir.Trakya ve Ege Manevralar\u0131na kat\u0131lm\u0131\u015f, Dersim harek\u00e2t\u0131na i\u015ftirak<span class=\"excerpt-hellip\"> [\u2026]<\/span><\/p>\n","protected":false},"featured_media":0,"template":"","meta":{"_monsterinsights_skip_tracking":false,"_monsterinsights_sitenote_active":false,"_monsterinsights_sitenote_note":"","_monsterinsights_sitenote_category":0},"product_brand":[],"product_cat":[13946,12304],"product_tag":[],"class_list":{"0":"post-747601","1":"product","2":"type-product","3":"status-publish","5":"product_cat-biyografi-otobiyografi","6":"product_cat-tarih","7":"pa_cilt-ciltsiz","8":"pa_tur-kitap","9":"pa_yayinevi-parola-yayinlari","10":"pa_yazar-turan-tektas","12":"first","13":"instock","14":"sale","15":"shipping-taxable","16":"purchasable","17":"product-type-simple"},"_links":{"self":[{"href":"https:\/\/roveyayinevi.com.tr\/index.php\/wp-json\/wp\/v2\/product\/747601","targetHints":{"allow":["GET"]}}],"collection":[{"href":"https:\/\/roveyayinevi.com.tr\/index.php\/wp-json\/wp\/v2\/product"}],"about":[{"href":"https:\/\/roveyayinevi.com.tr\/index.php\/wp-json\/wp\/v2\/types\/product"}],"wp:attachment":[{"href":"https:\/\/roveyayinevi.com.tr\/index.php\/wp-json\/wp\/v2\/media?parent=747601"}],"wp:term":[{"taxonomy":"product_brand","embeddable":true,"href":"https:\/\/roveyayinevi.com.tr\/index.php\/wp-json\/wp\/v2\/product_brand?post=747601"},{"taxonomy":"product_cat","embeddable":true,"href":"https:\/\/roveyayinevi.com.tr\/index.php\/wp-json\/wp\/v2\/product_cat?post=747601"},{"taxonomy":"product_tag","embeddable":true,"href":"https:\/\/roveyayinevi.com.tr\/index.php\/wp-json\/wp\/v2\/product_tag?post=747601"}],"curies":[{"name":"wp","href":"https:\/\/api.w.org\/{rel}","templated":true}]}}