{"id":747596,"date":"2025-08-28T03:10:23","date_gmt":"2025-08-28T00:10:23","guid":{"rendered":"https:\/\/roveyayinevi.com.tr\/index.php\/urun\/sutcu-imam-tarihte-iz-birakanlar\/"},"modified":"2026-04-16T03:00:25","modified_gmt":"2026-04-16T00:00:25","slug":"sutcu-imam-tarihte-iz-birakanlar","status":"publish","type":"product","link":"https:\/\/roveyayinevi.com.tr\/index.php\/urun\/sutcu-imam-tarihte-iz-birakanlar\/","title":{"rendered":"S\u00fct\u00e7\u00fc \u0130mam &#8211; Tarihte \u0130z B\u0131rakanlar"},"content":{"rendered":"<p>Mara\u015f\u2019\u0131n i\u015fgal giri\u015fimi 22 \u015eubat 1919\u2019da \u0130ngiliz i\u015fgal kuvvetlerinin Albay Max Andriyo komutas\u0131nda \u015fehre giri\u015fiyle ba\u015flad\u0131. Mara\u015f, 8 ay s\u00fcren \u0130ngiliz i\u015fgalinden sonra, 29 Ekim 1919\u2019da Frans\u0131zlar taraf\u0131ndan i\u015fgal edildi. Frans\u0131z askerlerinin kente geli\u015fi, yerli Ermeniler taraf\u0131ndan b\u00fcy\u00fck bir co\u015fkuyla kar\u015f\u0131land\u0131. Frans\u0131zlar, yerli Ermenileri de yanlar\u0131na alarak, g\u00f6steriler ve ta\u015fk\u0131nl\u0131klar yapmaya ba\u015flad\u0131.Memleket genelinde topyek\u00fbn bir kurtulu\u015f iradesi ortaya koyulmadan \u00f6nce, Mara\u015f&#8217;ta Frans\u0131z i\u015fgaline kar\u015f\u0131 s\u0131k\u0131lan ilk kur\u015fun, i\u015fgalcilere kar\u015f\u0131 mazlum milletlerin nas\u0131l duraca\u011f\u0131na dair bir ders niteli\u011fi ta\u015f\u0131maktad\u0131r. 31 Ekim 1919 tarihi T\u00fcrk\u2019\u00fcn namusunun kurtuldu\u011fu g\u00fcnd\u00fcr. T\u00fcrk\u2019\u00fcn haysiyeti, onuru ve \u015ferefi 31 Ekim 1919\u2019da S\u00fct\u00e7\u00fc \u0130mam\u2019\u0131n att\u0131\u011f\u0131 bu ilk kur\u015funla kurtuldu. S\u00fct\u00e7\u00fc \u0130mam olay\u0131, Antep, Urfa ve di\u011fer b\u00f6lgelerdeki m\u00fccadele i\u00e7in adeta bir k\u0131v\u0131lc\u0131m oldu.<\/p>\n","protected":false},"excerpt":{"rendered":"<p>Mara\u015f\u2019\u0131n i\u015fgal giri\u015fimi 22 \u015eubat 1919\u2019da \u0130ngiliz i\u015fgal kuvvetlerinin Albay Max Andriyo komutas\u0131nda \u015fehre giri\u015fiyle ba\u015flad\u0131. Mara\u015f, 8 ay s\u00fcren \u0130ngiliz i\u015fgalinden sonra, 29 Ekim 1919\u2019da<span class=\"excerpt-hellip\"> [\u2026]<\/span><\/p>\n","protected":false},"featured_media":0,"template":"","meta":{"_monsterinsights_skip_tracking":false,"_monsterinsights_sitenote_active":false,"_monsterinsights_sitenote_note":"","_monsterinsights_sitenote_category":0},"product_brand":[],"product_cat":[13946,12304],"product_tag":[],"class_list":{"0":"post-747596","1":"product","2":"type-product","3":"status-publish","5":"product_cat-biyografi-otobiyografi","6":"product_cat-tarih","7":"pa_cilt-ciltsiz","8":"pa_tur-kitap","9":"pa_yayinevi-parola-yayinlari","10":"pa_yazar-turan-tektas","12":"first","13":"instock","14":"sale","15":"shipping-taxable","16":"purchasable","17":"product-type-simple"},"_links":{"self":[{"href":"https:\/\/roveyayinevi.com.tr\/index.php\/wp-json\/wp\/v2\/product\/747596","targetHints":{"allow":["GET"]}}],"collection":[{"href":"https:\/\/roveyayinevi.com.tr\/index.php\/wp-json\/wp\/v2\/product"}],"about":[{"href":"https:\/\/roveyayinevi.com.tr\/index.php\/wp-json\/wp\/v2\/types\/product"}],"wp:attachment":[{"href":"https:\/\/roveyayinevi.com.tr\/index.php\/wp-json\/wp\/v2\/media?parent=747596"}],"wp:term":[{"taxonomy":"product_brand","embeddable":true,"href":"https:\/\/roveyayinevi.com.tr\/index.php\/wp-json\/wp\/v2\/product_brand?post=747596"},{"taxonomy":"product_cat","embeddable":true,"href":"https:\/\/roveyayinevi.com.tr\/index.php\/wp-json\/wp\/v2\/product_cat?post=747596"},{"taxonomy":"product_tag","embeddable":true,"href":"https:\/\/roveyayinevi.com.tr\/index.php\/wp-json\/wp\/v2\/product_tag?post=747596"}],"curies":[{"name":"wp","href":"https:\/\/api.w.org\/{rel}","templated":true}]}}