{"id":747511,"date":"2025-08-28T03:08:07","date_gmt":"2025-08-28T00:08:07","guid":{"rendered":"https:\/\/roveyayinevi.com.tr\/index.php\/urun\/immanuel-kant-dusunurler\/"},"modified":"2026-04-16T03:00:22","modified_gmt":"2026-04-16T00:00:22","slug":"immanuel-kant-dusunurler","status":"publish","type":"product","link":"https:\/\/roveyayinevi.com.tr\/index.php\/urun\/immanuel-kant-dusunurler\/","title":{"rendered":"Immanuel Kant -D\u00fc\u015f\u00fcn\u00fcrler"},"content":{"rendered":"<p>Immanuel Kant ya\u015fad\u0131\u011f\u0131 d\u00f6nemde b\u00fcy\u00fck ilgi g\u00f6rm\u00fc\u015f ve ilgi gittik\u00e7e artm\u0131\u015f, hakk\u0131nda \u00e7ok say\u0131da tez yaz\u0131lm\u0131\u015f, kitap yay\u0131nlanm\u0131\u015ft\u0131r. Onun d\u00f6nemi \u201cAyd\u0131nlanma\u201d d\u00f6nemidir. Kendisi de \u201cayd\u0131nlanma\u201d \u00fczerine tezler geli\u015ftirmi\u015ftir. Akl\u0131n ve akl\u0131 kullanman\u0131n \u00f6n planda oldu\u011fu d\u00f6nemde Kant \u201cAkl\u0131n\u0131 kullanma cesaretini g\u00f6ster!\u201d diyerek insanl\u0131\u011fa \u00e7a\u011fr\u0131da bulunmu\u015ftur. Kant Frans\u0131z \u0130htilali\u2019yle birlikte hem cumhuriyet\u00e7i y\u00f6netimlerin artmas\u0131na dair umutlanm\u0131\u015f hem de bu ihtil\u00e2lin kanl\u0131 olmas\u0131ndan dolay\u0131 da devlet ba\u015fkan\u0131na isyan\u0131 do\u011fru bulmam\u0131\u015ft\u0131r.Kant\u2019\u0131n insan haklar\u0131na dair fikirleri \u00e7ok \u00f6nemlidir. Ferdlerin devlet kar\u015f\u0131s\u0131nda e\u015fit olduklar\u0131n\u0131 savunarak soy \u00fcst\u00fcnl\u00fc\u011f\u00fc anlay\u0131\u015f\u0131n\u0131n kar\u015f\u0131s\u0131nda durmu\u015ftur. Adalet, onun i\u00e7in tart\u0131\u015fmas\u0131z kabul edilmesi gereken bir kavramd\u0131r. Ona g\u00f6re; fertler, birbirlerine g\u00f6re e\u015fit olabilmeleri i\u00e7in devlet \u00e7at\u0131s\u0131 alt\u0131nda toplanm\u0131\u015flard\u0131r. Uluslararas\u0131 ili\u015fkiler de t\u0131pk\u0131 insanlar\u0131n devlet \u00e7at\u0131s\u0131 alt\u0131nda toplanmas\u0131 gibi devletlerinde, kendilerinden \u00fcst bir yap\u0131 i\u00e7erisinde toplanmas\u0131 gerekti\u011fini ifade etmi\u015ftir. Immanuel Kant, felsefede yeni \u00e7\u0131\u011f\u0131rlar a\u00e7mas\u0131n\u0131n yan\u0131nda, 1795 y\u0131l\u0131nda yay\u0131mlad\u0131\u011f\u0131 Ebed\u00ee Bar\u0131\u015f \u00dczerine adl\u0131 \u00e7al\u0131\u015fmas\u0131 ile bar\u0131\u015f hakk\u0131nda o zamana kadar ortaya konmu\u015f d\u00fc\u015f\u00fcncelerin seyrini b\u00fcy\u00fck \u00f6l\u00e7\u00fcde etkilemi\u015ftir. Kant ticarete b\u00fcy\u00fck \u00f6nem vermi\u015ftir. Ticaret sayesinde devletler birbirleriyle al\u0131\u015f-veri\u015f edecekler ve b\u00f6ylece ba\u011f kuracaklard\u0131r.<\/p>\n","protected":false},"excerpt":{"rendered":"<p>Immanuel Kant ya\u015fad\u0131\u011f\u0131 d\u00f6nemde b\u00fcy\u00fck ilgi g\u00f6rm\u00fc\u015f ve ilgi gittik\u00e7e artm\u0131\u015f, hakk\u0131nda \u00e7ok say\u0131da tez yaz\u0131lm\u0131\u015f, kitap yay\u0131nlanm\u0131\u015ft\u0131r. Onun d\u00f6nemi \u201cAyd\u0131nlanma\u201d d\u00f6nemidir. Kendisi de \u201cayd\u0131nlanma\u201d \u00fczerine<span class=\"excerpt-hellip\"> [\u2026]<\/span><\/p>\n","protected":false},"featured_media":0,"template":"","meta":{"_monsterinsights_skip_tracking":false,"_monsterinsights_sitenote_active":false,"_monsterinsights_sitenote_note":"","_monsterinsights_sitenote_category":0},"product_brand":[],"product_cat":[14009,12291],"product_tag":[],"class_list":{"0":"post-747511","1":"product","2":"type-product","3":"status-publish","5":"product_cat-biyografi-otobiyografi-edebiyat","6":"product_cat-edebiyat","7":"pa_cilt-ciltsiz","8":"pa_tur-kitap","9":"pa_yayinevi-parola-yayinlari","10":"pa_yazar-ahmet-uzumcuoglu","12":"first","13":"instock","14":"sale","15":"shipping-taxable","16":"purchasable","17":"product-type-simple"},"_links":{"self":[{"href":"https:\/\/roveyayinevi.com.tr\/index.php\/wp-json\/wp\/v2\/product\/747511","targetHints":{"allow":["GET"]}}],"collection":[{"href":"https:\/\/roveyayinevi.com.tr\/index.php\/wp-json\/wp\/v2\/product"}],"about":[{"href":"https:\/\/roveyayinevi.com.tr\/index.php\/wp-json\/wp\/v2\/types\/product"}],"wp:attachment":[{"href":"https:\/\/roveyayinevi.com.tr\/index.php\/wp-json\/wp\/v2\/media?parent=747511"}],"wp:term":[{"taxonomy":"product_brand","embeddable":true,"href":"https:\/\/roveyayinevi.com.tr\/index.php\/wp-json\/wp\/v2\/product_brand?post=747511"},{"taxonomy":"product_cat","embeddable":true,"href":"https:\/\/roveyayinevi.com.tr\/index.php\/wp-json\/wp\/v2\/product_cat?post=747511"},{"taxonomy":"product_tag","embeddable":true,"href":"https:\/\/roveyayinevi.com.tr\/index.php\/wp-json\/wp\/v2\/product_tag?post=747511"}],"curies":[{"name":"wp","href":"https:\/\/api.w.org\/{rel}","templated":true}]}}