{"id":747475,"date":"2025-08-28T03:07:23","date_gmt":"2025-08-28T00:07:23","guid":{"rendered":"https:\/\/roveyayinevi.com.tr\/index.php\/urun\/siyasetin-boyle-sabahlari-da-olabilir\/"},"modified":"2026-04-16T03:00:21","modified_gmt":"2026-04-16T00:00:21","slug":"siyasetin-boyle-sabahlari-da-olabilir","status":"publish","type":"product","link":"https:\/\/roveyayinevi.com.tr\/index.php\/urun\/siyasetin-boyle-sabahlari-da-olabilir\/","title":{"rendered":"Siyasetin B\u00f6yle Sabahlar\u0131 da Olabilir"},"content":{"rendered":"<p>Pandemi, ekonomik kriz ve artan siyasal bask\u0131 kar\u015f\u0131s\u0131nda bizler &#8220;hareketsizlikten&#8221; yak\u0131nadural\u0131m, Alain Badiou, ba\u015fta Sar\u0131 Yelekler hareketi olmak \u00fczere Fransa&#8217;daki yak\u0131n d\u00f6nem \u00f6rneklerine bakarak bu t\u00fcr hareketliliklerin her zaman hayra yorulamayaca\u011f\u0131n\u0131 savunuyor. S\u0131n\u0131fsal \u00e7at\u0131\u015fmada \u00f6nemli ve belirleyici bir taraf haline gelen, g\u00fcn\u00fcm\u00fcz &#8220;demokrasilerinin&#8221; en b\u00fcy\u00fck destek\u00e7isiyken g\u00fcnden g\u00fcne irtifa kaybeden orta s\u0131n\u0131f\u0131n, i\u00e7inde konumland\u0131\u011f\u0131 d\u00fcnyan\u0131n d\u0131\u015f\u0131na \u00e7\u0131kar\u0131lamad\u0131\u011f\u0131 takdirde despotizme \u00e7anak tutan, salt tepkisellikle mal\u00fbl bir irticai s\u00f6ylemin i\u00e7ine s\u0131k\u0131\u015f\u0131p kalaca\u011f\u0131n\u0131 ileri s\u00fcr\u00fcyor. Yeni bir kom\u00fcnizm tahayy\u00fcl\u00fcn\u00fcn gereklili\u011fine i\u015faret eden Badiou, bu tahayy\u00fcl\u00fcn varolu\u015fsal zeminini de Avrupa&#8217;ya tebelle\u015f olan g\u00f6\u00e7menlik ya da kendi deyimiyle g\u00f6\u00e7er proletarya meselesinin yaratabilece\u011fi &#8220;yabanc\u0131l\u0131kta&#8221; ar\u0131yor.Alain Badiou&#8217;nun 2016-2020 aras\u0131nda kaleme ald\u0131\u011f\u0131 yaz\u0131lardan olu\u015fan Siyasetin B\u00f6yle Sabahlar\u0131 da Olabilir&#8217;in, farkl\u0131 ba\u015fl\u0131klar alt\u0131nda \u00e7e\u015fitli kavramlar\u0131n irdelendi\u011fi ilk k\u0131sm\u0131nda filozofun d\u00fcnyan\u0131n gidi\u015fat\u0131na nereden bakt\u0131\u011f\u0131n\u0131 ortaya koyan teorik bir \u00e7er\u00e7eve \u00e7izilirken, ikinci k\u0131sm\u0131nda g\u00fcncel yak\u0131c\u0131 problemleri yine bu \u00e7er\u00e7evede, gelecek ufkunu hi\u00e7 kaybetmeden sorgulayabilece\u011fimiz bir tart\u0131\u015fma d\u00fczlemi sunuluyor.<\/p>\n","protected":false},"excerpt":{"rendered":"<p>Pandemi, ekonomik kriz ve artan siyasal bask\u0131 kar\u015f\u0131s\u0131nda bizler &#8220;hareketsizlikten&#8221; yak\u0131nadural\u0131m, Alain Badiou, ba\u015fta Sar\u0131 Yelekler hareketi olmak \u00fczere Fransa&#8217;daki yak\u0131n d\u00f6nem \u00f6rneklerine bakarak bu t\u00fcr<span class=\"excerpt-hellip\"> [\u2026]<\/span><\/p>\n","protected":false},"featured_media":0,"template":"","meta":{"_monsterinsights_skip_tracking":false,"_monsterinsights_sitenote_active":false,"_monsterinsights_sitenote_note":"","_monsterinsights_sitenote_category":0},"product_brand":[],"product_cat":[13059,12337],"product_tag":[],"class_list":{"0":"post-747475","1":"product","2":"type-product","3":"status-publish","5":"product_cat-diger-politika-siyaset","6":"product_cat-politika-siyaset","7":"pa_cilt-ciltsiz","8":"pa_tur-kitap","9":"pa_yayinevi-sel-yayincilik","10":"pa_yazar-alain-badiou","12":"first","13":"instock","14":"sale","15":"shipping-taxable","16":"purchasable","17":"product-type-simple"},"_links":{"self":[{"href":"https:\/\/roveyayinevi.com.tr\/index.php\/wp-json\/wp\/v2\/product\/747475","targetHints":{"allow":["GET"]}}],"collection":[{"href":"https:\/\/roveyayinevi.com.tr\/index.php\/wp-json\/wp\/v2\/product"}],"about":[{"href":"https:\/\/roveyayinevi.com.tr\/index.php\/wp-json\/wp\/v2\/types\/product"}],"wp:attachment":[{"href":"https:\/\/roveyayinevi.com.tr\/index.php\/wp-json\/wp\/v2\/media?parent=747475"}],"wp:term":[{"taxonomy":"product_brand","embeddable":true,"href":"https:\/\/roveyayinevi.com.tr\/index.php\/wp-json\/wp\/v2\/product_brand?post=747475"},{"taxonomy":"product_cat","embeddable":true,"href":"https:\/\/roveyayinevi.com.tr\/index.php\/wp-json\/wp\/v2\/product_cat?post=747475"},{"taxonomy":"product_tag","embeddable":true,"href":"https:\/\/roveyayinevi.com.tr\/index.php\/wp-json\/wp\/v2\/product_tag?post=747475"}],"curies":[{"name":"wp","href":"https:\/\/api.w.org\/{rel}","templated":true}]}}