{"id":747276,"date":"2025-08-28T03:02:47","date_gmt":"2025-08-28T00:02:47","guid":{"rendered":"https:\/\/roveyayinevi.com.tr\/index.php\/urun\/geometrinin-kokeni\/"},"modified":"2026-04-16T02:59:55","modified_gmt":"2026-04-15T23:59:55","slug":"geometrinin-kokeni","status":"publish","type":"product","link":"https:\/\/roveyayinevi.com.tr\/index.php\/urun\/geometrinin-kokeni\/","title":{"rendered":"Geometrinin K\u00f6keni"},"content":{"rendered":"<p>Fenomenolojinin kurucusu Edmund Husserl, 1936 y\u0131l\u0131nda ba\u015fl\u0131ks\u0131z k\u0131sa bir metin kaleme al\u0131r, bu el yazmas\u0131 Eugen Fink taraf\u0131ndan Geometrinin K\u00f6keni ba\u015fl\u0131\u011f\u0131yla 1939 y\u0131l\u0131nda yay\u0131nlan\u0131r. Husserl geometrinin k\u00f6kenini ele al\u0131yor gibi g\u00f6r\u00fcnse de asl\u0131nda bir bilimin esas anlam\u0131n\u0131 ve hem ortaya \u00e7\u0131k\u0131\u015f\u0131n\u0131n hem de gelene\u011finin transandantal ko\u015fullar\u0131n\u0131 inceler. \u00c7a\u011fda\u015f Frans\u0131z felsefesinin s\u0131ra d\u0131\u015f\u0131 isimlerinden Jacques Derrida ise bu k\u0131sa metni al\u0131r, di\u011fer n\u00fcshalarla kar\u015f\u0131la\u015ft\u0131r\u0131r ve ayr\u0131nt\u0131l\u0131 bir \u201c\u00d6ns\u00f6z\u201d yazar, ki bu kitab\u0131n ortaya \u00e7\u0131kmas\u0131na vesile olan da zaten bu \u201c\u00d6ns\u00f6z\u201dd\u00fcr. Derrida\u2019n\u0131n amac\u0131, devasa sorunlarla ilgilenen ama gayet k\u0131sa olan Husserl\u2019in bu k\u0131sa ve yo\u011fun metnini anla\u015f\u0131l\u0131r k\u0131lmakt\u0131r. Derrida, bir yandan Husserl\u2019in tarihsel ara\u015ft\u0131rma y\u00f6nteminden yola \u00e7\u0131kar, di\u011fer yandan ise fenomenolojinin yap\u0131s\u00f6k\u00fcmc\u00fc ele\u015ftirisini a\u015famal\u0131 bi\u00e7imde ortaya koyar. Husserl\u2019in metniyle birlikte Derrida\u2019n\u0131n bu \u201c\u00d6ns\u00f6z\u201d\u00fc, sadece filozoflar\u0131 de\u011fil, ba\u015fta antropologlar ve matematik\u00e7iler olmak \u00fczere \u00e7e\u015fitli temel bilimlerden bir\u00e7ok ara\u015ft\u0131rmac\u0131n\u0131n ilgisini \u00e7ekmeye devam etmektedir.<\/p>\n","protected":false},"excerpt":{"rendered":"<p>Fenomenolojinin kurucusu Edmund Husserl, 1936 y\u0131l\u0131nda ba\u015fl\u0131ks\u0131z k\u0131sa bir metin kaleme al\u0131r, bu el yazmas\u0131 Eugen Fink taraf\u0131ndan Geometrinin K\u00f6keni ba\u015fl\u0131\u011f\u0131yla 1939 y\u0131l\u0131nda yay\u0131nlan\u0131r. Husserl geometrinin<span class=\"excerpt-hellip\"> [\u2026]<\/span><\/p>\n","protected":false},"featured_media":0,"template":"","meta":{"_monsterinsights_skip_tracking":false,"_monsterinsights_sitenote_active":false,"_monsterinsights_sitenote_note":"","_monsterinsights_sitenote_category":0},"product_brand":[],"product_cat":[13005,15998],"product_tag":[],"class_list":{"0":"post-747276","1":"product","2":"type-product","3":"status-publish","5":"product_cat-bilim-muhendislik","6":"product_cat-bilim-tarihi","7":"pa_cilt-ciltsiz","8":"pa_tur-kitap","9":"pa_yayinevi-albaraka-yayinlari","10":"pa_yazar-edmund-husserl","12":"first","13":"instock","14":"sale","15":"shipping-taxable","16":"purchasable","17":"product-type-simple"},"_links":{"self":[{"href":"https:\/\/roveyayinevi.com.tr\/index.php\/wp-json\/wp\/v2\/product\/747276","targetHints":{"allow":["GET"]}}],"collection":[{"href":"https:\/\/roveyayinevi.com.tr\/index.php\/wp-json\/wp\/v2\/product"}],"about":[{"href":"https:\/\/roveyayinevi.com.tr\/index.php\/wp-json\/wp\/v2\/types\/product"}],"wp:attachment":[{"href":"https:\/\/roveyayinevi.com.tr\/index.php\/wp-json\/wp\/v2\/media?parent=747276"}],"wp:term":[{"taxonomy":"product_brand","embeddable":true,"href":"https:\/\/roveyayinevi.com.tr\/index.php\/wp-json\/wp\/v2\/product_brand?post=747276"},{"taxonomy":"product_cat","embeddable":true,"href":"https:\/\/roveyayinevi.com.tr\/index.php\/wp-json\/wp\/v2\/product_cat?post=747276"},{"taxonomy":"product_tag","embeddable":true,"href":"https:\/\/roveyayinevi.com.tr\/index.php\/wp-json\/wp\/v2\/product_tag?post=747276"}],"curies":[{"name":"wp","href":"https:\/\/api.w.org\/{rel}","templated":true}]}}